{"version":"1.0","provider_name":"Stuttgarti Katolikusok","provider_url":"https:\/\/stuttgarti-katolikusok.de","title":"Az \u00e9n H\u00fasv\u00e9tom ! - Stuttgarti Katolikusok","type":"rich","width":600,"height":338,"html":"<blockquote class=\"wp-embedded-content\" data-secret=\"WtdOOoaaoW\"><a href=\"https:\/\/stuttgarti-katolikusok.de\/index.php\/az-en-husvetom\/\">Az \u00e9n H\u00fasv\u00e9tom !<\/a><\/blockquote><iframe sandbox=\"allow-scripts\" security=\"restricted\" src=\"https:\/\/stuttgarti-katolikusok.de\/index.php\/az-en-husvetom\/embed\/#?secret=WtdOOoaaoW\" width=\"600\" height=\"338\" title=\"&#8220;Az \u00e9n H\u00fasv\u00e9tom !&#8221; &#8212; Stuttgarti Katolikusok\" data-secret=\"WtdOOoaaoW\" frameborder=\"0\" marginwidth=\"0\" marginheight=\"0\" scrolling=\"no\" class=\"wp-embedded-content\"><\/iframe><script type=\"text\/javascript\">\n\/* <![CDATA[ *\/\n\/*! This file is auto-generated *\/\n!function(d,l){\"use strict\";l.querySelector&&d.addEventListener&&\"undefined\"!=typeof URL&&(d.wp=d.wp||{},d.wp.receiveEmbedMessage||(d.wp.receiveEmbedMessage=function(e){var t=e.data;if((t||t.secret||t.message||t.value)&&!\/[^a-zA-Z0-9]\/.test(t.secret)){for(var s,r,n,a=l.querySelectorAll('iframe[data-secret=\"'+t.secret+'\"]'),o=l.querySelectorAll('blockquote[data-secret=\"'+t.secret+'\"]'),c=new RegExp(\"^https?:$\",\"i\"),i=0;i<o.length;i++)o[i].style.display=\"none\";for(i=0;i<a.length;i++)s=a[i],e.source===s.contentWindow&&(s.removeAttribute(\"style\"),\"height\"===t.message?(1e3<(r=parseInt(t.value,10))?r=1e3:~~r<200&&(r=200),s.height=r):\"link\"===t.message&&(r=new URL(s.getAttribute(\"src\")),n=new URL(t.value),c.test(n.protocol))&&n.host===r.host&&l.activeElement===s&&(d.top.location.href=t.value))}},d.addEventListener(\"message\",d.wp.receiveEmbedMessage,!1),l.addEventListener(\"DOMContentLoaded\",function(){for(var e,t,s=l.querySelectorAll(\"iframe.wp-embedded-content\"),r=0;r<s.length;r++)(t=(e=s[r]).getAttribute(\"data-secret\"))||(t=Math.random().toString(36).substring(2,12),e.src+=\"#?secret=\"+t,e.setAttribute(\"data-secret\",t)),e.contentWindow.postMessage({message:\"ready\",secret:t},\"*\")},!1)))}(window,document);\n\/\/# sourceURL=https:\/\/stuttgarti-katolikusok.de\/wp-includes\/js\/wp-embed.min.js\n\/* ]]> *\/\n<\/script>\n","thumbnail_url":"https:\/\/stuttgarti-katolikusok.de\/wp-content\/uploads\/2020\/04\/kapolna1.jpeg","thumbnail_width":1600,"thumbnail_height":1200,"description":"Tegnap, azaz vas\u00e1rnap, Merk Csaba &#8211; Franz 57. sz\u00fclet\u00e9snapj\u00e1t \u00fcnnepelte.\u00a0 Sz\u0171k k\u00f6rben, ahogyan erre a mai k\u00f6r\u00fclm\u00e9nyek k\u00f6zt lehet\u0151s\u00e9g van, \u00f6sszegy\u0171lt\u00fcnk, hogy h\u00e1laad\u00f3 szentmise keret\u00e9ben mondjunk k\u00f6sz\u00f6netet a j\u00f3 Istennek. \u00cdgy is meghitt \u00e9s csal\u00e1dias l\u00e9gk\u00f6rben voltunk egy\u00fctt. Felemel\u0151 \u00e9rz\u00e9s volt! Csaba, szok\u00e1s\u00e1hoz h\u00edven, n\u00e9h\u00e1ny gondolattal is k\u00e9sz\u00fclt. Ezekben a gondolatokban benne van az \u0151 idei H\u00fasv\u00e9tja, s\u0151t ann\u00e1l t\u00f6bb is. S hogy jobban meg\u00e9rts\u00fck gondolatait, annyit szeretn\u00e9k el\u0151re bocs\u00e1tani, j\u00f3 h\u00f3nappal ezel\u0151tt h\u00e1zat vett, s annak fel\u00faj\u00edt\u00e1s\u00e1hoz is hozz\u00e1l\u00e1tott. Rokonok, bar\u00e1tok seg\u00edt\u00fcnk, ahogyan tudunk, amikor arra id\u0151nk van. Fogadj\u00e1tok szeretettel gondolatait: Csal\u00e1di szentmise Amennyiben 57 \u00e9v t\u00e1vlat\u00e1b\u00f3l visszatekintek az elm\u00falt \u00e9vekre, akkor nagyon sok \u00e9lm\u00e9ny, sz\u00e9p \u00e9s neh\u00e9z pillanatok sokas\u00e1ga t\u00e1rul el\u00e9m. Mindezt nagyon neh\u00e9z, s\u0151t lehetetlen n\u00e9h\u00e1ny mondatban \u00f6sszefoglani. Egy azonban nyilv\u00e1nval\u00f3; &#8211; az \u00e9n \u00e9letem k\u00e9t fontos szakaszra oszlik. Az els\u0151 26 \u00e9v az \u0151shaz\u00e1ban, Erd\u00e9lyben zajlik \u00e9s az azt k\u00f6vet\u0151 31 \u00e9v pedig az \u00faj haz\u00e1ban, N\u00e9metorsz\u00e1gban. Nem csak korban \u00e9s \u00e9letkivitelben, hanem szellemi \u00e9s lelki fejl\u0151d\u00e9semben is e k\u00e9t \u00e9letszakasz gy\u00f6keresen k\u00fcl\u00f6nb\u00f6zik egym\u00e1st\u00f3l. Itt \u00e9s most azonban nem szeretn\u00e9k r\u00e9szletekbe bocs\u00e1tkozni. A minap azt olvastam, a sikerhez n\u00e9gy dolog kell, n\u00e9gy dologra van sz\u00fcks\u00e9g: Te, C\u00e9lod, Mi\u00e9rt-ed \u00e9s Kitart\u00e1sod. Mind a n\u00e9gy kiz\u00e1r\u00f3lag r\u00f3lad sz\u00f3l. Tal\u00e1n \u00e9ppen ez\u00e9rt, az \u00e9n v\u00e9lem\u00e9nyem az, hogy a sikerhez hossz\u00fat\u00e1von csak 3 dolog sz\u00fcks\u00e9ges: Te, a J\u00f3isten, \u00a0a csal\u00e1dod, bar\u00e1taid. Vagyis arr\u00f3l a sz\u0171k k\u00f6rr\u0151l van sz\u00f3 akik ismernek, b\u00e1tor\u00edtanak, meghallgatnak,\u00a0 k\u00f6r\u00fcl vesznek,\u00a0 szeretnek,\u00a0 biztatnak \u00e9s seg\u00edtenek. Az emberek nagy r\u00e9sze abban a t\u00e9ves hitben \u00e9l, hogy a csal\u00e1d a v\u00e9rrokons\u00e1gr\u00f3l sz\u00f3l. Felteszem a k\u00e9rd\u00e9st, mi van a f\u00e9rjekkel, feles\u00e9gekkel akik nem v\u00e9rrokonok&#8230;? Szerintem az igazi csal\u00e1d az ett\u0151l sokkal t\u00f6bb. A csal\u00e1dot m\u00e1r gyerekkorban \u00fagy tapasztalod meg, hogy nem csak \u00e9telt, italt, meleg \u00e1gyat kapsz, hanem v\u00e9gtelen sok szeretetet, gy\u00f6ng\u00e9ds\u00e9get, meg\u00e9rt\u00e9st \u00e9s m\u00e9g sorolhatn\u00e1m. S ami l\u00e9nyeges, hogy... R\u00e9szletek"}