{"version":"1.0","provider_name":"Stuttgarti Katolikusok","provider_url":"https:\/\/stuttgarti-katolikusok.de","title":"Az \u00e9desap\u00e1kat k\u00f6sz\u00f6nt\u00f6tt\u00fck Heidenheimban - Stuttgarti Katolikusok","type":"rich","width":600,"height":338,"html":"<blockquote class=\"wp-embedded-content\" data-secret=\"952qx5TcyT\"><a href=\"https:\/\/stuttgarti-katolikusok.de\/index.php\/az-edesapakat-koszontottuk-heidenheimban\/\">Az \u00e9desap\u00e1kat k\u00f6sz\u00f6nt\u00f6tt\u00fck Heidenheimban<\/a><\/blockquote><iframe sandbox=\"allow-scripts\" security=\"restricted\" src=\"https:\/\/stuttgarti-katolikusok.de\/index.php\/az-edesapakat-koszontottuk-heidenheimban\/embed\/#?secret=952qx5TcyT\" width=\"600\" height=\"338\" title=\"&#8220;Az \u00e9desap\u00e1kat k\u00f6sz\u00f6nt\u00f6tt\u00fck Heidenheimban&#8221; &#8212; Stuttgarti Katolikusok\" data-secret=\"952qx5TcyT\" frameborder=\"0\" marginwidth=\"0\" marginheight=\"0\" scrolling=\"no\" class=\"wp-embedded-content\"><\/iframe><script type=\"text\/javascript\">\n\/* <![CDATA[ *\/\n\/*! This file is auto-generated *\/\n!function(d,l){\"use strict\";l.querySelector&&d.addEventListener&&\"undefined\"!=typeof URL&&(d.wp=d.wp||{},d.wp.receiveEmbedMessage||(d.wp.receiveEmbedMessage=function(e){var t=e.data;if((t||t.secret||t.message||t.value)&&!\/[^a-zA-Z0-9]\/.test(t.secret)){for(var s,r,n,a=l.querySelectorAll('iframe[data-secret=\"'+t.secret+'\"]'),o=l.querySelectorAll('blockquote[data-secret=\"'+t.secret+'\"]'),c=new RegExp(\"^https?:$\",\"i\"),i=0;i<o.length;i++)o[i].style.display=\"none\";for(i=0;i<a.length;i++)s=a[i],e.source===s.contentWindow&&(s.removeAttribute(\"style\"),\"height\"===t.message?(1e3<(r=parseInt(t.value,10))?r=1e3:~~r<200&&(r=200),s.height=r):\"link\"===t.message&&(r=new URL(s.getAttribute(\"src\")),n=new URL(t.value),c.test(n.protocol))&&n.host===r.host&&l.activeElement===s&&(d.top.location.href=t.value))}},d.addEventListener(\"message\",d.wp.receiveEmbedMessage,!1),l.addEventListener(\"DOMContentLoaded\",function(){for(var e,t,s=l.querySelectorAll(\"iframe.wp-embedded-content\"),r=0;r<s.length;r++)(t=(e=s[r]).getAttribute(\"data-secret\"))||(t=Math.random().toString(36).substring(2,12),e.src+=\"#?secret=\"+t,e.setAttribute(\"data-secret\",t)),e.contentWindow.postMessage({message:\"ready\",secret:t},\"*\")},!1)))}(window,document);\n\/\/# sourceURL=https:\/\/stuttgarti-katolikusok.de\/wp-includes\/js\/wp-embed.min.js\n\/* ]]> *\/\n<\/script>\n","thumbnail_url":"https:\/\/stuttgarti-katolikusok.de\/wp-content\/uploads\/2021\/03\/nyitokep.jpg","thumbnail_width":1387,"thumbnail_height":640,"description":"Szombaton eml\u00e9kezt\u00fcnk meg k\u00f6z\u00f6ss\u00e9g\u00fcnkben Szent J\u00f3zsefr\u0151l, a Biblia csendes h\u00e1tt\u00e9rember\u00e9r\u0151l, a h\u00e9tk\u00f6znapok h\u0151s\u00e9r\u0151l. Mivel a katolikus egyh\u00e1z az ap\u00e1k napj\u00e1t hagyom\u00e1nyosan Szent J\u00f3zsef napj\u00e1n, m\u00e1rcius 19-\u00e9n tartja, ez\u00e9rt tegnap mi is k\u00f6sz\u00f6nt\u00f6tt\u00fck az \u00e9desap\u00e1kat, akik a csal\u00e1d fontos szerepl\u0151i. Tibor atya is elmondta a mis\u00e9n, hogy egy gyermek sz\u00e1m\u00e1ra nagyon fontos egy csal\u00e1dban a minta, amit a sz\u00fcleit\u0151l tanul. Az \u00e9desanyai sz\u00edv titka a gy\u00f6ng\u00e9ds\u00e9g, a szeretet, az \u00e1lland\u00f3 jelenl\u00e9t \u00e9s az agg\u00f3d\u00e1s. Az atyai sz\u00edvt\u0151l a biztons\u00e1got v\u00e1rjuk, a bizalmat, amelynek seg\u00edts\u00e9g\u00e9vel el tudunk indulni az \u00e9letben. J\u00f3zsefr\u0151l nagyon sz\u0171kszav\u00faan mes\u00e9l a Biblia. De \u0151 tudja hol a helye, mi a feladata \u00e9s amikor kell, cselekszik. Azt is mondhatjuk, hogy \u0151 a h\u00e9tk\u00f6znapok nagy h\u0151se. A vil\u00e1gunkban sok ilyen h\u00e9tk\u00f6znapi, csendes h\u0151s \u00e9l. Ezek pedig azok az \u00e9desap\u00e1k, akiknek az \u00e9lete ugyan nem l\u00e1tv\u00e1nyos, de ott van \u00e9let\u00fckben a kitart\u00e1s \u00e9s a h\u0171s\u00e9g, amellyel nap mint nap v\u00e1llalj\u00e1k feladataikat. J\u00f3zsef az \u00e9let\u00e9ben sok mindent nem \u00e9rtett, de hitt az angyalnak, amikor azt mondta \u201cne f\u00e9lj feles\u00e9g\u00fcl venni M\u00e1ri\u00e1t\u201d, \u00e9s hallgat r\u00e1 akkor is, amikor menek\u00fclni kell. Tibor atya k\u00fcl\u00f6n\u00f6sen az \u00e9desap\u00e1kat sz\u00f3l\u00edtott meg hasonl\u00f3k\u00e9ppen. Ne f\u00e9ljetek! Mert a hit \u00e9rtelmet ad minden boldog \u00e9s szomor\u00fa esem\u00e9nyn\u00e9l. Ha \u00e9let\u00fcnkben \u00e9ppen neh\u00e9z id\u0151szak van, \u00e9s komolyan vessz\u00fck azt a biztat\u00e1st hogy \u201cne f\u00e9ljetek\u201d, akkor higgy\u00fck el, hogy a J\u00f3isten majd k\u00fcld valakit, aki meger\u0151s\u00edt minket \u00e9s utat t\u00f6r nek\u00fcnk. A szentmise keret\u00e9ben Tibor atya kiszolg\u00e1ltatta a betegek szents\u00e9g\u00e9t azoknak, akik k\u00e9rt\u00e9k, majd ezut\u00e1n k\u00f6vetkezett az \u00e9desap\u00e1k meg\u00e1ld\u00e1sa, akik egy eml\u00e9klapot is kaptak. A szentmise z\u00e1r\u00e1sak\u00e9nt ker\u00fclt sor egy r\u00f6vid \u00fcnnepi m\u0171sorra, amelyben Major Andr\u00e1s felolvasta Rem\u00e9nyik S\u00e1ndor egy nagyon sz\u00e9p vers\u00e9t (J\u00f3zsef, az \u00e1cs, Istennel besz\u00e9l) majd M\u00e9sz\u00e1ros Korn\u00e9lt\u00f3l Bar\u00e1th Gabriella vers\u00e9t hallhattuk (Ap\u00e1k napj\u00e1ra). Ezut\u00e1n T\u00f3th Zsolt nagyszer\u0171 el\u0151ad\u00e1s\u00e1ban Aranyosi Ervin Ap\u00e1nak lenni c\u00edm\u0171 verse k\u00f6vetkezett, v\u00e9gezet\u00fcl pedig Zsolt kisl\u00e1nya,... R\u00e9szletek"}