{"version":"1.0","provider_name":"Stuttgarti Katolikusok","provider_url":"https:\/\/stuttgarti-katolikusok.de","title":"\u00c1rny\u00e9kaink... - Stuttgarti Katolikusok","type":"rich","width":600,"height":338,"html":"<blockquote class=\"wp-embedded-content\" data-secret=\"6B75ID0ogk\"><a href=\"https:\/\/stuttgarti-katolikusok.de\/index.php\/arnyekaink-2\/\">\u00c1rny\u00e9kaink&#8230;<\/a><\/blockquote><iframe sandbox=\"allow-scripts\" security=\"restricted\" src=\"https:\/\/stuttgarti-katolikusok.de\/index.php\/arnyekaink-2\/embed\/#?secret=6B75ID0ogk\" width=\"600\" height=\"338\" title=\"&#8220;\u00c1rny\u00e9kaink&#8230;&#8221; &#8212; Stuttgarti Katolikusok\" data-secret=\"6B75ID0ogk\" frameborder=\"0\" marginwidth=\"0\" marginheight=\"0\" scrolling=\"no\" class=\"wp-embedded-content\"><\/iframe><script type=\"text\/javascript\">\n\/* <![CDATA[ *\/\n\/*! This file is auto-generated *\/\n!function(d,l){\"use strict\";l.querySelector&&d.addEventListener&&\"undefined\"!=typeof URL&&(d.wp=d.wp||{},d.wp.receiveEmbedMessage||(d.wp.receiveEmbedMessage=function(e){var t=e.data;if((t||t.secret||t.message||t.value)&&!\/[^a-zA-Z0-9]\/.test(t.secret)){for(var s,r,n,a=l.querySelectorAll('iframe[data-secret=\"'+t.secret+'\"]'),o=l.querySelectorAll('blockquote[data-secret=\"'+t.secret+'\"]'),c=new RegExp(\"^https?:$\",\"i\"),i=0;i<o.length;i++)o[i].style.display=\"none\";for(i=0;i<a.length;i++)s=a[i],e.source===s.contentWindow&&(s.removeAttribute(\"style\"),\"height\"===t.message?(1e3<(r=parseInt(t.value,10))?r=1e3:~~r<200&&(r=200),s.height=r):\"link\"===t.message&&(r=new URL(s.getAttribute(\"src\")),n=new URL(t.value),c.test(n.protocol))&&n.host===r.host&&l.activeElement===s&&(d.top.location.href=t.value))}},d.addEventListener(\"message\",d.wp.receiveEmbedMessage,!1),l.addEventListener(\"DOMContentLoaded\",function(){for(var e,t,s=l.querySelectorAll(\"iframe.wp-embedded-content\"),r=0;r<s.length;r++)(t=(e=s[r]).getAttribute(\"data-secret\"))||(t=Math.random().toString(36).substring(2,12),e.src+=\"#?secret=\"+t,e.setAttribute(\"data-secret\",t)),e.contentWindow.postMessage({message:\"ready\",secret:t},\"*\")},!1)))}(window,document);\n\/\/# sourceURL=https:\/\/stuttgarti-katolikusok.de\/wp-includes\/js\/wp-embed.min.js\n\/* ]]> *\/\n<\/script>\n","description":"Amikor megl\u00e1ttalak, szemmel l\u00e1that\u00f3an b\u00e1ntott valami&#8230; Azt\u00e1n sebt\u00e9ben elmondtad, hogy szomor\u00fa vagy, mert valamit elrontott\u00e1l, valamit elhib\u00e1zt\u00e1l&#8230; Nem volt ugyan f\u0151benj\u00e1r\u00f3 dolog, de k\u00f6vetkezm\u00e9nyei csak rontottak jelenlegi helyzeteden&#8230; \u00c9reztem, hogy most \u00e9n sem tudok seg\u00edteni rajtad. Mondtam ugyan, hogy: van \u00edgy az ember. Meg azt is, hogy: hozz\u00e1tartozik haland\u00f3 voltunkhoz, hogy n\u00e9ha, ha j\u00f3t is akarunk tenni, rossz sz\u00fcletik bel\u0151le&#8230; De l\u00e1ttam, hogy \u0151szint\u00e9n b\u00e1nt az \u201e\u00e1rny\u00e9kod\u201d. \u00c9s akkor ment\u0151 gondolatom t\u00e1madt&#8230; Minden embernek van \u00e1rny\u00e9ka! Kinek kisebb, kinek nagyobb&#8230; Kinek felt\u0171n\u0151bb, kinek rejtettebb&#8230; Vannak olyan emberek, akik \u00fagy akarnak \u00e1rny\u00e9kukt\u00f3l megszabadulni, hogy tagadj\u00e1k azt. M\u00e1sok\u00e9ra ujjal mutogatnak, a maguk\u00e9t azonban makacsul c\u00e1folj\u00e1k&#8230; Vannak emberek, akik folyton menek\u00fclnek el\u0151le. Sokszor egy eg\u00e9sz \u00e9leten kereszt\u00fcl. Addig futnak, am\u00edg bele nem f\u00e1radnak, \u00e9s csak nagyk\u00e9s\u0151n veszik \u00e9szre, hogy nem tudnak megszabadulni \u00e1rny\u00e9kukt\u00f3l&#8230; Vannak azt\u00e1n olyanok is, akiknek van annyi b\u00e1tors\u00e1guk, hogy egy\u00fctt \u00e9ljenek az \u00e1rny\u00e9kukkal&#8230; Van benn\u00fck annyi al\u00e1zat, hogy elfogadj\u00e1k azt, \u00e1lljanak hozz\u00e1, mindegy, hogy milyen nagy \u00e9s milyen s\u00f6t\u00e9t&#8230; Ezek az emberek ez\u00e1ltal lesznek \u2013 emberibbek. Ezek az emberek ez\u00e1ltal lesznek \u2013 megbocs\u00e1t\u00f3k. Ezek az emberek megtanult\u00e1k, hogy saj\u00e1t maguk \u2013 \u00e9s m\u00e1sok \u00e1rny\u00e9k\u00e1val irgalmasabban b\u00e1njanak, hisz az hozz\u00e1tartozik embervoltunkhoz&#8230; V\u00e9g\u00fcl vannak olyanok, akik \u00e1rny\u00e9kukkal Krisztus keresztj\u00e9nek \u00e1rny\u00e9k\u00e1ba \u00e1llnak. Ezek boldogabban \u00e9lnek, mert \u00e9rzik, hogy Valaki megszabad\u00edtotta \u0151ket az \u00e1rny\u00e9kukt\u00f3l&#8230; Ezek minden \u00e1rny\u00e9kuk ellen\u00e9re der\u0171sebbek, mert tudj\u00e1k, Valaki \u2013 ha k\u00e9rik \u2013 megbocs\u00e1tja hib\u00e1ikat, v\u00e9tkeiket \u00e9s b\u0171neiket&#8230; Ezek mindig \u00fajrakezdik, k\u00e9pesek arra, hogy fel\u00e1lljanak, mert hisznek abban: Valaki \u2013 ha k\u00e9rik \u2013 v\u00e1ll\u00e1ra veszi \u0151ket&#8230; \u00c9n is ilyen ember akarok tenni&#8230; Holnap, nem: m\u00e9g ma, a nagyb\u00f6jt kezdet\u00e9n szeretn\u00e9k a Kereszt al\u00e1 \u00e1llni, \u00e9s ott sokakkal tal\u00e1lkozni! Veled is! J\u00f6jj h\u00e1t Te is! J\u00f6jjetek h\u00e1t Ti is! Ezt k\u00edv\u00e1nja szeretettel minden H\u00edv\u00e9nek \u00e9s Olvas\u00f3j\u00e1nak, Imre atya Stuttgart, 2016. Nagyb\u00f6jt I. vas\u00e1rnapj\u00e1n"}