{"version":"1.0","provider_name":"Stuttgarti Katolikusok","provider_url":"https:\/\/stuttgarti-katolikusok.de","title":"Any\u00e1k napi \u00fcnneps\u00e9g 2023. m\u00e1jus 5-\u00e9n - Stuttgarti Katolikusok","type":"rich","width":600,"height":338,"html":"<blockquote class=\"wp-embedded-content\" data-secret=\"G96zK8gQJl\"><a href=\"https:\/\/stuttgarti-katolikusok.de\/index.php\/anyak-napi-unnepseg-2023-majus-5-en\/\">Any\u00e1k napi \u00fcnneps\u00e9g 2023. m\u00e1jus 5-\u00e9n<\/a><\/blockquote><iframe sandbox=\"allow-scripts\" security=\"restricted\" src=\"https:\/\/stuttgarti-katolikusok.de\/index.php\/anyak-napi-unnepseg-2023-majus-5-en\/embed\/#?secret=G96zK8gQJl\" width=\"600\" height=\"338\" title=\"&#8220;Any\u00e1k napi \u00fcnneps\u00e9g 2023. m\u00e1jus 5-\u00e9n&#8221; &#8212; Stuttgarti Katolikusok\" data-secret=\"G96zK8gQJl\" frameborder=\"0\" marginwidth=\"0\" marginheight=\"0\" scrolling=\"no\" class=\"wp-embedded-content\"><\/iframe><script type=\"text\/javascript\">\n\/* <![CDATA[ *\/\n\/*! This file is auto-generated *\/\n!function(d,l){\"use strict\";l.querySelector&&d.addEventListener&&\"undefined\"!=typeof URL&&(d.wp=d.wp||{},d.wp.receiveEmbedMessage||(d.wp.receiveEmbedMessage=function(e){var t=e.data;if((t||t.secret||t.message||t.value)&&!\/[^a-zA-Z0-9]\/.test(t.secret)){for(var s,r,n,a=l.querySelectorAll('iframe[data-secret=\"'+t.secret+'\"]'),o=l.querySelectorAll('blockquote[data-secret=\"'+t.secret+'\"]'),c=new RegExp(\"^https?:$\",\"i\"),i=0;i<o.length;i++)o[i].style.display=\"none\";for(i=0;i<a.length;i++)s=a[i],e.source===s.contentWindow&&(s.removeAttribute(\"style\"),\"height\"===t.message?(1e3<(r=parseInt(t.value,10))?r=1e3:~~r<200&&(r=200),s.height=r):\"link\"===t.message&&(r=new URL(s.getAttribute(\"src\")),n=new URL(t.value),c.test(n.protocol))&&n.host===r.host&&l.activeElement===s&&(d.top.location.href=t.value))}},d.addEventListener(\"message\",d.wp.receiveEmbedMessage,!1),l.addEventListener(\"DOMContentLoaded\",function(){for(var e,t,s=l.querySelectorAll(\"iframe.wp-embedded-content\"),r=0;r<s.length;r++)(t=(e=s[r]).getAttribute(\"data-secret\"))||(t=Math.random().toString(36).substring(2,12),e.src+=\"#?secret=\"+t,e.setAttribute(\"data-secret\",t)),e.contentWindow.postMessage({message:\"ready\",secret:t},\"*\")},!1)))}(window,document);\n\/\/# sourceURL=https:\/\/stuttgarti-katolikusok.de\/wp-includes\/js\/wp-embed.min.js\n\/* ]]> *\/\n<\/script>\n","thumbnail_url":"https:\/\/stuttgarti-katolikusok.de\/wp-content\/uploads\/2023\/05\/anyak-napjara.jpg","thumbnail_width":2040,"thumbnail_height":1530,"description":"A terem, mint m\u00e1s alkalommal, ism\u00e9t sz\u00e9p sz\u00e1mmal megtelt anyuk\u00e1kkal, nagymam\u00e1kkal. Term\u00e9szetesen apuk\u00e1k \u00e9s nagyap\u00e1k is sz\u00e9p sz\u00e1mmal voltak jelen. Kicsit k\u00edv\u00e1ncsiak voltunk, k\u00fcl\u00f6n\u00f6sen mi id\u0151sebbek, hogy mi \u00fajat hoz ez a d\u00e9lut\u00e1n. Eml\u00e9keink, gondolataink saj\u00e1t \u00e9desany\u00e1nk \u00e9s \u00e9let\u00fcnk k\u00f6r\u00fcl keringtek, kavarogtak. Gyerekk\u00e9nt v\u00e1rtuk a d\u00e9lut\u00e1n k\u00edn\u00e1lta meglepet\u00e9st. Nem is csal\u00f3dtunk! Nagyon sz\u00e9pen siker\u00fclt, ez\u00e9rt ism\u00e9telt h\u00e1la \u00e9s k\u00f6sz\u00f6net Erik\u00e1nak \u00e9s csapat\u00e1nak, a j\u00f3 szervez\u00e9s\u00e9rt, szorgos munk\u00e1juk\u00e9rt. &#8211; Annika sz\u00f3l\u00edtott meg els\u0151k\u00e9nt egy nagyon kedves vers soraival. Azt\u00e1n igyekezett is tov\u00e1bb, mert t\u00e1rsai v\u00e1rt\u00e1k m\u00e1r n\u00e9pt\u00e1ncra. &#8211; G\u00e1sp\u00e1r b\u00e1ty\u00e1nk sz\u00e9p k\u00e9t verssel is eml\u00e9kezett \u00e9desanyj\u00e1ra \u00e9s k\u00f6sz\u00f6nt\u00f6tte egyben a jelenl\u00e9v\u0151ket. A versek nagyon sz\u00e9pek \u00e9s meghat\u00f3ak voltak. Engem szem\u00e9lyesen Mari saj\u00e1t verse, &#8222;Unok\u00e1k&#8221; hatott meg k\u00fcl\u00f6n\u00f6sen. Ha k\u00f6zeleg az any\u00e1k napja, mindig \u00e9desany\u00e1mra gondolok \u00e9s m\u00e9g mindig az \u0150 szavai jutnak eszembe, b\u00e1r m\u00e1r magam is anyuka \u00e9s nagymama vagyok. Elgondolkoztam az anya sz\u00f3 jelent\u00e9s\u00e9n. ANYA f\u00f6ls\u00e9ges szent n\u00e9v, egy szebb titulus, fontosabb hivat\u00e1s sincs. Az anyai szeretet \u00f6nzetlen, \u00f6nfel\u00e1ldoz\u00f3 \u00e9s mindent megbocs\u00e1jt. Vannak \u00e1ldozatok, amikre csak egy anya k\u00e9pes gyerekei\u00e9rt megtenni. Tibor atya is hozott egy verset, &#8211; Aranyosi Ervin: Megk\u00e9sett k\u00f6sz\u00f6nt\u0151 &#8211; amellyel \u00c9desanyj\u00e1nak \u00e1ll\u00edtott eml\u00e9ket. \u00a0A verset k\u00f6vet\u0151en pedig szem\u00e9lyes gondolatait osztotta meg vel\u00fcnk. Ugyanis \u00e9ppen 10 esztendeje, hogy utolj\u00e1ra szem\u00e9lyesen k\u00f6sz\u00f6nthette \u0150t Any\u00e1k Napj\u00e1ra, amikoris s\u00falyos betegen, \u00e1gyhoz k\u00f6t\u00f6tten \u00e9lte minden napjait. Sz\u00f3lt arr\u00f3l is, hogy \u00e9desanyja mellett maradt \u00e9let\u00e9nek utols\u00f3 h\u00f3napjaiban, hogy ilyen form\u00e1ban is megk\u00f6sz\u00f6nje \u00e1ldozatos \u00e9let\u00e9t \u00e9s szeretet\u00e9t. Mindannyiunkon er\u0151t vett a meghatotts\u00e1g \u00e9s megillet\u0151d\u00f6tts\u00e9g \u00e9rz\u00e9se. Azt\u00e1n pedig v\u00e1laszthattunk magunknak egy sz\u00e1l r\u00f3zs\u00e1t, s \u00edgy old\u00f3dott a hangulat. Tov\u00e1bbiakban csoportokat alkotva besz\u00e9lgett\u00fcnk, k\u00f6zben elfogyasztottuk a hozott \u00e9teleket, s\u00fctem\u00e9nyeket, s az italokat se vetett\u00fck meg. M\u00e1r szinte szok\u00e1ss\u00e1 v\u00e1lt Edit zongor\u00e1z\u00e1sa \u00e9s hozz\u00e1 a mi \u00e9nekl\u00e9s\u00fcnk, amely felvid\u00e1m\u00edtotta gondolatainkat, hangulatunkat. Mindig j\u00f3l esnek ezek a tal\u00e1lkoz\u00e1sok, mivel mi itt a sz\u00f3rv\u00e1nyban, sz\u00e9tsz\u00f3rtan \u00e9l\u00fcnk. Ilyenkor... R\u00e9szletek"}