{"version":"1.0","provider_name":"Stuttgarti Katolikusok","provider_url":"https:\/\/stuttgarti-katolikusok.de","title":"Any\u00e1k napi megeml\u00e9kez\u00e9s - Stuttgarti Katolikusok","type":"rich","width":600,"height":338,"html":"<blockquote class=\"wp-embedded-content\" data-secret=\"nEuQY8UYlV\"><a href=\"https:\/\/stuttgarti-katolikusok.de\/index.php\/anyak-napi-megemlekezes\/\">Any\u00e1k napi megeml\u00e9kez\u00e9s<\/a><\/blockquote><iframe sandbox=\"allow-scripts\" security=\"restricted\" src=\"https:\/\/stuttgarti-katolikusok.de\/index.php\/anyak-napi-megemlekezes\/embed\/#?secret=nEuQY8UYlV\" width=\"600\" height=\"338\" title=\"&#8220;Any\u00e1k napi megeml\u00e9kez\u00e9s&#8221; &#8212; Stuttgarti Katolikusok\" data-secret=\"nEuQY8UYlV\" frameborder=\"0\" marginwidth=\"0\" marginheight=\"0\" scrolling=\"no\" class=\"wp-embedded-content\"><\/iframe><script type=\"text\/javascript\">\n\/* <![CDATA[ *\/\n\/*! This file is auto-generated *\/\n!function(d,l){\"use strict\";l.querySelector&&d.addEventListener&&\"undefined\"!=typeof URL&&(d.wp=d.wp||{},d.wp.receiveEmbedMessage||(d.wp.receiveEmbedMessage=function(e){var t=e.data;if((t||t.secret||t.message||t.value)&&!\/[^a-zA-Z0-9]\/.test(t.secret)){for(var s,r,n,a=l.querySelectorAll('iframe[data-secret=\"'+t.secret+'\"]'),o=l.querySelectorAll('blockquote[data-secret=\"'+t.secret+'\"]'),c=new RegExp(\"^https?:$\",\"i\"),i=0;i<o.length;i++)o[i].style.display=\"none\";for(i=0;i<a.length;i++)s=a[i],e.source===s.contentWindow&&(s.removeAttribute(\"style\"),\"height\"===t.message?(1e3<(r=parseInt(t.value,10))?r=1e3:~~r<200&&(r=200),s.height=r):\"link\"===t.message&&(r=new URL(s.getAttribute(\"src\")),n=new URL(t.value),c.test(n.protocol))&&n.host===r.host&&l.activeElement===s&&(d.top.location.href=t.value))}},d.addEventListener(\"message\",d.wp.receiveEmbedMessage,!1),l.addEventListener(\"DOMContentLoaded\",function(){for(var e,t,s=l.querySelectorAll(\"iframe.wp-embedded-content\"),r=0;r<s.length;r++)(t=(e=s[r]).getAttribute(\"data-secret\"))||(t=Math.random().toString(36).substring(2,12),e.src+=\"#?secret=\"+t,e.setAttribute(\"data-secret\",t)),e.contentWindow.postMessage({message:\"ready\",secret:t},\"*\")},!1)))}(window,document);\n\/\/# sourceURL=https:\/\/stuttgarti-katolikusok.de\/wp-includes\/js\/wp-embed.min.js\n\/* ]]> *\/\n<\/script>\n","description":"\u0150k a b\u00e9ke, a j\u00f3s\u00e1g, puhas\u00e1g a f\u00f6ld\u00f6n, a f\u00f6lt\u00e9tlen szeretet&#8230;(Szab\u00f3 L\u0151rinc: Az any\u00e1k) Ma, amikor \u00e1tl\u00e9ptem a templomkapu k\u00fcsz\u00f6b\u00e9t, sz\u00e1momra is azonnal l\u00e1that\u00f3v\u00e1 v\u00e1lt, hogy ez a vas\u00e1rnap m\u00e1snak \u00edg\u00e9rkezik mint \u00e1ltal\u00e1ban a t\u00f6bbi vas\u00e1rnapjaink. A templomot zs\u00fafol\u00e1sig megt\u00f6lt\u00f6tt\u00e9k az egyh\u00e1zk\u00f6zs\u00e9g h\u00edvei \u00e9s azok a vend\u00e9geink, akik Magyarorsz\u00e1g k\u00e9pviselet\u00e9ben jelentek meg k\u00f6r\u00fcnkben, jelesen: a F\u0151konzul \u00far,\u00a0Dr. Ber\u00e9nyi J\u00e1nos Gy\u00f6rgy szem\u00e9ly\u00e9ben, valamint az \u0151 k\u00e9t munkat\u00e1rsa, Miskolci Ter\u00e9zia \u00e9s Szedl\u00e1k Vikt\u00f3ria konzulok, \u00e9s tov\u00e1bbi megh\u00edvott vend\u00e9gk\u00e9nt a Stuttgarti Magyar Kult\u00farint\u00e9zet igazgat\u00f3ja Szalay Tam\u00e1s \u00far szem\u00e9lye is f\u00e9mjelezte \u00fcnneps\u00e9g\u00fcnket. A szentmise elej\u00e9n, amelyet Dr. Tempfli Imre pl\u00e9b\u00e1nosunk papt\u00e1rs\u00e1val Merl\u00e1s Tibor aty\u00e1val egy\u00fctt mutatott be, \u00a0Imre atya arr\u00f3l sz\u00f3lt, hogy az Isten emberi alakban j\u00f6tt el k\u00f6z\u00e9nk. F\u00f6lvette egy kisgyermek alakj\u00e1t, \u00e9s szeretet\u00fcnkre szorulva az\u00e9rt lett emberr\u00e9, mert tudta, hogy egy apr\u00f3, emberi seg\u00edts\u00e9gre szorul\u00f3 kisgyermek els\u0151 halv\u00e1ny mosolya is jobban k\u00e9pes hatni, mint legyen a legokosabb b\u00f6lcs sz\u00ednes sz\u00f3noklata. Azonnal \u00e1tj\u00e1rja \u00e9s a sz\u00edv\u00e9be fogadja a r\u00e1 visszamosolyg\u00f3 gyermek szeretet\u00e9t. Az \u00daristen megtehette volna azt is, hogy csak a t\u00f6rv\u00e9nyeit \u00e9s parancsolatait pottyantja le k\u00f6zib\u00e9nk, \u00e9s \u0150 nem szem\u00e9lyes\u00fcl bele mindennapi \u00e9let\u00fcnkbe, s f\u00f6ldi l\u00e9tk\u00f6r\u00fcnkb\u0151l sem k\u00e9r r\u00e9szt.\u00a0De mint tudjuk nem ezt tette, hanem megtette M\u00e1ri\u00e1t kilenc h\u00f3napon \u00e1t &#8222;Isten legszebb temploma&#8221;.\u00a01950 december\u00e9ben hihetetlen esem\u00e9ny t\u00f6rt\u00e9nt a katolikus egyh\u00e1zban: kih\u00edrdett\u00e9k az \u201eEgek Kir\u00e1lyn\u0151je\u201d dogm\u00e1t, \u00e9s az \u00c9g Kir\u00e1lyn\u0151j\u00e9t mint az anyas\u00e1g kir\u00e1lyn\u0151j\u00e9t tisztelt\u00e9k. A Szent\u00edr\u00e1sb\u00f3l k\u00f6nnyen r\u00e1j\u00f6het\u00fcnk arra, hogy mi\u00e9rt \u00e9ppen a gyermeki alakban t\u00f6rt\u00e9n\u0151 m\u00f3dj\u00e1t v\u00e1lasztotta megtestes\u00fcl\u00e9s\u00e9nek a Megv\u00e1lt\u00f3. \u00cdgy sz\u00f3l a v\u00e1lasz: &#8222;\u0150 odah\u00edvott egy gyermeket, k\u00f6z\u00e9j\u00fck \u00e1ll\u00edtotta \u00e9s \u00edgy sz\u00f3lt: Bizony mondom nektek: Ha meg nem v\u00e1ltoztok \u00e9s olyanok nem lesztek mint a gyermek, nem mentek be a mennyek orsz\u00e1g\u00e1ba. Aki teh\u00e1t kicsinny\u00e9 lesz, mint ez a gyermek, az a legnagyobb a mennyek orsz\u00e1g\u00e1ban&#8221; (Mt. 18,2-18,5). Pl\u00e9b\u00e1nosunk arra is kit\u00e9rt, hogy lelki \u00e9let\u00fcnk szempontj\u00e1b\u00f3l fontos lenne az, hogy... R\u00e9szletek"}