{"version":"1.0","provider_name":"Stuttgarti Katolikusok","provider_url":"https:\/\/stuttgarti-katolikusok.de","title":"\u00c1ldoz\u00f3cs\u00fct\u00f6rt\u00f6k Ulmban - Stuttgarti Katolikusok","type":"rich","width":600,"height":338,"html":"<blockquote class=\"wp-embedded-content\" data-secret=\"WvBOjFQmGf\"><a href=\"https:\/\/stuttgarti-katolikusok.de\/index.php\/aldozocsutortok-ulmban\/\">\u00c1ldoz\u00f3cs\u00fct\u00f6rt\u00f6k Ulmban<\/a><\/blockquote><iframe sandbox=\"allow-scripts\" security=\"restricted\" src=\"https:\/\/stuttgarti-katolikusok.de\/index.php\/aldozocsutortok-ulmban\/embed\/#?secret=WvBOjFQmGf\" width=\"600\" height=\"338\" title=\"&#8220;\u00c1ldoz\u00f3cs\u00fct\u00f6rt\u00f6k Ulmban&#8221; &#8212; Stuttgarti Katolikusok\" data-secret=\"WvBOjFQmGf\" frameborder=\"0\" marginwidth=\"0\" marginheight=\"0\" scrolling=\"no\" class=\"wp-embedded-content\"><\/iframe><script type=\"text\/javascript\">\n\/* <![CDATA[ *\/\n\/*! This file is auto-generated *\/\n!function(d,l){\"use strict\";l.querySelector&&d.addEventListener&&\"undefined\"!=typeof URL&&(d.wp=d.wp||{},d.wp.receiveEmbedMessage||(d.wp.receiveEmbedMessage=function(e){var t=e.data;if((t||t.secret||t.message||t.value)&&!\/[^a-zA-Z0-9]\/.test(t.secret)){for(var s,r,n,a=l.querySelectorAll('iframe[data-secret=\"'+t.secret+'\"]'),o=l.querySelectorAll('blockquote[data-secret=\"'+t.secret+'\"]'),c=new RegExp(\"^https?:$\",\"i\"),i=0;i<o.length;i++)o[i].style.display=\"none\";for(i=0;i<a.length;i++)s=a[i],e.source===s.contentWindow&&(s.removeAttribute(\"style\"),\"height\"===t.message?(1e3<(r=parseInt(t.value,10))?r=1e3:~~r<200&&(r=200),s.height=r):\"link\"===t.message&&(r=new URL(s.getAttribute(\"src\")),n=new URL(t.value),c.test(n.protocol))&&n.host===r.host&&l.activeElement===s&&(d.top.location.href=t.value))}},d.addEventListener(\"message\",d.wp.receiveEmbedMessage,!1),l.addEventListener(\"DOMContentLoaded\",function(){for(var e,t,s=l.querySelectorAll(\"iframe.wp-embedded-content\"),r=0;r<s.length;r++)(t=(e=s[r]).getAttribute(\"data-secret\"))||(t=Math.random().toString(36).substring(2,12),e.src+=\"#?secret=\"+t,e.setAttribute(\"data-secret\",t)),e.contentWindow.postMessage({message:\"ready\",secret:t},\"*\")},!1)))}(window,document);\n\/\/# sourceURL=https:\/\/stuttgarti-katolikusok.de\/wp-includes\/js\/wp-embed.min.js\n\/* ]]> *\/\n<\/script>\n","thumbnail_url":"https:\/\/stuttgarti-katolikusok.de\/wp-content\/uploads\/2020\/05\/aldozocsutortok-ulm.jpeg","thumbnail_width":1600,"thumbnail_height":1200,"description":"+! Kedves Testv\u00e9rek! Imm\u00e1r k\u00e9t hete, hogy ism\u00e9t lehet\u0151s\u00e9g\u00fcnk van arra, hogy nyilv\u00e1nos szentmise keret\u00e9ben \u00fcnnepelj\u00fck az Euchariszti\u00e1t. Kolozsv\u00e1ri Emese, az ulmi r\u00e9szegyh\u00e1zk\u00f6zs\u00e9g\u00fcnk tagja osztja meg az al\u00e1bbiakban gondolatait \u00e9s \u00e9rz\u00e9seit. Fogadj\u00e1tok szeretettel! Mell\u00e9kelem ezen a szentmis\u00e9n elhangzott elm\u00e9lked\u00e9st is: https:\/\/drive.google.com\/open?id=1q48U63oPKUafxhdi0EzP3hFCjOsPhpa0 Tibor atya \u00c1ldoz\u00f3cs\u00fct\u00f6rt\u00f6k Ulmban M\u00e1r nem is tudom, mi\u00f3ta nem vehett\u00fcnk r\u00e9szt nyilv\u00e1nos szentmis\u00e9n\u2026 Tal\u00e1n m\u00e1rcius volt. M\u00e9g tavasz eleje, s most d\u00fcb\u00f6r\u00f6g a ny\u00e1r. Igaz, r\u00e9szt vett\u00fcnk sok online vagy telev\u00edzi\u00f3s szentmis\u00e9n, H\u00fasv\u00e9tkor is olyan helyeken kapcsol\u00f3dhattunk be a Felt\u00e1mad\u00e1si szertart\u00e1sba, amelyekr\u0151l m\u00e1skor nem is \u00e1lmodtunk, de az nem ugyanaz. Igaz, megadatott nekem, nek\u00fcnk, hogy seg\u00e9dkezz\u00fcnk a karant\u00e9n-szentmis\u00e9k felv\u00e9tel\u00e9n\u00e9l, a kong\u00f3, visszhangz\u00f3 templomban. Sz\u00edvszor\u00edt\u00f3an felemel\u0151 \u00e9rz\u00e9s! Kegyelem, ami azokban az id\u0151kben igencsak keveseknek adatott meg. S a sz\u00edv\u00fcnk telve volt. Igenis, \u0151riz\u0151je vagyok testv\u00e9remnek, igenis hordoznom kell sz\u00edvemben azokat, akik nem lehetnek jelen, m\u00e9g ha a f\u00e9lelem (vajon minden szab\u00e1lyt \u00e9s el\u0151\u00edr\u00e1st pontosan betartottam-e) \u00f6ssze is szor\u00edtja a sz\u00edvet. A szeretet kit\u00e1g\u00edtja \u00fajra! S akiket sz\u00edv\u00fcnkben hordozunk, vel\u00fcnk vannak. Az\u00e9rt, ez \u00edgy m\u00e9gse ugyanaz! Mivel Ulmban m\u00e9g nem lehetett szentmis\u00e9t tartani, elment\u00fcnk a weingarteni els\u0151 nyilv\u00e1nos szentmis\u00e9re, s \u00f6r\u00fclt\u00fcnk is a lehet\u0151s\u00e9gnek &#8211; de m\u00e9g ez sem ugyanaz. Urunk mennybemenetel\u00e9nek \u00fcnnep\u00e9n azonban v\u00e9gre m\u00e1r itt Ulmban is lehetett szentmis\u00e9t tartani, s a lehet\u0151s\u00e9gekhez m\u00e9rten sz\u00e9p sz\u00e1mban gy\u0171lt \u00f6ssze k\u00f6z\u00f6ss\u00e9g\u00fcnk a Wengen templom harangjainak z\u00fag\u00e1s\u00e1ra, s nem kev\u00e9sb\u00e9 az Enik\u0151 szervez\u0151 szav\u00e1ra. Ahogy Tibor atya fogalmazott, olyan volt ez, mint amikor egy kisgyermek \u00e9lete nagy \u00e1lma val\u00f3ra v\u00e1lik, mert a nagyok teljes\u00edtik k\u00edv\u00e1ns\u00e1g\u00e1t, s \u0151 jelen lehet egy focimeccs kezd\u0151 r\u00fag\u00e1s\u00e1n\u00e1l, vagy egy Forma 1-es futam rajtj\u00e1n\u00e1l\u2026 igen, bizonyos \u00e9rtelemben mind kiv\u00e1lasztottak voltunk. Szentmise volt! \u00dajra \u00e1t\u00e9lhett\u00fck a m\u00e9lys\u00e9ges titkot, Krisztus test\u00e9v\u00e9 \u00e9s v\u00e9r\u00e9v\u00e9 lett a keny\u00e9r \u00e9s bor k\u00fcls\u0151 sz\u00edn\u00e9ben. Egy leveg\u0151t sz\u00edvtunk, m\u00e9g ha maszkkal takartuk el arcunkat, a kereszt\u00e1ldozat\u00e1t v\u00e9r n\u00e9lk\u00fcl meg\u00faj\u00edt\u00f3 Krisztussal! \u00c9s tenyeremben tarthattam... R\u00e9szletek"}