{"version":"1.0","provider_name":"Stuttgarti Katolikusok","provider_url":"https:\/\/stuttgarti-katolikusok.de","title":"Adventi lelkinap Eislingenben - Stuttgarti Katolikusok","type":"rich","width":600,"height":338,"html":"<blockquote class=\"wp-embedded-content\" data-secret=\"0Ub3n3CItc\"><a href=\"https:\/\/stuttgarti-katolikusok.de\/index.php\/adventi-lelkinap-eislingenben\/\">Adventi lelkinap Eislingenben<\/a><\/blockquote><iframe sandbox=\"allow-scripts\" security=\"restricted\" src=\"https:\/\/stuttgarti-katolikusok.de\/index.php\/adventi-lelkinap-eislingenben\/embed\/#?secret=0Ub3n3CItc\" width=\"600\" height=\"338\" title=\"&#8220;Adventi lelkinap Eislingenben&#8221; &#8212; Stuttgarti Katolikusok\" data-secret=\"0Ub3n3CItc\" frameborder=\"0\" marginwidth=\"0\" marginheight=\"0\" scrolling=\"no\" class=\"wp-embedded-content\"><\/iframe><script type=\"text\/javascript\">\n\/* <![CDATA[ *\/\n\/*! This file is auto-generated *\/\n!function(d,l){\"use strict\";l.querySelector&&d.addEventListener&&\"undefined\"!=typeof URL&&(d.wp=d.wp||{},d.wp.receiveEmbedMessage||(d.wp.receiveEmbedMessage=function(e){var t=e.data;if((t||t.secret||t.message||t.value)&&!\/[^a-zA-Z0-9]\/.test(t.secret)){for(var s,r,n,a=l.querySelectorAll('iframe[data-secret=\"'+t.secret+'\"]'),o=l.querySelectorAll('blockquote[data-secret=\"'+t.secret+'\"]'),c=new RegExp(\"^https?:$\",\"i\"),i=0;i<o.length;i++)o[i].style.display=\"none\";for(i=0;i<a.length;i++)s=a[i],e.source===s.contentWindow&&(s.removeAttribute(\"style\"),\"height\"===t.message?(1e3<(r=parseInt(t.value,10))?r=1e3:~~r<200&&(r=200),s.height=r):\"link\"===t.message&&(r=new URL(s.getAttribute(\"src\")),n=new URL(t.value),c.test(n.protocol))&&n.host===r.host&&l.activeElement===s&&(d.top.location.href=t.value))}},d.addEventListener(\"message\",d.wp.receiveEmbedMessage,!1),l.addEventListener(\"DOMContentLoaded\",function(){for(var e,t,s=l.querySelectorAll(\"iframe.wp-embedded-content\"),r=0;r<s.length;r++)(t=(e=s[r]).getAttribute(\"data-secret\"))||(t=Math.random().toString(36).substring(2,12),e.src+=\"#?secret=\"+t,e.setAttribute(\"data-secret\",t)),e.contentWindow.postMessage({message:\"ready\",secret:t},\"*\")},!1)))}(window,document);\n\/\/# sourceURL=https:\/\/stuttgarti-katolikusok.de\/wp-includes\/js\/wp-embed.min.js\n\/* ]]> *\/\n<\/script>\n","thumbnail_url":"https:\/\/stuttgarti-katolikusok.de\/wp-content\/uploads\/2022\/12\/eislingen-adveni-lelkinap1.jpg","thumbnail_width":2000,"thumbnail_height":1500,"description":"2022. december 10-\u00e9n Eislingenben a helyi k\u00f6z\u00f6ss\u00e9g egy kor\u00e1bbi hagyom\u00e1nyt keltett \u00e9letre Kinczel L\u00e1szl\u00f3 \u00e9s Monika szervez\u00e9s\u00e9ben. Ahogyan kor\u00e1bban \u00edg\u00e9rtem, r\u00e9szletes besz\u00e1mol\u00f3 is k\u00f6vetkezik. Fogadj\u00e1tok szeretettel D\u00e1vid Melinda \u00edr\u00e1s\u00e1t! Az eislingeni leg\u00e1tusok, Szegi Oszk\u00e1r \u00e9s Hajnalka, megh\u00edvtak benn\u00fcnket a szombaton, december 10-\u00e9n, megrendezett lelki napra. A lelki nap kezdete 13.00 \u00f3r\u00e1ra sz\u00f3lt \u00e9s az eislingeni Liebfrauenkirche k\u00f6z\u00f6ss\u00e9gi term\u00e9ben lett megtartva. Meg\u00e9rkez\u00e9s\u00fcnkkor, a szorgalmas csapat tagjai, m\u00e1r s\u00fctem\u00e9nnyel teli asztallal, k\u00e1v\u00e9val, zs\u00edros keny\u00e9rrel \u00e9s t\u00f6p\u00f6rty\u0171vel v\u00e1rtk benn\u00fcnket. A konyh\u00e1b\u00f3l k\u00f6zben \u00ednycsiklandoz\u00f3 illatok keringtek be a terembe. A Kinczel L\u00e1szl\u00f3 \u00e9s M\u00f3nika szervez\u00e9s\u00e9ben megrendezett hagyom\u00e1nyos lelki napr\u00f3l m\u00e1r hallottunk \u00e9vekkel ezel\u0151tt is, de most el\u0151sz\u00f6r vett\u00fcnk r\u00e9szt rajta \u00e9s nagyon tetszett. Egym\u00e1s k\u00f6sz\u00f6nt\u00e9se \u00e9s a friss\u00edt\u0151 ut\u00e1n helyet foglaltunk az asztal k\u00f6r\u00fcl \u00e9s Laci k\u00f6sz\u00f6nt\u0151j\u00e9vel megkezd\u0151d\u00f6tt a lelki nap. Elm\u00e9lked\u00e9s\u00e9t Laci a n\u00e9gy adventi gyertya szimbolik\u00e1j\u00e1ra alapozta, amely a hit, rem\u00e9ny, szeretet \u00e9s b\u00e9ke jegy\u00e9ben adventi koszor\u00fainkat \u00e9kes\u00edti. Egy-egy elm\u00e9lked\u00e9s ut\u00e1n M\u00f3ni egyenk\u00e9nt meggy\u00fajtotta a n\u00e9gy adventi gyerty\u00e1t, a k\u00f6z\u00f6ss\u00e9g t\u00f6bbi tagja k\u00f6zben adventi \u00e9s kar\u00e1csonyi \u00e9nekekkel, valamint versek \u00e9s novell\u00e1k olvas\u00e1s\u00e1val tette sz\u00ednesebb\u00e9 a d\u00e9lut\u00e1nt. K\u00f6zben kis k\u00e9s\u00e9ssel meg\u00e9rkezett Tibor atya is, aki k\u00f6sz\u00f6nt\u00f6tte \u00e9s megdics\u00e9rte a k\u00f6z\u00f6ss\u00e9get, akik ilyen sz\u00e9p hagyom\u00e1nyt \u00e1polnak \u00e9s adventi gondolatait hozta el nek\u00fcnk. Kifejtette, hogy a f\u00e9lelem hely\u00e9be bek\u00f6lt\u00f6z\u00f6tt a szeretet. \u201e\u00dagy szerette Isten a vil\u00e1got, hogy egysz\u00fcl\u00f6tt Fi\u00e1t adta, hogy aki hisz \u0151benne, el ne vesszen.\u201d (Jn 3,16) \u00e9s mi kereszt\u00e9nyek imm\u00e1r tudjuk, hogy kit keres\u00fcnk, kire v\u00e1runk. Krisztusra, Kar\u00e1csonyra v\u00e1runk. Erre k\u00e9sz\u00fcl\u0151d\u00fcnk \u00e9s igyeksz\u00fcnk m\u00e9lt\u00f3k lenni ahhoz, aki j\u00f6n \u00e9s aki vel\u00fcnk marad. Az elk\u00f6vetkez\u0151 bar\u00e1ti egy\u00fcttl\u00e9tet a ter\u00edtett asztaln\u00e1l el\u0151\u00e9tellel kezdt\u00fck. A k\u00f6z\u00f6ss\u00e9g szorgalmas tagjai reggel h\u00e1zi kolb\u00e1szt k\u00e9sz\u00edtettek, amit megs\u00fctve vegyes sal\u00e1t\u00e1val fogyasztottunk el. K\u00f6zben a f\u0151\u00e9tel, a cs\u00fcl\u00f6k, m\u00e1r a s\u00fct\u0151ben rotyogott. Egy nagyon sz\u00e9p d\u00e9lut\u00e1nt \u00e9s est\u00e9t t\u00f6lt\u00f6tt\u00fcnk Eislingenben. K\u00f6sz\u00f6nj\u00fck a k\u00f6z\u00f6ss\u00e9gnek a lelki aj\u00e1nd\u00e9kot, a finom falatokat \u00e9s... R\u00e9szletek"}