{"version":"1.0","provider_name":"Stuttgarti Katolikusok","provider_url":"https:\/\/stuttgarti-katolikusok.de","title":"Adventi id\u0151 - Stuttgarti Katolikusok","type":"rich","width":600,"height":338,"html":"<blockquote class=\"wp-embedded-content\" data-secret=\"otBTWcDoFg\"><a href=\"https:\/\/stuttgarti-katolikusok.de\/index.php\/adventi-ido\/\">Adventi id\u0151<\/a><\/blockquote><iframe sandbox=\"allow-scripts\" security=\"restricted\" src=\"https:\/\/stuttgarti-katolikusok.de\/index.php\/adventi-ido\/embed\/#?secret=otBTWcDoFg\" width=\"600\" height=\"338\" title=\"&#8220;Adventi id\u0151&#8221; &#8212; Stuttgarti Katolikusok\" data-secret=\"otBTWcDoFg\" frameborder=\"0\" marginwidth=\"0\" marginheight=\"0\" scrolling=\"no\" class=\"wp-embedded-content\"><\/iframe><script type=\"text\/javascript\">\n\/* <![CDATA[ *\/\n\/*! This file is auto-generated *\/\n!function(d,l){\"use strict\";l.querySelector&&d.addEventListener&&\"undefined\"!=typeof URL&&(d.wp=d.wp||{},d.wp.receiveEmbedMessage||(d.wp.receiveEmbedMessage=function(e){var t=e.data;if((t||t.secret||t.message||t.value)&&!\/[^a-zA-Z0-9]\/.test(t.secret)){for(var s,r,n,a=l.querySelectorAll('iframe[data-secret=\"'+t.secret+'\"]'),o=l.querySelectorAll('blockquote[data-secret=\"'+t.secret+'\"]'),c=new RegExp(\"^https?:$\",\"i\"),i=0;i<o.length;i++)o[i].style.display=\"none\";for(i=0;i<a.length;i++)s=a[i],e.source===s.contentWindow&&(s.removeAttribute(\"style\"),\"height\"===t.message?(1e3<(r=parseInt(t.value,10))?r=1e3:~~r<200&&(r=200),s.height=r):\"link\"===t.message&&(r=new URL(s.getAttribute(\"src\")),n=new URL(t.value),c.test(n.protocol))&&n.host===r.host&&l.activeElement===s&&(d.top.location.href=t.value))}},d.addEventListener(\"message\",d.wp.receiveEmbedMessage,!1),l.addEventListener(\"DOMContentLoaded\",function(){for(var e,t,s=l.querySelectorAll(\"iframe.wp-embedded-content\"),r=0;r<s.length;r++)(t=(e=s[r]).getAttribute(\"data-secret\"))||(t=Math.random().toString(36).substring(2,12),e.src+=\"#?secret=\"+t,e.setAttribute(\"data-secret\",t)),e.contentWindow.postMessage({message:\"ready\",secret:t},\"*\")},!1)))}(window,document);\n\/\/# sourceURL=https:\/\/stuttgarti-katolikusok.de\/wp-includes\/js\/wp-embed.min.js\n\/* ]]> *\/\n<\/script>\n","description":"Advent \u2013 Huszon\u00f6t k\u00e9rd\u00e9s \u00e9s v\u00e1lasz seg\u00edt a k\u00e9sz\u00fcletben &nbsp; F\u00fczes \u00c1d\u00e1mot, az Esztergomi Hittudom\u00e1nyi F\u0151iskola levelez\u0151 tagozat\u00e1nak liturgikatan\u00e1r\u00e1t k\u00e9rdezt\u00fck az adventr\u0151l \u2013 a k\u00e9sz\u00fcletr\u0151l \u00e9s annak eszk\u00f6zeir\u0151l \u2013, hogy k\u00f6nnyebben v\u00e1laszolhassunk az \u00dar h\u00edv\u00e1s\u00e1ra ebben a kegyelmi id\u0151szakban (is). Mit jelent pontosan az advent kifejez\u00e9s? Advent a latin adventus, vagyis elj\u00f6vetel sz\u00f3b\u00f3l sz\u00e1rmazik. Hogyan \u00e9s mikor alakult ki? A gallik\u00e1n liturgi\u00e1ban a v\u00edzkereszti (janu\u00e1r 6.) feln\u0151ttkeresztel\u00e9sre el\u0151k\u00e9sz\u00edt\u0151 n\u00e9gyhetes id\u0151szak volt. Az 5. sz\u00e1zadban a kar\u00e1csony (december 25.) v\u00e1lt a jelent\u0151sebb \u00fcnnepp\u00e9, \u00e9s ez el\u0151tt alakult ki el\u0151sz\u00f6r hathetes, majd Szent Szimpliciusz p\u00e1pa (5. sz\u00e1zad) alatt a mai n\u00e9gyhetes form\u00e1ja. Az adventi id\u0151szak minden \u00e9vben v\u00e1ltozik\u2026 Nem, csak a hossza&#8230;\u00a0Adventet a kar\u00e1csony el\u0151tti n\u00e9gy vas\u00e1rnap hat\u00e1rozza meg. Az egyh\u00e1zi napt\u00e1rban a h\u00e9t vas\u00e1rnappal kezd\u0151dik, \u00edgy advent n\u00e9gy hete is a n\u00e9gy vas\u00e1rnap ut\u00e1n k\u00f6vetkezik, \u00e9s ebb\u0151l ad\u00f3d\u00f3an a negyedik h\u00e9t lehet eg\u00e9szen r\u00f6vid is (mint id\u00e9n, maga a vas\u00e1rnap csak a h\u00e9t), \u00e9s eg\u00e9szen hossz\u00fa is (mint tavaly, amikor kar\u00e1csony szombatra esett). December 24. m\u00e9g az adventhez tartozik, vagy m\u00e1r kar\u00e1csony? December 24. az adventi id\u0151 utols\u00f3 napja. Ez m\u00e9g nem kar\u00e1csony, de a s\u00f6t\u00e9ts\u00e9g be\u00e1llt\u00e1val fokoz\u00f3dik a v\u00e1rakoz\u00e1s, mert tudjuk, hogy ez az az \u00e9jszaka, amikor megsz\u00fcletik az \u00dar. A r\u00e9gebbi egyh\u00e1zfegyelemben m\u00e9g ez a nap b\u00f6jti nap volt, ez\u00e9rt hagyom\u00e1nyos \u00e9teleink b\u00f6jt\u00f6sek ezen az \u00e9jszak\u00e1n: a hal, a m\u00e1kos guba, stb. A v\u00e1rakoz\u00e1s az \u00e9jszakai mis\u00e9vel \u00e9r v\u00e9get, ahol meghalljuk az \u00f6r\u00f6mh\u00edrt: megsz\u00fcletett. Mi\u00e9rt lett ez az egyh\u00e1zi \u00e9v kezdete? T\u00f6bbf\u00e9le \u00e9vkezdetet haszn\u00e1lnak a k\u00fcl\u00f6nf\u00e9le napt\u00e1rak \u2013\u00a0ismer\u00fcnk janu\u00e1ri, m\u00e1rciusi polg\u00e1ri \u00e9vkezd\u00e9st is; az advent pedig a megtestes\u00fcl\u00e9ssel kezd, illetve az arra val\u00f3 felk\u00e9sz\u00fcl\u00e9s id\u0151szak\u00e1val. \u00d6nmag\u00e1ban az advent \u201enincs meg\u201d, ez\u00e9rt ker\u00fclt a kar\u00e1csonnyal egy\u00fctt az \u00e9v elej\u00e9re. Mi\u00e9rt kezd\u0151dik a g\u00f6r\u00f6gkatolikusokn\u00e1l el\u0151bb az advent? A t\u00f6rt\u00e9neti r\u00e9szn\u00e9l jelezt\u00fck, hogy az 5. sz\u00e1zadban volt m\u00e1r hathetes az advent, Szent... R\u00e9szletek"}