{"version":"1.0","provider_name":"Stuttgarti Katolikusok","provider_url":"https:\/\/stuttgarti-katolikusok.de","title":"Advent 4. vas\u00e1rnapja - Stuttgarti Katolikusok","type":"rich","width":600,"height":338,"html":"<blockquote class=\"wp-embedded-content\" data-secret=\"SbWPf209Ya\"><a href=\"https:\/\/stuttgarti-katolikusok.de\/index.php\/advent-4-vasarnapja\/\">Advent 4. vas\u00e1rnapja<\/a><\/blockquote><iframe sandbox=\"allow-scripts\" security=\"restricted\" src=\"https:\/\/stuttgarti-katolikusok.de\/index.php\/advent-4-vasarnapja\/embed\/#?secret=SbWPf209Ya\" width=\"600\" height=\"338\" title=\"&#8220;Advent 4. vas\u00e1rnapja&#8221; &#8212; Stuttgarti Katolikusok\" data-secret=\"SbWPf209Ya\" frameborder=\"0\" marginwidth=\"0\" marginheight=\"0\" scrolling=\"no\" class=\"wp-embedded-content\"><\/iframe><script type=\"text\/javascript\">\n\/* <![CDATA[ *\/\n\/*! This file is auto-generated *\/\n!function(d,l){\"use strict\";l.querySelector&&d.addEventListener&&\"undefined\"!=typeof URL&&(d.wp=d.wp||{},d.wp.receiveEmbedMessage||(d.wp.receiveEmbedMessage=function(e){var t=e.data;if((t||t.secret||t.message||t.value)&&!\/[^a-zA-Z0-9]\/.test(t.secret)){for(var s,r,n,a=l.querySelectorAll('iframe[data-secret=\"'+t.secret+'\"]'),o=l.querySelectorAll('blockquote[data-secret=\"'+t.secret+'\"]'),c=new RegExp(\"^https?:$\",\"i\"),i=0;i<o.length;i++)o[i].style.display=\"none\";for(i=0;i<a.length;i++)s=a[i],e.source===s.contentWindow&&(s.removeAttribute(\"style\"),\"height\"===t.message?(1e3<(r=parseInt(t.value,10))?r=1e3:~~r<200&&(r=200),s.height=r):\"link\"===t.message&&(r=new URL(s.getAttribute(\"src\")),n=new URL(t.value),c.test(n.protocol))&&n.host===r.host&&l.activeElement===s&&(d.top.location.href=t.value))}},d.addEventListener(\"message\",d.wp.receiveEmbedMessage,!1),l.addEventListener(\"DOMContentLoaded\",function(){for(var e,t,s=l.querySelectorAll(\"iframe.wp-embedded-content\"),r=0;r<s.length;r++)(t=(e=s[r]).getAttribute(\"data-secret\"))||(t=Math.random().toString(36).substring(2,12),e.src+=\"#?secret=\"+t,e.setAttribute(\"data-secret\",t)),e.contentWindow.postMessage({message:\"ready\",secret:t},\"*\")},!1)))}(window,document);\n\/\/# sourceURL=https:\/\/stuttgarti-katolikusok.de\/wp-includes\/js\/wp-embed.min.js\n\/* ]]> *\/\n<\/script>\n","thumbnail_url":"https:\/\/stuttgarti-katolikusok.de\/wp-content\/uploads\/2023\/12\/tuttlingen-5jpg.jpg","thumbnail_width":1925,"thumbnail_height":1331,"description":"OLVASM\u00c1NY S\u00e1muel, m\u00e1sodik k\u00f6nyv\u00e9b\u0151l (2S\u00e1m 7,1-5.8b-12.14a.16) D\u00e1vid kir\u00e1lys\u00e1ga a csal\u00e1dj\u00e1b\u00f3l sz\u00e1rmaz\u00f3 Messi\u00e1s r\u00e9v\u00e9n szil\u00e1rdan \u00e1ll mind\u00f6r\u00f6kk\u00e9. Amikor D\u00e1vid kir\u00e1ly m\u00e1ra h\u00e1z\u00e1ban lakott, \u00e9s az \u00dar nyugalmat adott neki k\u00f6r\u00f6s-k\u00f6r\u00fcl minden ellens\u00e9g\u00e9t\u0151l, a kir\u00e1ly \u00edgy sz\u00f3lt N\u00e1t\u00e1n pr\u00f3f\u00e9t\u00e1hoz: \u201eN\u00e9zd, magam c\u00e9drusf\u00e1b\u00f3l k\u00e9sz\u00fclt h\u00e1zban lakom, az \u00dar l\u00e1d\u00e1ja meg, s\u00e1torban lakik.\u201d Erre N\u00e1t\u00e1n ezt mondta a kir\u00e1lynak: \u201eTedd meg mindazt, amit sz\u00e1nd\u00e9kozol, mert veled van az. \u00dar.\u201d M\u00e9g azon az \u00e9jszak\u00e1n t\u00f6rt\u00e9nt, hogy az \u00dar sz\u00f3zatot int\u00e9zett N\u00e1t\u00e1nhoz: \u201eMenj \u00e9s mondd meg szolg\u00e1mnak, D\u00e1vidnak: \u00bbEzt mondja az \u00dar: Te akarsz nekem h\u00e1zat \u00e9p\u00edteni lak\u00f3hely\u00fcl? Elhoztalak a legel\u0151r\u0151l, a juhok, mell\u0151l, hogy n\u00e9pem, Izrael fejedelme l\u00e9gy. Veled voltam minden v\u00e1llalkoz\u00e1sodban, \u00e9s minden ellens\u00e9gedet megsemmis\u00edtettem el\u0151tted. Nagy nevet szereztem neked, olyat; mint a f\u00f6ld nagyjai\u00e9. N\u00e9pemnek, Izraelnek is meghat\u00e1roztam egy helyet, \u00e9s oda telep\u00edtettem. Ezen a helyen lakik majd, \u00e9s nem fogj\u00e1k t\u00f6bb\u00e9 h\u00e1borgatni. A gonoszok sem szorongatj\u00e1k, mint kezdetben, att\u00f3l a napt\u00f3l fogva, hogy b\u00edr\u00e1kat rendeltem n\u00e9pem, Izrael f\u00f6l\u00e9. Az\u00e9rt megszabad\u00edtalak minden ellens\u00e9gedt\u0151l. Azt is k\u00f6zli veled az \u00dar, hogy f\u00f6l\u00e9p\u00edti (uralkod\u00f3)-h\u00e1zadat. Ha azt\u00e1n napjaid betelnek \u00e9s megt\u00e9rsz aty\u00e1idhoz, f\u00f6lemelem magvadb\u00f3l sz\u00e1rmaz\u00f3 ut\u00f3dodat, \u00e9s megszil\u00e1rd\u00edtom kir\u00e1lys\u00e1g\u00e1t. Az \u0151 atyja leszek, \u0151 meg a fiam lesz. H\u00e1zad \u00e9s kir\u00e1lys\u00e1god \u00f6r\u00f6kre fennmarad sz\u00ednem el\u0151tt, \u00e9s tr\u00f3nod mind\u00f6r\u00f6kk\u00e9 szil\u00e1rd marad.\u00ab\u201d Ez az Isten ig\u00e9je. V\u00c1LASZOS ZSOLT\u00c1R (Zsolt 88,2-3.4-5.27.29) V\u00e1lasz:\u00a0Hadd \u00e9nekeljem\u00a0\u00f6r\u00f6kk\u00e9 * Urunknak\u00a0irgalmas j\u00f3s\u00e1g\u00e1t!\u00a0(6. t\u00f3nus.) El\u0151\u00e9nekes: Az \u00dar irgalm\u00e1r\u00f3l \u00e9nekelek \u00f6r\u00f6kk\u00f6n-\u00f6r\u00f6kk\u00e9, * h\u0171s\u00e9gedet nemzed\u00e9kr\u0151l nemzed\u00e9kre\u00a0hirdeti ajkam. \u00cdgy sz\u00f3lt\u00e1l: \u2020 \u201eIrgalmam szil\u00e1rdan \u00e1ll mind\u00f6r\u00f6kk\u00e9.\u201d * Val\u00f3ban, a te h\u0171s\u00e9ged er\u0151s,\u00a0mik\u00e9nt a mennybolt. H\u00edvek:\u00a0Hadd \u00e9nekeljem\u00a0\u00f6r\u00f6kk\u00e9 * Urunknak\u00a0irgalmas j\u00f3s\u00e1g\u00e1t! E: \u201eV\u00e1lasztottammal sz\u00f6vets\u00e9get\u00a0k\u00f6t\u00f6ttem, * megesk\u00fcdtem\u00a0szolg\u00e1mnak, D\u00e1vidnak. Meger\u0151s\u00edtem ivad\u00e9kodat\u00a0\u00f6r\u00f6kre, * \u00e9s megszil\u00e1rd\u00edtom tr\u00f3nodat nemzed\u00e9kr\u0151l\u00a0nemzed\u00e9kre.\u201d H:\u00a0Hadd \u00e9nekeljem\u00a0\u00f6r\u00f6kk\u00e9 * Urunknak\u00a0irgalmas j\u00f3s\u00e1g\u00e1t! E: \u201e\u00cdgy sz\u00f3l\u00edt engem: \u00bbAty\u00e1m\u00a0vagy\u00a0n\u00e9kem, * Istenem\u00a0\u00e9s\u00a0\u00fcdv\u00f6m szikl\u00e1ja.\u00ab Irgalmam ir\u00e1nta \u00f6r\u00f6kk\u00e9\u00a0megmarad, * sz\u00f6vets\u00e9gem h\u0171s\u00e9ge\u00a0nem sz\u0171nik meg.\u201d H:\u00a0Hadd \u00e9nekeljem\u00a0\u00f6r\u00f6kk\u00e9 * Urunknak\u00a0irgalmas j\u00f3s\u00e1g\u00e1t! SZENTLECKE Szent P\u00e1l apostolnak a r\u00f3maiakhoz \u00edrt level\u00e9b\u0151l (R\u00f3m 16,25-27) Kinyilv\u00e1nult a... R\u00e9szletek"}