{"version":"1.0","provider_name":"Stuttgarti Katolikusok","provider_url":"https:\/\/stuttgarti-katolikusok.de","title":"Advent 3. vas\u00e1rnapja - \u00d6r\u00f6m vas\u00e1rnapja - Stuttgarti Katolikusok","type":"rich","width":600,"height":338,"html":"<blockquote class=\"wp-embedded-content\" data-secret=\"e26HMal4cU\"><a href=\"https:\/\/stuttgarti-katolikusok.de\/index.php\/advent-3-vasarnapja-orom-vasarnapja\/\">Advent 3. vas\u00e1rnapja &#8211; \u00d6r\u00f6m vas\u00e1rnapja<\/a><\/blockquote><iframe sandbox=\"allow-scripts\" security=\"restricted\" src=\"https:\/\/stuttgarti-katolikusok.de\/index.php\/advent-3-vasarnapja-orom-vasarnapja\/embed\/#?secret=e26HMal4cU\" width=\"600\" height=\"338\" title=\"&#8220;Advent 3. vas\u00e1rnapja &#8211; \u00d6r\u00f6m vas\u00e1rnapja&#8221; &#8212; Stuttgarti Katolikusok\" data-secret=\"e26HMal4cU\" frameborder=\"0\" marginwidth=\"0\" marginheight=\"0\" scrolling=\"no\" class=\"wp-embedded-content\"><\/iframe><script type=\"text\/javascript\">\n\/* <![CDATA[ *\/\n\/*! This file is auto-generated *\/\n!function(d,l){\"use strict\";l.querySelector&&d.addEventListener&&\"undefined\"!=typeof URL&&(d.wp=d.wp||{},d.wp.receiveEmbedMessage||(d.wp.receiveEmbedMessage=function(e){var t=e.data;if((t||t.secret||t.message||t.value)&&!\/[^a-zA-Z0-9]\/.test(t.secret)){for(var s,r,n,a=l.querySelectorAll('iframe[data-secret=\"'+t.secret+'\"]'),o=l.querySelectorAll('blockquote[data-secret=\"'+t.secret+'\"]'),c=new RegExp(\"^https?:$\",\"i\"),i=0;i<o.length;i++)o[i].style.display=\"none\";for(i=0;i<a.length;i++)s=a[i],e.source===s.contentWindow&&(s.removeAttribute(\"style\"),\"height\"===t.message?(1e3<(r=parseInt(t.value,10))?r=1e3:~~r<200&&(r=200),s.height=r):\"link\"===t.message&&(r=new URL(s.getAttribute(\"src\")),n=new URL(t.value),c.test(n.protocol))&&n.host===r.host&&l.activeElement===s&&(d.top.location.href=t.value))}},d.addEventListener(\"message\",d.wp.receiveEmbedMessage,!1),l.addEventListener(\"DOMContentLoaded\",function(){for(var e,t,s=l.querySelectorAll(\"iframe.wp-embedded-content\"),r=0;r<s.length;r++)(t=(e=s[r]).getAttribute(\"data-secret\"))||(t=Math.random().toString(36).substring(2,12),e.src+=\"#?secret=\"+t,e.setAttribute(\"data-secret\",t)),e.contentWindow.postMessage({message:\"ready\",secret:t},\"*\")},!1)))}(window,document);\n\/\/# sourceURL=https:\/\/stuttgarti-katolikusok.de\/wp-includes\/js\/wp-embed.min.js\n\/* ]]> *\/\n<\/script>\n","thumbnail_url":"https:\/\/stuttgarti-katolikusok.de\/wp-content\/uploads\/2023\/12\/mountains-190055-1280.jpg","thumbnail_width":1280,"thumbnail_height":853,"description":"OLVASM\u00c1NY Izaj\u00e1s pr\u00f3f\u00e9ta k\u00f6nyv\u00e9b\u0151l (Iz 61,1-2a.10-11) Egyed\u00fcl a Megv\u00e1lt\u00f3 hozza meg az igazi boldogs\u00e1got. A pr\u00f3f\u00e9ta \u00edgy besz\u00e9l: Az \u00dar Lelke nyugszik rajtam. Az\u00e9rt kent f\u00f6l az \u00dar \u00e9s k\u00fcld\u00f6tt engem, hogy \u00f6r\u00f6mh\u00edrt vigyek a szeg\u00e9nyeknek, \u00e9s meggy\u00f3gy\u00edtsam a megt\u00f6rt sz\u00edv\u0171eket. Hogy szabadul\u00e1st hirdessek a foglyoknak, \u00e9s szabads\u00e1got a b\u00f6rt\u00f6n\u00f6k lak\u00f3inak. Hogy hirdessem az \u00dar kegyelm\u00e9nek esztendej\u00e9t. Nagy \u00f6r\u00f6mmel \u00f6rvendezem az \u00darban, lelkem ujjong az \u00e9n Istenemben, mert az \u00fcdv\u00f6ss\u00e9g ruh\u00e1j\u00e1ba \u00f6lt\u00f6ztetett, s az igazs\u00e1g k\u00f6nt\u00f6s\u00e9t ter\u00edtette r\u00e1m. Fel\u00e9kes\u00edtett, mint a v\u0151leg\u00e9nyt, aki koszor\u00fat visel, \u00e9s mint a menyasszonyt, aki \u00e9kszerekkel d\u00edsz\u00edti mag\u00e1t. Mert amint a f\u00f6ld megtermi n\u00f6v\u00e9nyeit, \u00e9s a kert vetem\u00e9nyeket sarjaszt, \u00fagy sarjasztja ki az \u00daristen az igazs\u00e1got, \u00e9s a magasztal\u00e1st minden n\u00e9p sz\u00edne el\u0151tt. Ez az Isten ig\u00e9je. V\u00c1LASZOS ZSOLT\u00c1R (Lk 1,46-48.49-50.53-54) V\u00e1lasz:\u00a0Lelkem\u00a0ujjongva hirdeti * Istenemnek\u00a0dics\u0151s\u00e9g\u00e9t.\u00a0(3a. t\u00f3nus.) El\u0151\u00e9nekes: Magasztalja az \u00e9n\u00a0lelkem az Urat, * \u00e9s sz\u00edvem ujjong \u00fcdv\u00f6z\u00edt\u0151\u00a0Istenemben. Mivel tekintetre m\u00e9ltatta al\u00e1zatos\u00a0szolg\u00e1l\u00f3le\u00e1ny\u00e1t,* \u00edme, mostant\u00f3l fogva boldognak hirdet engem\u00a0minden nemzed\u00e9k. H\u00edvek:\u00a0Lelkem\u00a0ujjongva hirdeti * Istenemnek\u00a0dics\u0151s\u00e9g\u00e9t. E: Mert nagy dolgot m\u0171velt velem\u00a0\u0151, aki hatalmas, * \u0151, akit\u00a0Szentnek h\u00edvunk. Nemzed\u00e9kr\u0151l nemzed\u00e9kre\u00a0megmarad irgalma * azokon, akik\u00a0istenf\u00e9l\u0151k. H\u00edvek:\u00a0Lelkem\u00a0ujjongva hirdeti * Istenemnek\u00a0dics\u0151s\u00e9g\u00e9t. E: Az \u00e9hez\u0151ket minden\u00a0j\u00f3val bet\u00f6lti, * a gazdagokat elbocs\u00e1tja\u00a0\u00fcres k\u00e9zzel. Gondj\u00e1ba vette\u00a0gyermek\u00e9t, Izraelt, * megeml\u00e9kezett\u00a0irgalm\u00e1r\u00f3l. H:\u00a0Lelkem\u00a0ujjongva hirdeti * Istenemnek\u00a0dics\u0151s\u00e9g\u00e9t. SZENTLECKE Szent P\u00e1l apostolnak a tesszaloniki h\u00edvekhez \u00edrt els\u0151 level\u00e9b\u0151l (1Tessz 5,16-24) \u0150rizze meg Isten a szellemeteket, lelketeket \u00e9s testeteket feddhetetlen\u00fcl! Testv\u00e9reim! Legyetek mindig der\u0171sek. Im\u00e1dkozzatok sz\u00fcntelen\u00fcl. Adjatok h\u00e1l\u00e1t minden\u00e9rt, mert Isten ezt k\u00edv\u00e1nja mindny\u00e1jatokt\u00f3l Krisztus J\u00e9zusban. Ne olts\u00e1tok ki a Lelket, s a pr\u00f3f\u00e9tai besz\u00e9det ne vess\u00e9tek meg. Vizsg\u00e1ljatok meg mindent, \u00e9s a j\u00f3t tarts\u00e1tok meg. Mindenf\u00e9le rosszt\u00f3l \u00f3vakodjatok. A b\u00e9kess\u00e9g Istene szenteljen meg titeket, hogy t\u00f6k\u00e9letesek legyetek. \u0150rizze meg szellemeteket, lelketeket \u00e9s testeteket feddhetetlen\u00fcl Urunk, J\u00e9zus Krisztus elj\u00f6vetel\u00e9ig. H\u0171s\u00e9ges az, aki megh\u00edvott benneteket, \u0151 majd v\u00e9gbe is viszi. Ez az Isten ig\u00e9je. ALLELUJA Az \u00dar\u00a0lelke van rajtam: * elk\u00fcld\u00f6tt, hogy... R\u00e9szletek"}