{"version":"1.0","provider_name":"Stuttgarti Katolikusok","provider_url":"https:\/\/stuttgarti-katolikusok.de","title":"Advent 3. vas\u00e1rnapja \u2013 Gaudete-vas\u00e1rnap - Stuttgarti Katolikusok","type":"rich","width":600,"height":338,"html":"<blockquote class=\"wp-embedded-content\" data-secret=\"Fokp3BccJH\"><a href=\"https:\/\/stuttgarti-katolikusok.de\/index.php\/advent-3-vasarnapja-gaudete-vasarnap-3\/\">Advent 3. vas\u00e1rnapja \u2013 Gaudete-vas\u00e1rnap<\/a><\/blockquote><iframe sandbox=\"allow-scripts\" security=\"restricted\" src=\"https:\/\/stuttgarti-katolikusok.de\/index.php\/advent-3-vasarnapja-gaudete-vasarnap-3\/embed\/#?secret=Fokp3BccJH\" width=\"600\" height=\"338\" title=\"&#8220;Advent 3. vas\u00e1rnapja \u2013 Gaudete-vas\u00e1rnap&#8221; &#8212; Stuttgarti Katolikusok\" data-secret=\"Fokp3BccJH\" frameborder=\"0\" marginwidth=\"0\" marginheight=\"0\" scrolling=\"no\" class=\"wp-embedded-content\"><\/iframe><script type=\"text\/javascript\">\n\/* <![CDATA[ *\/\n\/*! This file is auto-generated *\/\n!function(d,l){\"use strict\";l.querySelector&&d.addEventListener&&\"undefined\"!=typeof URL&&(d.wp=d.wp||{},d.wp.receiveEmbedMessage||(d.wp.receiveEmbedMessage=function(e){var t=e.data;if((t||t.secret||t.message||t.value)&&!\/[^a-zA-Z0-9]\/.test(t.secret)){for(var s,r,n,a=l.querySelectorAll('iframe[data-secret=\"'+t.secret+'\"]'),o=l.querySelectorAll('blockquote[data-secret=\"'+t.secret+'\"]'),c=new RegExp(\"^https?:$\",\"i\"),i=0;i<o.length;i++)o[i].style.display=\"none\";for(i=0;i<a.length;i++)s=a[i],e.source===s.contentWindow&&(s.removeAttribute(\"style\"),\"height\"===t.message?(1e3<(r=parseInt(t.value,10))?r=1e3:~~r<200&&(r=200),s.height=r):\"link\"===t.message&&(r=new URL(s.getAttribute(\"src\")),n=new URL(t.value),c.test(n.protocol))&&n.host===r.host&&l.activeElement===s&&(d.top.location.href=t.value))}},d.addEventListener(\"message\",d.wp.receiveEmbedMessage,!1),l.addEventListener(\"DOMContentLoaded\",function(){for(var e,t,s=l.querySelectorAll(\"iframe.wp-embedded-content\"),r=0;r<s.length;r++)(t=(e=s[r]).getAttribute(\"data-secret\"))||(t=Math.random().toString(36).substring(2,12),e.src+=\"#?secret=\"+t,e.setAttribute(\"data-secret\",t)),e.contentWindow.postMessage({message:\"ready\",secret:t},\"*\")},!1)))}(window,document);\n\/\/# sourceURL=https:\/\/stuttgarti-katolikusok.de\/wp-includes\/js\/wp-embed.min.js\n\/* ]]> *\/\n<\/script>\n","thumbnail_url":"https:\/\/stuttgarti-katolikusok.de\/wp-content\/uploads\/2023\/12\/tuttlingen-5jpg.jpg","thumbnail_width":1925,"thumbnail_height":1331,"description":"A kereszt\u00e9nys\u00e9g az \u00f6r\u00f6m vall\u00e1sa. Ez\u00e9rt van az, hogy a k\u00e9t b\u0171nb\u00e1nati id\u0151ben (Adventben \u00e9s Nagyb\u00f6jtben) egy-egy vas\u00e1rnapot az \u00f6r\u00f6mnek szentel. Egyh\u00e1zunk p\u00e9ld\u00e1ja szerint haszn\u00e1ljuk fel mi is az igazi \u00f6r\u00f6mnek, az Istennel val\u00f3 tal\u00e1lkoz\u00e1snak sok \u00e9s k\u00fcl\u00f6nf\u00e9le alkalm\u00e1t. Mi, illetve ki az \u00e9n az \u00e9n \u00f6r\u00f6m\u00f6mnek a forr\u00e1sa?\u00a0 Ritk\u00e1n ugyan, de megteszem. Gyalog indulok \u00fatra. Ilyenkor, amennyiben van lehet\u0151s\u00e9gem, egyszer\u0171en csak p\u00e1szt\u00e1zom tekintetemmel a k\u00f6r\u00fcl\u00f6ttem l\u00e9v\u0151 embereket. \u00c9rdekes \u00e9s tanuls\u00e1gos megtapasztal\u00e1s. Minden ember egy k\u00fcl\u00f6n vil\u00e1g! Szinte kiv\u00e9tel n\u00e9lk\u00fcl mindenki mintegy bez\u00e1rk\u00f3zik a maga teremtette, sz\u0171k, virtu\u00e1lis vil\u00e1gba. M\u00e1r ki sem n\u00e9z bel\u0151le. Rohan\u00e1s, siet\u00e9s, izgatotts\u00e1g, nyugtalans\u00e1g \u00e9rz\u00e9se, nem utols\u00f3 sorban a stressz okozta f\u00e1radts\u00e1g \u00fcl ki arcukon. Olykor magamnak is felteszem a k\u00e9rd\u00e9st: Vajon m\u00e1sok mit l\u00e1tnak rajtam? Milyennek mutatkozom? Hordozom-e az \u00f6r\u00f6m \u00e9rz\u00e9s\u00e9t sz\u00edvemben? K\u00e9sz vagyok ezt az \u00e9rz\u00e9st megosztani m\u00e1sokkal? &#8211; Ezekre nekem kell v\u00e1laszolnom. Az olvasm\u00e1ny alap\u00fczenete: &#8222;B\u00e1tors\u00e1g! Ne f\u00e9ljetek!&#8221; A kereszt\u00e9ny ember alapvet\u0151en optimista kell hogy legyen. Ezen emberi magatart\u00e1s forr\u00e1sa \u00e9s alapja: \u00c9letem Isten tenyer\u00e9ben nyugszik. A szentlecke az \u00e1llhatatoss\u00e1g \u00e9s t\u00fcrelem er\u00e9nyeit emeli ki. Mind k\u00e9t er\u00e9ny gyakorl\u00e1s\u00e1ra sz\u00e1mtalan lehet\u0151s\u00e9gem \u00e9s es\u00e9lyem k\u00edn\u00e1lkozik. \u00c9ljek h\u00e1t e lehet\u0151s\u00e9gekkel \u00e9s es\u00e9lyekkel Keresztel\u0151 J\u00e1nost \u00e1ll\u00edtja p\u00e9ldak\u00e9pk\u00e9nt hallgat\u00f3s\u00e1ga sz\u00e1m\u00e1ra az \u00dar J\u00e9zus. Azt a J\u00e1nost, aki mindig \u00f6nazonos volt. \u00d6nmag\u00e1t adta, s nem akart senki m\u00e1s elv\u00e1r\u00e1sainak megfelelni. Mi az, ami motiv\u00e1l cselekedeteimben \u00e9s viselked\u00e9semben? Tanuljak meg m\u00e1sok v\u00e9lem\u00e9nyeit\u0151l \u00e9s elv\u00e1r\u00e1sait\u00f3l f\u00fcggetlen\u00fcl j\u00f3l \u00e9s helyesen d\u00f6nteni. Kezd\u0151\u00e9nek: \u00d6r\u00fcljetek az \u00darban mindig, \u00fajra mondom: \u00f6r\u00fcljetek! Az \u00dar k\u00f6zel van! (V\u00f6. Fil 4,4.5) K\u00f6ny\u00f6rg\u00e9s: Isten\u00fcnk, te l\u00e1tod, hogy n\u00e9ped milyen h\u0171s\u00e9ges l\u00e9lekkel v\u00e1rja Ur\u00e1nak sz\u00fclet\u00e9se napj\u00e1t. Add, k\u00e9r\u00fcnk, hogy el\u00e9rkezz\u00fcnk az \u00fcdv\u00f6ss\u00e9g nagy \u00f6r\u00f6m\u00e9re, s \u00f6rvendez\u0151 l\u00e9lekkel, \u00e1h\u00edtatosan \u00fcnnepelj\u00fcnk. A mi Urunk, J\u00e9zus Krisztus, a te Fiad \u00e1ltal, aki veled \u00e9l \u00e9s uralkodik a Szentl\u00e9lekkel egys\u00e9gben, Isten mind\u00f6r\u00f6kk\u00f6n \u00f6r\u00f6kk\u00e9. OLVASM\u00c1NY Izaj\u00e1s pr\u00f3f\u00e9ta k\u00f6nyv\u00e9b\u0151l (Iz 35,1-6a.10) Maga az Isten... R\u00e9szletek"}