{"version":"1.0","provider_name":"Stuttgarti Katolikusok","provider_url":"https:\/\/stuttgarti-katolikusok.de","title":"Advent 3. vas\u00e1rnapja \u2013 Gaudete-vas\u00e1rnap - Stuttgarti Katolikusok","type":"rich","width":600,"height":338,"html":"<blockquote class=\"wp-embedded-content\" data-secret=\"Rzt3hkSNks\"><a href=\"https:\/\/stuttgarti-katolikusok.de\/index.php\/advent-3-vasarnapja-gaudete-vasarnap-2\/\">Advent 3. vas\u00e1rnapja \u2013 Gaudete-vas\u00e1rnap<\/a><\/blockquote><iframe sandbox=\"allow-scripts\" security=\"restricted\" src=\"https:\/\/stuttgarti-katolikusok.de\/index.php\/advent-3-vasarnapja-gaudete-vasarnap-2\/embed\/#?secret=Rzt3hkSNks\" width=\"600\" height=\"338\" title=\"&#8220;Advent 3. vas\u00e1rnapja \u2013 Gaudete-vas\u00e1rnap&#8221; &#8212; Stuttgarti Katolikusok\" data-secret=\"Rzt3hkSNks\" frameborder=\"0\" marginwidth=\"0\" marginheight=\"0\" scrolling=\"no\" class=\"wp-embedded-content\"><\/iframe><script type=\"text\/javascript\">\n\/* <![CDATA[ *\/\n\/*! This file is auto-generated *\/\n!function(d,l){\"use strict\";l.querySelector&&d.addEventListener&&\"undefined\"!=typeof URL&&(d.wp=d.wp||{},d.wp.receiveEmbedMessage||(d.wp.receiveEmbedMessage=function(e){var t=e.data;if((t||t.secret||t.message||t.value)&&!\/[^a-zA-Z0-9]\/.test(t.secret)){for(var s,r,n,a=l.querySelectorAll('iframe[data-secret=\"'+t.secret+'\"]'),o=l.querySelectorAll('blockquote[data-secret=\"'+t.secret+'\"]'),c=new RegExp(\"^https?:$\",\"i\"),i=0;i<o.length;i++)o[i].style.display=\"none\";for(i=0;i<a.length;i++)s=a[i],e.source===s.contentWindow&&(s.removeAttribute(\"style\"),\"height\"===t.message?(1e3<(r=parseInt(t.value,10))?r=1e3:~~r<200&&(r=200),s.height=r):\"link\"===t.message&&(r=new URL(s.getAttribute(\"src\")),n=new URL(t.value),c.test(n.protocol))&&n.host===r.host&&l.activeElement===s&&(d.top.location.href=t.value))}},d.addEventListener(\"message\",d.wp.receiveEmbedMessage,!1),l.addEventListener(\"DOMContentLoaded\",function(){for(var e,t,s=l.querySelectorAll(\"iframe.wp-embedded-content\"),r=0;r<s.length;r++)(t=(e=s[r]).getAttribute(\"data-secret\"))||(t=Math.random().toString(36).substring(2,12),e.src+=\"#?secret=\"+t,e.setAttribute(\"data-secret\",t)),e.contentWindow.postMessage({message:\"ready\",secret:t},\"*\")},!1)))}(window,document);\n\/\/# sourceURL=https:\/\/stuttgarti-katolikusok.de\/wp-includes\/js\/wp-embed.min.js\n\/* ]]> *\/\n<\/script>\n","thumbnail_url":"https:\/\/stuttgarti-katolikusok.de\/wp-content\/uploads\/2023\/12\/tuttlingen-5jpg.jpg","thumbnail_width":1925,"thumbnail_height":1331,"description":"A kereszt\u00e9nys\u00e9g az \u00f6r\u00f6m vall\u00e1sa. Ez\u00e9rt van az, hogy a k\u00e9t b\u0171nb\u00e1nati id\u0151ben (Adventben \u00e9s Nagyb\u00f6jtben) egy-egy vas\u00e1rnapot az \u00f6r\u00f6mnek szentel. Egyh\u00e1zunk p\u00e9ld\u00e1ja szerint haszn\u00e1ljuk fel mi is az igazi \u00f6r\u00f6mnek, az Istennel val\u00f3 tal\u00e1lkoz\u00e1snak sok \u00e9s k\u00fcl\u00f6nf\u00e9le alkalm\u00e1t.\u00a0 A Baptista Szeretetszolg\u00e1lat a k\u00f6zm\u00e9dia idei tizenharmadik alkalommal meghirdetett &#8222;J\u00f3nak lenni j\u00f3!&#8221; adom\u00e1nygy\u0171jt\u0151 akci\u00f3j\u00e1nak kedvezm\u00e9nyezettje. A szervezet c\u00e9lja a sokr\u00e9t\u0171 t\u00e1mogat\u00e1s biztos\u00edt\u00e1sa mellett, egy Eur\u00f3p\u00e1ban is egyed\u00fcl\u00e1ll\u00f3 \u00faj gyermekhospice int\u00e9zm\u00e9ny \u00e9p\u00edt\u00e9se gy\u00f3gy\u00edthatatlan beteg gyermekek sz\u00e1m\u00e1ra. Az \u00e1ltaluk fenntartott T\u00e1bitha Gyermekhospice H\u00e1zat t\u00e1mogatjuk ez\u00e1ltal. Ezen int\u00e9zm\u00e9nyben t\u00e9r\u00edt\u00e9smentesen kaphatnak seg\u00edts\u00e9get a gy\u00f3gy\u00edthatatlan betegs\u00e9ggel k\u00fczd\u0151 gyermekek \u00e9s csal\u00e1dtagjaik. Ez szakszer\u0171 orvosi ell\u00e1t\u00e1st, \u00e1pol\u00e1st, tov\u00e1bb\u00e1 m\u00e9lt\u00f3 \u00e9s szeretetteljes k\u00f6rnyezetet jelent. Mindazokkal, akikkel egy\u00fctt vagyunk Stuttgartban 2024. december 15-\u00e9n, meg\u00e9lhetj\u00fck k\u00f6z\u00f6s \u00f6r\u00f6mben az &#8222;Egy\u00fctt j\u00f3nak lenni m\u00e9g jobb!&#8221; felh\u00edv\u00e1sunknak igazi m\u00e9lys\u00e9g\u00e9t \u00e9s tartalm\u00e1t. Az \u00f6kumenikus istentiszteleten t\u00fal sz\u00ednes program v\u00e1r minden j\u00f3sz\u00e1nd\u00e9k\u00fa \u00e9s seg\u00edt\u0151k\u00e9sz Testv\u00e9rt. K\u00e9r\u00fcnk, tarts vel\u00fcnk ezen a napon! Nyisd meg sz\u00edvedet annak a szeretetteljes k\u00f6sz\u00f6netnek befogad\u00e1s\u00e1ra, amelyet azok a gyermekek k\u00fcldenek majd neked, akiknek \u00e9let\u00e9t var\u00e1zsolod szebb\u00e9 nagylelk\u0171 adom\u00e1nyoddal. Mi ez, ha nem az igazi \u00f6r\u00f6m megtapasztal\u00e1sa Gaudete vas\u00e1rnapj\u00e1n. Bar\u00e1ts\u00e1ggal, Tibor atya * * * * * * * * * Kezd\u0151\u00e9nek: \u00d6r\u00fcljetek az \u00darban mindig, \u00fajra mondom: \u00f6r\u00fcljetek! Az \u00dar k\u00f6zel van! (V\u00f6. Fil 4,4.5) K\u00f6ny\u00f6rg\u00e9s: Isten\u00fcnk, te l\u00e1tod, hogy n\u00e9ped milyen h\u0171s\u00e9ges l\u00e9lekkel v\u00e1rja Ur\u00e1nak sz\u00fclet\u00e9se napj\u00e1t. Add, k\u00e9r\u00fcnk, hogy el\u00e9rkezz\u00fcnk az \u00fcdv\u00f6ss\u00e9g nagy \u00f6r\u00f6m\u00e9re, s \u00f6rvendez\u0151 l\u00e9lekkel, \u00e1h\u00edtatosan \u00fcnnepelj\u00fcnk. A mi Urunk, J\u00e9zus Krisztus, a te Fiad \u00e1ltal, aki veled \u00e9l \u00e9s uralkodik a Szentl\u00e9lekkel egys\u00e9gben, Isten mind\u00f6r\u00f6kk\u00f6n \u00f6r\u00f6kk\u00e9. OLVASM\u00c1NY Szofoni\u00e1s pr\u00f3f\u00e9ta k\u00f6nyv\u00e9b\u0151l (Szof 3,14-18a) \u00d6rvendjetek! Gy\u0151zelmet aratott az \u00dar! Dalolj, Sion le\u00e1nya, zengj \u00e9neket, Izrael! \u00d6r\u00fclj \u00e9s ujjongj eg\u00e9sz sz\u00edvedb\u0151l Jeruzs\u00e1lem le\u00e1nya! Elvette az \u00dar \u00edt\u00e9letedet, el\u0171zte ellens\u00e9gedet, Izrael kir\u00e1lya, az \u00dar k\u00f6z\u00f6ttetek van, ne f\u00e9lj t\u00f6bb\u00e9 semmi rosszt\u00f3l! Azon a napon \u00edgy sz\u00f3lnak majd Jeruzs\u00e1lemben: \u201eNe f\u00e9lj, Sion!... R\u00e9szletek"}