{"version":"1.0","provider_name":"Stuttgarti Katolikusok","provider_url":"https:\/\/stuttgarti-katolikusok.de","title":"Advent 3. \u00e9s 4. vas\u00e1rnapj\u00e1ra - Stuttgarti Katolikusok","type":"rich","width":600,"height":338,"html":"<blockquote class=\"wp-embedded-content\" data-secret=\"JRwsPhiRo5\"><a href=\"https:\/\/stuttgarti-katolikusok.de\/index.php\/advent-3-es-4-vasarnapjara\/\">Advent 3. \u00e9s 4. vas\u00e1rnapj\u00e1ra<\/a><\/blockquote><iframe sandbox=\"allow-scripts\" security=\"restricted\" src=\"https:\/\/stuttgarti-katolikusok.de\/index.php\/advent-3-es-4-vasarnapjara\/embed\/#?secret=JRwsPhiRo5\" width=\"600\" height=\"338\" title=\"&#8220;Advent 3. \u00e9s 4. vas\u00e1rnapj\u00e1ra&#8221; &#8212; Stuttgarti Katolikusok\" data-secret=\"JRwsPhiRo5\" frameborder=\"0\" marginwidth=\"0\" marginheight=\"0\" scrolling=\"no\" class=\"wp-embedded-content\"><\/iframe><script type=\"text\/javascript\">\n\/* <![CDATA[ *\/\n\/*! This file is auto-generated *\/\n!function(d,l){\"use strict\";l.querySelector&&d.addEventListener&&\"undefined\"!=typeof URL&&(d.wp=d.wp||{},d.wp.receiveEmbedMessage||(d.wp.receiveEmbedMessage=function(e){var t=e.data;if((t||t.secret||t.message||t.value)&&!\/[^a-zA-Z0-9]\/.test(t.secret)){for(var s,r,n,a=l.querySelectorAll('iframe[data-secret=\"'+t.secret+'\"]'),o=l.querySelectorAll('blockquote[data-secret=\"'+t.secret+'\"]'),c=new RegExp(\"^https?:$\",\"i\"),i=0;i<o.length;i++)o[i].style.display=\"none\";for(i=0;i<a.length;i++)s=a[i],e.source===s.contentWindow&&(s.removeAttribute(\"style\"),\"height\"===t.message?(1e3<(r=parseInt(t.value,10))?r=1e3:~~r<200&&(r=200),s.height=r):\"link\"===t.message&&(r=new URL(s.getAttribute(\"src\")),n=new URL(t.value),c.test(n.protocol))&&n.host===r.host&&l.activeElement===s&&(d.top.location.href=t.value))}},d.addEventListener(\"message\",d.wp.receiveEmbedMessage,!1),l.addEventListener(\"DOMContentLoaded\",function(){for(var e,t,s=l.querySelectorAll(\"iframe.wp-embedded-content\"),r=0;r<s.length;r++)(t=(e=s[r]).getAttribute(\"data-secret\"))||(t=Math.random().toString(36).substring(2,12),e.src+=\"#?secret=\"+t,e.setAttribute(\"data-secret\",t)),e.contentWindow.postMessage({message:\"ready\",secret:t},\"*\")},!1)))}(window,document);\n\/\/# sourceURL=https:\/\/stuttgarti-katolikusok.de\/wp-includes\/js\/wp-embed.min.js\n\/* ]]> *\/\n<\/script>\n","description":"2019. december 15. ADVENT 3. VAS\u00c1RNAPJA Az adventi \u00f6r\u00f6m vas\u00e1rnapja. \u201eS\u00f6t\u00e9tben j\u00e1runk, hajnalra v\u00e1runk\u201d (SzVU 13), Krisztusra, Kar\u00e1csonyra v\u00e1runk. A v\u00e1rakoz\u00e1s k\u00e9sz\u00fcletet is jelent. Igyeksz\u00fcnk m\u00e9lt\u00f3k lenni ahhoz, aki j\u00f6n \u00e9s aki vel\u00fcnk marad s a mi\u00e9nk marad. OLVASM\u00c1NY\u00a0 \u00a0\u00a0\u00a0\u00a0\u00a0\u00a0\u00a0\u00a0\u00a0\u00a0\u00a0\u00a0\u00a0\u00a0\u00a0\u00a0\u00a0\u00a0\u00a0\u00a0\u00a0\u00a0\u00a0\u00a0\u00a0\u00a0\u00a0\u00a0\u00a0\u00a0\u00a0\u00a0\u00a0\u00a0\u00a0\u00a0\u00a0\u00a0\u00a0\u00a0\u00a0\u00a0\u00a0\u00a0\u00a0Iz 1, 1\u20136a. 10 Ami a beteg ember sz\u00e1m\u00e1ra a gy\u00f3gyul\u00e1s \u00e9s az eg\u00e9szs\u00e9g, azt hozza az \u00dcdv\u00f6z\u00edt\u0151 az embereknek. Ami az \u00f6r\u00f6m a szomorkod\u00f3nak, ami a szabads\u00e1g a rabnak, abban r\u00e9szes\u00edt benn\u00fcnket az \u00dar. A f\u00e9l\u00e9nknek b\u00e1tors\u00e1got, a vaknak tiszt\u00e1nl\u00e1t\u00e1st aj\u00e1nd\u00e9koz az Isten. V\u00c1LASZOS ZSOLT\u00c1R\u00a0\u00a0\u00a0\u00a0\u00a0\u00a0\u00a0\u00a0\u00a0\u00a0 \u00a0\u00a0\u00a0\u00a0\u00a0\u00a0\u00a0\u00a0\u00a0\u00a0\u00a0\u00a0145, 7. 8\u20139a. 9bc\u201310 V\u00e1lasz: J\u00f6jj el, Urunk, Isten\u00fcnk: * \u00a0\u00a0\u00a0\u00a0\u00a0\u00a0\u00a0\u00a0\u00a0\u00a0\u00a0\u00a0\u00a0 \u00dcdv\u00f6z\u00edts minket. SZENTLECKE\u00a0\u00a0 \u00a0\u00a0\u00a0\u00a0\u00a0\u00a0\u00a0\u00a0\u00a0\u00a0\u00a0\u00a0\u00a0\u00a0\u00a0\u00a0\u00a0\u00a0\u00a0\u00a0\u00a0\u00a0\u00a0\u00a0\u00a0\u00a0\u00a0\u00a0\u00a0\u00a0\u00a0\u00a0\u00a0\u00a0\u00a0\u00a0\u00a0\u00a0\u00a0\u00a0\u00a0\u00a0\u00a0\u00a0\u00a0\u00a0\u00a0\u00a0Jak 5, 7\u201310 Korunknak betegs\u00e9ge a t\u00fcrelmetlens\u00e9g \u00e9s az \u00e1llhatatlans\u00e1g. A mai embernek minden azonnal kellene. Istent\u0151l is. Erre vonatkozik a mond\u00e1s: \u201eAdj, Uram, de r\u00f6gt\u00f6n!\u201d Az igazi lelki \u00e9let viszont \u00e9ppen az ellenkez\u0151je ennek: t\u00fcrelemre, kitart\u00e1sra \u00e9p\u00fcl. ALLELUJA \u00a0\u00a0\u00a0\u00a0\u00a0\u00a0\u00a0\u00a0\u00a0\u00a0\u00a0\u00a0\u00a0\u00a0\u00a0\u00a0\u00a0\u00a0\u00a0\u00a0\u00a0\u00a0\u00a0\u00a0\u00a0\u00a0\u00a0\u00a0\u00a0\u00a0\u00a0\u00a0\u00a0\u00a0\u00a0\u00a0\u00a0\u00a0\u00a0\u00a0\u00a0\u00a0\u00a0\u00a0\u00a0\u00a0\u00a0\u00a0\u00a0\u00a0\u00a0\u00a0\u00a0\u00a0\u00a0\u00a0\u00a0\u00a0\u00a0\u00a0\u00a0\u00a0\u00a0\u00a0\u00a0\u00a0\u00a0\u00a0\u00a0\u00a0Iz 61, 1 Az \u00dar lelke van rajtam: * elk\u00fcld\u00f6tt, hogy a szeg\u00e9nyeknek \u00f6r\u00f6mh\u00edrt vigyek. EVANG\u00c9LIUM \u00a0\u00a0\u00a0\u00a0\u00a0\u00a0\u00a0\u00a0\u00a0\u00a0\u00a0\u00a0\u00a0\u00a0\u00a0\u00a0\u00a0\u00a0\u00a0\u00a0\u00a0\u00a0\u00a0\u00a0\u00a0\u00a0\u00a0\u00a0\u00a0\u00a0\u00a0\u00a0\u00a0\u00a0\u00a0\u00a0\u00a0\u00a0\u00a0\u00a0\u00a0\u00a0\u00a0\u00a0\u00a0\u00a0\u00a0Mt 11, 2\u201311 Keresztel\u0151 J\u00e1nos k\u00e9rd\u00e9se az emberis\u00e9g k\u00e9rd\u00e9se is. Mir\u0151l lehet felismerni a Megv\u00e1lt\u00f3t? J\u00f3s\u00e1g\u00e1r\u00f3l \u00e9s szeretet\u00e9r\u0151l. Nem megy el \u00e9rz\u00e9ketlen\u00fcl a szenved\u0151 ember mellett: seg\u00edt, gy\u00f3gy\u00edt, \u00f6r\u00f6met hirdet. AZ EUCHARISZTI\u00c1HOZ Az evang\u00e9liumot a szeg\u00e9nyeknek hirdetik! S \u0151k meghallj\u00e1k Isten szav\u00e1t: nem alkudoznak, befogadj\u00e1k azt. J\u00e9zus az \u00e9gb\u0151l sz\u00e1llott \u00e9l\u0151 kenyeret adja nek\u00fcnk, ha elfogadjuk a lakom\u00e1ra val\u00f3 megh\u00edv\u00e1st. \u00c1LDOZ\u00c1SI \u00c9NEK\u00a0\u00a0\u00a0\u00a0\u00a0\u00a0\u00a0\u00a0\u00a0\u00a0\u00a0\u00a0\u00a0\u00a0\u00a0\u00a0\u00a0\u00a0\u00a0\u00a0\u00a0\u00a0\u00a0\u00a0\u00a0\u00a0\u00a0\u00a0\u00a0\u00a0\u00a0\u00a0\u00a0\u00a0\u00a0\u00a0\u00a0\u00a0\u00a0\u00a0\u00a0\u00a0\u00a0\u00a0\u00a0\u00a0\u00a0\u00a0\u00a0\u00a0\u00a0 v\u00f6. Iz 35, 4 Mondj\u00e1tok a cs\u00fcggedt sz\u00edv\u0171eknek: B\u00e1tors\u00e1g! Ne f\u00e9ljetek! N\u00e9zz\u00e9tek, elj\u00f6n a mi Isten\u00fcnk, hogy szabadul\u00e1st hozzon nek\u00fcnk. ELM\u00c9LKED\u00c9S \u00a0\u00a0 AKARATOD SZERINT Uram, az t\u00f6rt\u00e9nj\u00e9k velem, amit akarsz, s \u00fagy t\u00f6rt\u00e9nj\u00e9k, ahogyan akarod, csak seg\u00edts, hogy meg\u00e9rtsem akaratodat. Uram, amikor akarod, akkor van a cselekv\u00e9s ideje, s amikor akarod, mindig k\u00e9sz vagyok, ma \u00e9s mind\u00f6r\u00f6kre. Uram, amit te akarsz, magamra v\u00e1llalom, s amit te akarsz, sz\u00e1momra nyeres\u00e9g. Az a fontos, hogy a tied legyek. Uram, mert te akarod, az\u00e9rt j\u00f3 minden, s... R\u00e9szletek"}