{"version":"1.0","provider_name":"Stuttgarti Katolikusok","provider_url":"https:\/\/stuttgarti-katolikusok.de","title":"Advent 2. vas\u00e1rnapj\u00e1ra - Stuttgarti Katolikusok","type":"rich","width":600,"height":338,"html":"<blockquote class=\"wp-embedded-content\" data-secret=\"o2zRNN57Bu\"><a href=\"https:\/\/stuttgarti-katolikusok.de\/index.php\/advent-2-vasarnapjara\/\">Advent 2. vas\u00e1rnapj\u00e1ra<\/a><\/blockquote><iframe sandbox=\"allow-scripts\" security=\"restricted\" src=\"https:\/\/stuttgarti-katolikusok.de\/index.php\/advent-2-vasarnapjara\/embed\/#?secret=o2zRNN57Bu\" width=\"600\" height=\"338\" title=\"&#8220;Advent 2. vas\u00e1rnapj\u00e1ra&#8221; &#8212; Stuttgarti Katolikusok\" data-secret=\"o2zRNN57Bu\" frameborder=\"0\" marginwidth=\"0\" marginheight=\"0\" scrolling=\"no\" class=\"wp-embedded-content\"><\/iframe><script type=\"text\/javascript\">\n\/* <![CDATA[ *\/\n\/*! This file is auto-generated *\/\n!function(d,l){\"use strict\";l.querySelector&&d.addEventListener&&\"undefined\"!=typeof URL&&(d.wp=d.wp||{},d.wp.receiveEmbedMessage||(d.wp.receiveEmbedMessage=function(e){var t=e.data;if((t||t.secret||t.message||t.value)&&!\/[^a-zA-Z0-9]\/.test(t.secret)){for(var s,r,n,a=l.querySelectorAll('iframe[data-secret=\"'+t.secret+'\"]'),o=l.querySelectorAll('blockquote[data-secret=\"'+t.secret+'\"]'),c=new RegExp(\"^https?:$\",\"i\"),i=0;i<o.length;i++)o[i].style.display=\"none\";for(i=0;i<a.length;i++)s=a[i],e.source===s.contentWindow&&(s.removeAttribute(\"style\"),\"height\"===t.message?(1e3<(r=parseInt(t.value,10))?r=1e3:~~r<200&&(r=200),s.height=r):\"link\"===t.message&&(r=new URL(s.getAttribute(\"src\")),n=new URL(t.value),c.test(n.protocol))&&n.host===r.host&&l.activeElement===s&&(d.top.location.href=t.value))}},d.addEventListener(\"message\",d.wp.receiveEmbedMessage,!1),l.addEventListener(\"DOMContentLoaded\",function(){for(var e,t,s=l.querySelectorAll(\"iframe.wp-embedded-content\"),r=0;r<s.length;r++)(t=(e=s[r]).getAttribute(\"data-secret\"))||(t=Math.random().toString(36).substring(2,12),e.src+=\"#?secret=\"+t,e.setAttribute(\"data-secret\",t)),e.contentWindow.postMessage({message:\"ready\",secret:t},\"*\")},!1)))}(window,document);\n\/\/# sourceURL=https:\/\/stuttgarti-katolikusok.de\/wp-includes\/js\/wp-embed.min.js\n\/* ]]> *\/\n<\/script>\n","description":"2019. december 8. ADVENT 2. VAS\u00c1RNAPJA &nbsp; Az emberis\u00e9g \u00f6r\u00f6k probl\u00e9m\u00e1ja az irigys\u00e9g, a verseng\u00e9s, a gy\u0171l\u00f6lk\u00f6d\u00e9s, a b\u00e9k\u00e9tlens\u00e9g \u00e9s a h\u00e1bor\u00fa. \u00d6r\u00f6k v\u00e1gy is \u00e9l az ember lelke m\u00e9ly\u00e9n, b\u00e9k\u00e9t k\u00edv\u00e1n. Ehhez azonban az embernek \u00fajra \u00e9s \u00fajra le kell mondania \u00f6nz\u00e9s\u00e9r\u0151l, meg kell t\u00e9rnie. OLVASM\u00c1NY \u00a0\u00a0\u00a0\u00a0\u00a0\u00a0\u00a0\u00a0\u00a0\u00a0\u00a0\u00a0\u00a0\u00a0\u00a0\u00a0\u00a0\u00a0\u00a0\u00a0\u00a0\u00a0\u00a0\u00a0\u00a0\u00a0\u00a0\u00a0\u00a0\u00a0\u00a0\u00a0\u00a0\u00a0\u00a0\u00a0\u00a0\u00a0\u00a0\u00a0\u00a0\u00a0\u00a0\u00a0\u00a0\u00a0\u00a0\u00a0\u00a0\u00a0\u00a0\u00a0Iz 1, 1\u201310 V\u00e1rjuk a Megv\u00e1lt\u00f3t, akin az \u00dar lelke nyugszik, s ez\u00e9rt \u0151 hoz b\u00f6lcsess\u00e9get, \u00e9rtelmet, j\u00f3tan\u00e1csot, er\u0151t, igazi tud\u00e1st, \u00e9s \u0151 gy\u0151z a gonoszs\u00e1g felett. V\u00c1LASZOS ZSOLT\u00c1R\u00a0\u00a0\u00a0\u00a0\u00a0\u00a0\u00a0\u00a0\u00a0\u00a0\u00a0\u00a0\u00a0 71, 2. 7\u20138. 3\u20134a. 12\u201313. 17 V\u00e1lasz: Napjaiban az igazs\u00e1g vir\u00e1ga ny\u00edlj\u00e9k,* \u00a0\u00a0\u00a0\u00a0\u00a0\u00a0\u00a0\u00a0\u00a0\u00a0\u00a0\u00a0 \u00e9s teljes b\u00e9ke legyen a vil\u00e1g v\u00e9g\u00e9ig. SZENTLECKE \u00a0\u00a0\u00a0\u00a0\u00a0\u00a0\u00a0\u00a0\u00a0\u00a0\u00a0\u00a0\u00a0\u00a0\u00a0\u00a0\u00a0\u00a0\u00a0\u00a0\u00a0\u00a0\u00a0\u00a0\u00a0\u00a0\u00a0\u00a0\u00a0\u00a0\u00a0\u00a0\u00a0\u00a0\u00a0\u00a0\u00a0\u00a0\u00a0\u00a0\u00a0\u00a0\u00a0\u00a0\u00a0\u00a0\u00a0\u00a0R\u00f3m 15, 4\u20139 Isten teljes\u00edtette \u00edg\u00e9ret\u00e9t. Fi\u00e1t k\u00fcldte hozz\u00e1nk. Teljes\u00edtj\u00fck-e mi kereszts\u00e9gi \u00edg\u00e9ret\u00fcnket? Irgalmas volt az \u00dar mindenkihez. Irgalmasak vagyunk-e vele egy\u00fctt? Szeretetet hozott. Szeretetben \u00e9l\u00fcnk-e? ALLELUJA\u00a0\u00a0\u00a0\u00a0\u00a0\u00a0\u00a0\u00a0\u00a0\u00a0\u00a0\u00a0\u00a0\u00a0\u00a0\u00a0\u00a0\u00a0\u00a0\u00a0\u00a0\u00a0\u00a0\u00a0\u00a0\u00a0\u00a0\u00a0\u00a0\u00a0\u00a0\u00a0\u00a0\u00a0\u00a0\u00a0\u00a0\u00a0\u00a0\u00a0\u00a0\u00a0\u00a0\u00a0\u00a0\u00a0\u00a0\u00a0\u00a0\u00a0\u00a0\u00a0\u00a0\u00a0\u00a0\u00a0\u00a0\u00a0\u00a0\u00a0\u00a0\u00a0\u00a0\u00a0\u00a0\u00a0 Lk 3, 4. 6 K\u00e9sz\u00edts\u00e9tek el\u0151 az \u00dar \u00fatj\u00e1t! Egyengess\u00e9tek \u00f6sv\u00e9ny\u00e9t, * \u00e9s minden ember megl\u00e1tja az \u00dcdv\u00f6z\u00edt\u0151t, akit elk\u00fcld az Isten. EVANG\u00c9LIUM\u00a0\u00a0\u00a0\u00a0\u00a0\u00a0\u00a0\u00a0\u00a0\u00a0\u00a0\u00a0\u00a0\u00a0\u00a0\u00a0\u00a0\u00a0\u00a0\u00a0\u00a0\u00a0\u00a0\u00a0\u00a0\u00a0\u00a0\u00a0\u00a0\u00a0\u00a0\u00a0\u00a0\u00a0\u00a0\u00a0\u00a0\u00a0\u00a0\u00a0\u00a0\u00a0\u00a0\u00a0\u00a0\u00a0\u00a0\u00a0\u00a0 Mt 3, 1\u201312 A szokatlanul szigor\u00fa Keresztel\u0151 J\u00e1nos komoly megt\u00e9r\u00e9sre figyelmezteti az embereket, s arra, hogy ennek az ideje el\u00e9rkezett. Itt a \u201emennyek orsz\u00e1ga\u201d! B\u0171nb\u00e1natot hirdet, s jelzi azt is, hogy J\u00e9zus ez\u00e9rt j\u00f6n, hogy a b\u0171nt\u0151l megtiszt\u00edtsa a vil\u00e1got. R\u00d6VID FOH\u00c1SZOK Tiszt\u00edtsd meg, Urunk, sz\u00edv\u00fcnket a b\u0171nb\u00e1natban, hogy bizakodva v\u00e1rhassuk tal\u00e1lkoz\u00e1sunkat J\u00e9zus Krisztussal! * Add, hogy a h\u00edvek Kar\u00e1csonyra k\u00e9sz\u00fclve kegyelmed seg\u00edts\u00e9g\u00e9vel meg\u00faj\u00edts\u00e1k \u00e9let\u00fcket! * Seg\u00edtsd a n\u00e9pek vezet\u0151it, hogy eredm\u00e9nyesen szolg\u00e1lj\u00e1k a b\u00e9k\u00e9t \u00e9s az egyet\u00e9rt\u00e9st az eg\u00e9sz vil\u00e1gon! AZ EUCHARISZTI\u00c1HOZ J\u00e9zus az\u00e9rt j\u00f6tt, hogy t\u00fczet hozzon a f\u00f6ldre, hogy lelket \u00f6nts\u00f6n bel\u00e9nk az Isten lelk\u00e9b\u0151l, t\u00fczet az Isten sz\u00edv\u00e9b\u0151l. \u00daj emberr\u00e9 kell lenn\u00fcnk, s \u00faj sz\u00edvvel dics\u00e9rn\u00fcnk \u0151t \u00e9s h\u00e1l\u00e1t adnunk neki. ADVENTI IM\u00c1DS\u00c1G \u00a0\u00a0 Kihez ki\u00e1lthatn\u00e9k, \u00e9n Istenem, kihez fordulhatn\u00e9k seg\u00edts\u00e9g\u00e9rt, ha nem tehozz\u00e1d? Egyed\u00fcl csak Isten tudja teljes\u00edteni rem\u00e9nyeimet. Mert mag\u00e1t az Istent keresem, ut\u00e1nad v\u00e1gy\u00f3dom, Istenem! Hozz\u00e1d fordulok h\u00e1t, hogy el\u00e9rhesselek. Te teremtetted lelkemet, egyed\u00fcl csak te... R\u00e9szletek"}