{"version":"1.0","provider_name":"Stuttgarti Katolikusok","provider_url":"https:\/\/stuttgarti-katolikusok.de","title":"Advent 2. vas\u00e1rnapja - Stuttgarti Katolikusok","type":"rich","width":600,"height":338,"html":"<blockquote class=\"wp-embedded-content\" data-secret=\"KjzK7KSBy0\"><a href=\"https:\/\/stuttgarti-katolikusok.de\/index.php\/advent-2-vasarnapja-4\/\">Advent 2. vas\u00e1rnapja<\/a><\/blockquote><iframe sandbox=\"allow-scripts\" security=\"restricted\" src=\"https:\/\/stuttgarti-katolikusok.de\/index.php\/advent-2-vasarnapja-4\/embed\/#?secret=KjzK7KSBy0\" width=\"600\" height=\"338\" title=\"&#8220;Advent 2. vas\u00e1rnapja&#8221; &#8212; Stuttgarti Katolikusok\" data-secret=\"KjzK7KSBy0\" frameborder=\"0\" marginwidth=\"0\" marginheight=\"0\" scrolling=\"no\" class=\"wp-embedded-content\"><\/iframe><script type=\"text\/javascript\">\n\/* <![CDATA[ *\/\n\/*! This file is auto-generated *\/\n!function(d,l){\"use strict\";l.querySelector&&d.addEventListener&&\"undefined\"!=typeof URL&&(d.wp=d.wp||{},d.wp.receiveEmbedMessage||(d.wp.receiveEmbedMessage=function(e){var t=e.data;if((t||t.secret||t.message||t.value)&&!\/[^a-zA-Z0-9]\/.test(t.secret)){for(var s,r,n,a=l.querySelectorAll('iframe[data-secret=\"'+t.secret+'\"]'),o=l.querySelectorAll('blockquote[data-secret=\"'+t.secret+'\"]'),c=new RegExp(\"^https?:$\",\"i\"),i=0;i<o.length;i++)o[i].style.display=\"none\";for(i=0;i<a.length;i++)s=a[i],e.source===s.contentWindow&&(s.removeAttribute(\"style\"),\"height\"===t.message?(1e3<(r=parseInt(t.value,10))?r=1e3:~~r<200&&(r=200),s.height=r):\"link\"===t.message&&(r=new URL(s.getAttribute(\"src\")),n=new URL(t.value),c.test(n.protocol))&&n.host===r.host&&l.activeElement===s&&(d.top.location.href=t.value))}},d.addEventListener(\"message\",d.wp.receiveEmbedMessage,!1),l.addEventListener(\"DOMContentLoaded\",function(){for(var e,t,s=l.querySelectorAll(\"iframe.wp-embedded-content\"),r=0;r<s.length;r++)(t=(e=s[r]).getAttribute(\"data-secret\"))||(t=Math.random().toString(36).substring(2,12),e.src+=\"#?secret=\"+t,e.setAttribute(\"data-secret\",t)),e.contentWindow.postMessage({message:\"ready\",secret:t},\"*\")},!1)))}(window,document);\n\/\/# sourceURL=https:\/\/stuttgarti-katolikusok.de\/wp-includes\/js\/wp-embed.min.js\n\/* ]]> *\/\n<\/script>\n","thumbnail_url":"https:\/\/stuttgarti-katolikusok.de\/wp-content\/uploads\/2022\/12\/advent-2-stuttgart.jpg","thumbnail_width":2000,"thumbnail_height":1125,"description":"Csendesedj el! \u00c9ppen ez\u00e9rt az advent, mint kegyelmi id\u0151, lehet\u0151s\u00e9get k\u00edn\u00e1l az elcsendesed\u00e9sre. Tudatos \u00e9s egy\u00e9ni d\u00f6nt\u00e9sre van sz\u00fcks\u00e9gem, amely elhozhatja a bens\u0151 elcsendesed\u00e9st. Hallgasd a csend szav\u00e1t, s meghallod h\u00edv\u00e1s\u00e1t&#8230;\u00a0 Lass\u00edts! Szombaton hajnali \u00f3r\u00e1ban, 4 \u00f3rakor indultam el Stuttgartb\u00f3l Weingartenbe. P\u00e9ntek d\u00e9lut\u00e1n m\u00e9g jav\u00e1ban folyt a k\u00e9sz\u00fclet a vas\u00e1rnap tartand\u00f3 &#8222;Egy\u00fctt j\u00f3nak lenni m\u00e9g jobb!&#8221;, adom\u00e1nygy\u0171jt\u0151 napunkra. B\u00e1r fizikailag f\u00e1radt vagyok, nem sok id\u0151 jutott pihen\u00e9sre, lelkileg m\u00e9gis felt\u00f6lt\u0151dtem. A Bar\u00e1ts\u00e1gklub tagjai, a Must\u00e1rmagocska zene- \u00e9s bark\u00e1csk\u00f6r \u00e9s Szent Gell\u00e9rt kis bar\u00e1tai tett\u00e9k feledhetetlenn\u00e9 a d\u00e9lut\u00e1nt.\u00a0 J\u00f3 volt l\u00e1tni \u00e9s testk\u00f6zelb\u0151l meg\u00e9lni, ahogy gyermekek \u00e9s feln\u0151ttek \u00e1tl\u00e9pve minden akad\u00e1lyon, ugyanazon k\u00f6z\u00f6s c\u00e9l\u00e9rt f\u00e1radoznak. Maguk par\u00e1nyi f\u00e9ny\u00e9vel, \u00e9s az abb\u00f3l \u00e1rad\u00f3 szeretettel szeretn\u00e9k beragyogni a K\u00e1rp\u00e1talj\u00e1n \u00e9l\u0151, szeg\u00e9ny sors\u00fa gyermekek \u00e9let\u00e9t. Tegnap este \u00f3ta tudom, hogy ez nem marad \u00e1lom, vas\u00e1rnap meg\u00e9lt val\u00f3s\u00e1g lesz. Csendes \u00e9s kietlen volt az \u00fat. Egy id\u0151 ut\u00e1n arra lettem figyelmes, hogy rohanok, falom a m\u00e1sodperceket \u00e9s perceket. Mintha versenyt futn\u00e9k az id\u0151vel. F\u00e1radt vagyok, szeretn\u00e9m min\u00e9l hamarabb letudni az utat, m\u00e1r csak n\u00e9h\u00e1ny telep\u00fcl\u00e9s van h\u00e1tra. Senki sincs el\u0151ttem, m\u00e9gis lass\u00edtok. Ott a 30-as t\u00e1bla 22 &#8211; 6 \u00f3ra k\u00f6z\u00f6tt. M\u00e1sok m\u00e9g csendben pihennek, legyek r\u00e1juk tekintettel. Meg\u00e9rkeztem. Csend van \u00e9s s\u00f6t\u00e9t. \u00c9rdekes \u00e9s k\u00fcl\u00f6n\u00f6s \u00e9rz\u00e9s ker\u00edt hatalm\u00e1ba. Nem b\u00e9n\u00edt\u00f3 \u00e9s nem f\u00e9lelmetes ez a csend \u00e9s s\u00f6t\u00e9ts\u00e9g. Sokkal ink\u00e1bb b\u00e9k\u00e9s \u00e9s megnyugtat\u00f3, egy kicsit pihentet\u0151. Amennyiben te magad is v\u00e1gysz erre az \u00e9rz\u00e9sre, ne feledd, a tied lehet. Csak csendesedj el, lass\u00edts! Tibor atya Kezd\u0151\u00e9nek: Sion n\u00e9pe, \u00edme, j\u00f6n az \u00dar, hogy megmentse a nemzeteket, \u00e9s hallani fogj\u00e1tok dics\u0151s\u00e9ges szav\u00e1t, sz\u00edvetek \u00f6r\u00f6m\u00e9re. (V\u00f6. Iz 30,19.30) K\u00f6ny\u00f6rg\u00e9s: Mindenhat\u00f3, irgalmas Isten\u00fcnk, seg\u00edts, hogy szent v\u00e1gyakoz\u00e1ssal siess\u00fcnk Fiad el\u00e9. \u00d6r\u00f6k b\u00f6lcsess\u00e9geddel nevelj minket, hogy evil\u00e1gi elfoglalts\u00e1gaink ne akad\u00e1lyozzanak tal\u00e1lkoz\u00e1sunkban szent Fiaddal. Aki veled \u00e9l \u00e9s uralkodik a Szentl\u00e9lekkel egys\u00e9gben, Isten mind\u00f6r\u00f6kk\u00f6n \u00f6r\u00f6kk\u00e9. OLVASM\u00c1NY Izaj\u00e1s pr\u00f3f\u00e9ta k\u00f6nyv\u00e9b\u0151l... R\u00e9szletek"}