{"version":"1.0","provider_name":"Stuttgarti Katolikusok","provider_url":"https:\/\/stuttgarti-katolikusok.de","title":"Advent 2. vas\u00e1rnapja - Stuttgarti Katolikusok","type":"rich","width":600,"height":338,"html":"<blockquote class=\"wp-embedded-content\" data-secret=\"EDXDktbaza\"><a href=\"https:\/\/stuttgarti-katolikusok.de\/index.php\/advent-2-vasarnapja-3\/\">Advent 2. vas\u00e1rnapja<\/a><\/blockquote><iframe sandbox=\"allow-scripts\" security=\"restricted\" src=\"https:\/\/stuttgarti-katolikusok.de\/index.php\/advent-2-vasarnapja-3\/embed\/#?secret=EDXDktbaza\" width=\"600\" height=\"338\" title=\"&#8220;Advent 2. vas\u00e1rnapja&#8221; &#8212; Stuttgarti Katolikusok\" data-secret=\"EDXDktbaza\" frameborder=\"0\" marginwidth=\"0\" marginheight=\"0\" scrolling=\"no\" class=\"wp-embedded-content\"><\/iframe><script type=\"text\/javascript\">\n\/* <![CDATA[ *\/\n\/*! This file is auto-generated *\/\n!function(d,l){\"use strict\";l.querySelector&&d.addEventListener&&\"undefined\"!=typeof URL&&(d.wp=d.wp||{},d.wp.receiveEmbedMessage||(d.wp.receiveEmbedMessage=function(e){var t=e.data;if((t||t.secret||t.message||t.value)&&!\/[^a-zA-Z0-9]\/.test(t.secret)){for(var s,r,n,a=l.querySelectorAll('iframe[data-secret=\"'+t.secret+'\"]'),o=l.querySelectorAll('blockquote[data-secret=\"'+t.secret+'\"]'),c=new RegExp(\"^https?:$\",\"i\"),i=0;i<o.length;i++)o[i].style.display=\"none\";for(i=0;i<a.length;i++)s=a[i],e.source===s.contentWindow&&(s.removeAttribute(\"style\"),\"height\"===t.message?(1e3<(r=parseInt(t.value,10))?r=1e3:~~r<200&&(r=200),s.height=r):\"link\"===t.message&&(r=new URL(s.getAttribute(\"src\")),n=new URL(t.value),c.test(n.protocol))&&n.host===r.host&&l.activeElement===s&&(d.top.location.href=t.value))}},d.addEventListener(\"message\",d.wp.receiveEmbedMessage,!1),l.addEventListener(\"DOMContentLoaded\",function(){for(var e,t,s=l.querySelectorAll(\"iframe.wp-embedded-content\"),r=0;r<s.length;r++)(t=(e=s[r]).getAttribute(\"data-secret\"))||(t=Math.random().toString(36).substring(2,12),e.src+=\"#?secret=\"+t,e.setAttribute(\"data-secret\",t)),e.contentWindow.postMessage({message:\"ready\",secret:t},\"*\")},!1)))}(window,document);\n\/\/# sourceURL=https:\/\/stuttgarti-katolikusok.de\/wp-includes\/js\/wp-embed.min.js\n\/* ]]> *\/\n<\/script>\n","thumbnail_url":"https:\/\/stuttgarti-katolikusok.de\/wp-content\/uploads\/2022\/12\/advent-2-stuttgart.jpg","thumbnail_width":2000,"thumbnail_height":1125,"description":"Advent 2. vas\u00e1rnapj\u00e1n a szentmise k\u00f6ny\u00f6rg\u00e9se a bens\u0151 v\u00e1gyakoz\u00e1sunkr\u00f3l sz\u00f3l. V\u00e1gyaink \u00e9s az azokb\u00f3l sz\u00e1rmaz\u00f3 v\u00e1gyakoz\u00e1saink, mint felhajt\u00f3 er\u0151k, biztos\u00edtj\u00e1k sz\u00e1munkra azt a bels\u0151 dinamizmust, amely \u00f6r\u00f6k\u00f6s aktivit\u00e1sunk felt\u00e9telei is egyben. Tov\u00e1bb\u00e1 az\u00e9rt is foh\u00e1szkodunk, hogy evil\u00e1gi elfoglalts\u00e1gaink ne jelentsenek akad\u00e1lyt egy\u00e9ni el\u0151rehalad\u00e1sunkban. Egyre t\u00f6bbet panaszkodunk amiatt, hogy nincs id\u0151nk. \u00c9let\u00fcnk \u00e1lland\u00f3 rohan\u00e1s! Csendesedj el! \u00c9ppen ez\u00e9rt az advent, mint kegyelmi id\u0151, lehet\u0151s\u00e9get k\u00edn\u00e1l az elcsendesed\u00e9sre. Tudatos \u00e9s egy\u00e9ni d\u00f6nt\u00e9sre van sz\u00fcks\u00e9gem, amely elhozhatja a bens\u0151 elcsendesed\u00e9st. Hallgasd a csend szav\u00e1t, s meghallod h\u00edv\u00e1s\u00e1t&#8230;\u00a0 Lass\u00edts! P\u00e9nteken k\u00e9s\u0151 este indultam el Stuttgartb\u00f3l Weingartenbe. Csendes \u00e9s kietlen volt az \u00fat. Egy id\u0151 ut\u00e1n arra lettem figyelmes, hogy rohanok, falom a m\u00e1sodperceket \u00e9s perceket. Mintha versenyt futn\u00e9k az id\u0151vel. F\u00e1radt vagyok, szeretn\u00e9m min\u00e9l hamarabb letudni az utat, m\u00e1r csak k\u00e9t telep\u00fcl\u00e9s van h\u00e1tra. Senki sincs el\u0151ttem, m\u00e9gis lass\u00edtok. Ott a 30-as t\u00e1bla 22 &#8211; 6 \u00f3ra k\u00f6z\u00f6tt. M\u00e1soknak siker\u00fclt m\u00e1r elcsendesedni, legyek r\u00e1juk tekintettel. Kezd\u0151\u00e9nek: Sion n\u00e9pe! \u00cdme, j\u00f6n az \u00dar, hogy megmentse a nemzeteket; \u00e9s hallani fogj\u00e1tok dics\u0151s\u00e9ges hangj\u00e1t, sz\u00edvetek \u00f6r\u00f6m\u00e9re. (V\u00f6. Iz 30,19.30) K\u00f6ny\u00f6rg\u00e9s: Mindenhat\u00f3, irgalmas Isten\u00fcnk, seg\u00edts, hogy szent v\u00e1gyakoz\u00e1ssal siess\u00fcnk Fiad el\u00e9. Mennyei b\u00f6lcsess\u00e9geddel nevelj minket, hogy evil\u00e1gi elfoglalts\u00e1gaink ne akad\u00e1lyozzanak tal\u00e1lkoz\u00e1sunkban szent Fiaddal. Aki veled \u00e9l \u00e9s uralkodik a Szentl\u00e9lekkel egys\u00e9gben, Isten mind\u00f6r\u00f6kk\u00f6n \u00f6r\u00f6kk\u00e9. OLVASM\u00c1NY B\u00e1ruk pr\u00f3f\u00e9ta k\u00f6nyv\u00e9b\u0151l (B\u00e1r 5,1-9) V\u00e9get \u00e9r a fogs\u00e1g: boldog \u00e9let v\u00e1rja Isten n\u00e9p\u00e9t. Jeruzs\u00e1lem, vesd le a gy\u00e1sz \u00e9s az \u00edns\u00e9g ruh\u00e1j\u00e1t, \u00f6lt\u00f6zz\u00e9l annak a dics\u0151s\u00e9gnek d\u00edsz\u00e9be, amelyet Isten ad neked mind\u00f6r\u00f6kre. \u00d6ltsd fel Isten igazs\u00e1g\u00e1nak k\u00f6nt\u00f6s\u00e9t, s tedd fejedre az \u00d6r\u00f6kk\u00e9val\u00f3 dics\u0151s\u00e9g\u00e9nek koron\u00e1j\u00e1t, mert az Isten ismertt\u00e9 teszi f\u00e9nyess\u00e9gedet minden\u00fctt az \u00e9g alatt. Isten ezt a nevet adja neked \u00f6r\u00f6kre: \u201eIgazs\u00e1goss\u00e1g b\u00e9k\u00e9je\u201d, \u201ej\u00e1mbors\u00e1g dics\u0151s\u00e9ge\u201d. Kelj fel, Jeruzs\u00e1lem, \u00e1llj a magaslatra, \u00e9s tekints keletre! N\u00e9zd, mik\u00e9nt gy\u0171lnek egybe fiaid, napkelett\u0151l napnyugatig a Szent (Isten) szav\u00e1ra, \u00e9s ujjonganak, mert Isten megeml\u00e9kezett r\u00f3luk. Gyalog... R\u00e9szletek"}