{"version":"1.0","provider_name":"Stuttgarti Katolikusok","provider_url":"https:\/\/stuttgarti-katolikusok.de","title":"Advent 2. vas\u00e1rnapja - Stuttgarti Katolikusok","type":"rich","width":600,"height":338,"html":"<blockquote class=\"wp-embedded-content\" data-secret=\"DZZiy7xBvH\"><a href=\"https:\/\/stuttgarti-katolikusok.de\/index.php\/advent-2-vasarnapja-2\/\">Advent 2. vas\u00e1rnapja<\/a><\/blockquote><iframe sandbox=\"allow-scripts\" security=\"restricted\" src=\"https:\/\/stuttgarti-katolikusok.de\/index.php\/advent-2-vasarnapja-2\/embed\/#?secret=DZZiy7xBvH\" width=\"600\" height=\"338\" title=\"&#8220;Advent 2. vas\u00e1rnapja&#8221; &#8212; Stuttgarti Katolikusok\" data-secret=\"DZZiy7xBvH\" frameborder=\"0\" marginwidth=\"0\" marginheight=\"0\" scrolling=\"no\" class=\"wp-embedded-content\"><\/iframe><script type=\"text\/javascript\">\n\/* <![CDATA[ *\/\n\/*! This file is auto-generated *\/\n!function(d,l){\"use strict\";l.querySelector&&d.addEventListener&&\"undefined\"!=typeof URL&&(d.wp=d.wp||{},d.wp.receiveEmbedMessage||(d.wp.receiveEmbedMessage=function(e){var t=e.data;if((t||t.secret||t.message||t.value)&&!\/[^a-zA-Z0-9]\/.test(t.secret)){for(var s,r,n,a=l.querySelectorAll('iframe[data-secret=\"'+t.secret+'\"]'),o=l.querySelectorAll('blockquote[data-secret=\"'+t.secret+'\"]'),c=new RegExp(\"^https?:$\",\"i\"),i=0;i<o.length;i++)o[i].style.display=\"none\";for(i=0;i<a.length;i++)s=a[i],e.source===s.contentWindow&&(s.removeAttribute(\"style\"),\"height\"===t.message?(1e3<(r=parseInt(t.value,10))?r=1e3:~~r<200&&(r=200),s.height=r):\"link\"===t.message&&(r=new URL(s.getAttribute(\"src\")),n=new URL(t.value),c.test(n.protocol))&&n.host===r.host&&l.activeElement===s&&(d.top.location.href=t.value))}},d.addEventListener(\"message\",d.wp.receiveEmbedMessage,!1),l.addEventListener(\"DOMContentLoaded\",function(){for(var e,t,s=l.querySelectorAll(\"iframe.wp-embedded-content\"),r=0;r<s.length;r++)(t=(e=s[r]).getAttribute(\"data-secret\"))||(t=Math.random().toString(36).substring(2,12),e.src+=\"#?secret=\"+t,e.setAttribute(\"data-secret\",t)),e.contentWindow.postMessage({message:\"ready\",secret:t},\"*\")},!1)))}(window,document);\n\/\/# sourceURL=https:\/\/stuttgarti-katolikusok.de\/wp-includes\/js\/wp-embed.min.js\n\/* ]]> *\/\n<\/script>\n","thumbnail_url":"https:\/\/stuttgarti-katolikusok.de\/wp-content\/uploads\/2022\/12\/advent-2-stuttgart.jpg","thumbnail_width":2000,"thumbnail_height":1125,"description":"OLVASM\u00c1NY Izaj\u00e1s pr\u00f3f\u00e9ta k\u00f6nyv\u00e9b\u0151l (Iz 40,1-5.9-11) K\u00e9sz\u00edts\u00fck az \u00dar \u00fatj\u00e1t a magunk \u00e9s embert\u00e1rsaink sz\u00edv\u00e9ben! \u201eVigasztalj\u00e1tok meg n\u00e9pemet, vigasztalj\u00e1tok meg\u201d \u2013 ezt mondja Istenetek. \u201eSz\u00f3ljatok Jeruzs\u00e1lem sz\u00edv\u00e9hez \u00e9s ki\u00e1lts\u00e1tok oda neki: V\u00e9get \u00e9rt szolgas\u00e1g\u00e1nak ideje, bocs\u00e1natot nyert gonoszs\u00e1ga, hiszen k\u00e9tszeresen s\u00fajtotta az \u00dar keze minden b\u0171n\u00e9\u00e9rt.\u201d Egy hang ki\u00e1lt: \u201eK\u00e9sz\u00edtsetek utat az \u00darnak a puszt\u00e1ban, egyengess\u00e9tek Isten\u00fcnk \u00f6sv\u00e9ny\u00e9t a sivatagon \u00e1t. Minden v\u00f6lgy emelkedj\u00e9k f\u00f6l, minden hegy \u00e9s halom s\u00fcllyedjen al\u00e1. Ami egyenetlen, v\u00e1lj\u00e9k egyeness\u00e9, \u00e9s sima \u00fatt\u00e1, ami g\u00f6r\u00f6ngy\u00f6s. Akkor megnyilv\u00e1nul az \u00dar dics\u0151s\u00e9ge, \u00e9s megl\u00e1tj\u00e1k azt mindenek. Igen, az \u00dar sz\u00e1ja mondta ezt \u00edgy.\u201d Menj f\u00f6l egy magas hegyre, te, ki j\u00f3 h\u00edrt viszel Sionnak, emeld f\u00f6l er\u0151sen hangodat, te, aki j\u00f3 h\u00edrt viszel Jeruzs\u00e1lemnek. Emeld f\u00f6l hangodat! Ne f\u00e9lj! Hirdesd J\u00fada v\u00e1rosainak: \u201e\u00cdme, a ti Istenetek! Isten, az \u00dar, \u00edme, elj\u00f6n hatalommal, karj\u00e1val mindent uralma al\u00e1 vet. Vele van gy\u0151zelm\u00e9nek jutalma, \u00e9s sz\u00edne el\u0151tt a b\u0151s\u00e9ges zs\u00e1km\u00e1ny. \u00dagy legelteti ny\u00e1j\u00e1t, mint a p\u00e1sztor. Karjaiba veszi b\u00e1r\u00e1nyait, \u00f6l\u00e9ben hordozza \u0151ket, az anyajuhokat pedig nagy gonddal vezeti.\u201d Ez az Isten ig\u00e9je. V\u00c1LASZOS ZSOLT\u00c1R (Zsolt 84,9ab-10,11-12.13-14) V\u00e1lasz:\u00a0Urunk, mutasd meg n\u00e9k\u00fcnk\u00a0irgalmas sz\u00edvedet, * \u00e9s \u00fcdv\u00f6ss\u00e9gedet\u00a0add\u00a0meg n\u00e9k\u00fcnk!\u00a0(1 D2\u00a0t\u00f3nus.) El\u0151\u00e9nekes: Hadd halljam, mit mond az \u00e9n\u00a0Uram, Istenem, * mert n\u00e9p\u00e9nek \u00e9s szentjeinek\u00a0b\u00e9k\u00e9t \u00edg\u00e9r. Az istenf\u00e9l\u0151kh\u00f6z val\u00f3ban\u00a0k\u00f6zel az \u00fcdv\u00f6ss\u00e9g, * hogy orsz\u00e1gunkba dics\u0151s\u00e9g k\u00f6lt\u00f6zz\u00e9k. H\u00edvek:\u00a0Urunk, mutasd meg n\u00e9k\u00fcnk\u00a0irgalmas sz\u00edvedet, * \u00e9s \u00fcdv\u00f6ss\u00e9gedet\u00a0add\u00a0meg n\u00e9k\u00fcnk! E: Irgalom \u00e9s h\u0171s\u00e9g\u00a0egym\u00e1sra lelnek, * cs\u00f3kot v\u00e1lt az igazs\u00e1g\u00a0\u00e9s\u00a0a b\u00e9ke. A f\u00f6ldb\u0151l a\u00a0h\u0171s\u00e9g kisarjad, * \u00e9s az igazs\u00e1goss\u00e1g tekint\u00a0le\u00a0az \u00e9gb\u0151l. H:\u00a0Urunk, mutasd meg n\u00e9k\u00fcnk\u00a0irgalmas sz\u00edvedet, * \u00e9s \u00fcdv\u00f6ss\u00e9gedet\u00a0add\u00a0meg n\u00e9k\u00fcnk! E: Az \u00dar j\u00f3s\u00e1g\u00e1t\u00a0megmutatja, * f\u00f6ld\u00fcnk is meghozza term\u00e9s\u00e9t. Igazs\u00e1g\u00a0j\u00e1r\u00a0az \u00dar el\u0151tt, * \u00e9s b\u00e9ke a\u00a0l\u00e1ba nyom\u00e1ban. H:\u00a0Urunk, mutasd meg n\u00e9k\u00fcnk\u00a0irgalmas sz\u00edvedet, * \u00e9s \u00fcdv\u00f6ss\u00e9gedet\u00a0add\u00a0meg n\u00e9k\u00fcnk! SZENTLECKE Szent P\u00e9ter apostol m\u00e1sodik level\u00e9b\u0151l (2P\u00e9t 3,8-14) Mi \u00faj eget \u00e9s \u00faj f\u00f6ldet v\u00e1runk. Szeretteim! F\u0151k\u00e9pp egy dolog ne ker\u00fclje el figyelmeteket: az, hogy... R\u00e9szletek"}