{"version":"1.0","provider_name":"Stuttgarti Katolikusok","provider_url":"https:\/\/stuttgarti-katolikusok.de","title":"Advent 2. vas\u00e1rnapja - Stuttgarti Katolikusok","type":"rich","width":600,"height":338,"html":"<blockquote class=\"wp-embedded-content\" data-secret=\"fjXo5LEHr8\"><a href=\"https:\/\/stuttgarti-katolikusok.de\/index.php\/advent-2-vasarnapja\/\">Advent 2. vas\u00e1rnapja<\/a><\/blockquote><iframe sandbox=\"allow-scripts\" security=\"restricted\" src=\"https:\/\/stuttgarti-katolikusok.de\/index.php\/advent-2-vasarnapja\/embed\/#?secret=fjXo5LEHr8\" width=\"600\" height=\"338\" title=\"&#8220;Advent 2. vas\u00e1rnapja&#8221; &#8212; Stuttgarti Katolikusok\" data-secret=\"fjXo5LEHr8\" frameborder=\"0\" marginwidth=\"0\" marginheight=\"0\" scrolling=\"no\" class=\"wp-embedded-content\"><\/iframe><script type=\"text\/javascript\">\n\/* <![CDATA[ *\/\n\/*! This file is auto-generated *\/\n!function(d,l){\"use strict\";l.querySelector&&d.addEventListener&&\"undefined\"!=typeof URL&&(d.wp=d.wp||{},d.wp.receiveEmbedMessage||(d.wp.receiveEmbedMessage=function(e){var t=e.data;if((t||t.secret||t.message||t.value)&&!\/[^a-zA-Z0-9]\/.test(t.secret)){for(var s,r,n,a=l.querySelectorAll('iframe[data-secret=\"'+t.secret+'\"]'),o=l.querySelectorAll('blockquote[data-secret=\"'+t.secret+'\"]'),c=new RegExp(\"^https?:$\",\"i\"),i=0;i<o.length;i++)o[i].style.display=\"none\";for(i=0;i<a.length;i++)s=a[i],e.source===s.contentWindow&&(s.removeAttribute(\"style\"),\"height\"===t.message?(1e3<(r=parseInt(t.value,10))?r=1e3:~~r<200&&(r=200),s.height=r):\"link\"===t.message&&(r=new URL(s.getAttribute(\"src\")),n=new URL(t.value),c.test(n.protocol))&&n.host===r.host&&l.activeElement===s&&(d.top.location.href=t.value))}},d.addEventListener(\"message\",d.wp.receiveEmbedMessage,!1),l.addEventListener(\"DOMContentLoaded\",function(){for(var e,t,s=l.querySelectorAll(\"iframe.wp-embedded-content\"),r=0;r<s.length;r++)(t=(e=s[r]).getAttribute(\"data-secret\"))||(t=Math.random().toString(36).substring(2,12),e.src+=\"#?secret=\"+t,e.setAttribute(\"data-secret\",t)),e.contentWindow.postMessage({message:\"ready\",secret:t},\"*\")},!1)))}(window,document);\n\/\/# sourceURL=https:\/\/stuttgarti-katolikusok.de\/wp-includes\/js\/wp-embed.min.js\n\/* ]]> *\/\n<\/script>\n","thumbnail_url":"https:\/\/stuttgarti-katolikusok.de\/wp-content\/uploads\/2022\/12\/advent-2-stuttgart.jpg","thumbnail_width":2000,"thumbnail_height":1125,"description":"Advent 2. vas\u00e1rnapja Kezd\u0151\u00e9nek: Sion n\u00e9pe, \u00edme, j\u00f6n az \u00dar, hogy megmentse a nemzeteket, \u00e9s hallani fogj\u00e1tok dics\u0151s\u00e9ges szav\u00e1t, sz\u00edvetek \u00f6r\u00f6m\u00e9re. (V\u00f6. Iz 30,19.30) K\u00f6ny\u00f6rg\u00e9s: Mindenhat\u00f3, irgalmas Isten\u00fcnk, seg\u00edts, hogy szent v\u00e1gyakoz\u00e1ssal siess\u00fcnk Fiad el\u00e9. \u00d6r\u00f6k b\u00f6lcsess\u00e9geddel nevelj minket, hogy evil\u00e1gi elfoglalts\u00e1gaink ne akad\u00e1lyozzanak tal\u00e1lkoz\u00e1sunkban szent Fiaddal. Aki veled \u00e9l \u00e9s uralkodik a Szentl\u00e9lekkel egys\u00e9gben, Isten mind\u00f6r\u00f6kk\u00f6n \u00f6r\u00f6kk\u00e9. OLVASM\u00c1NY Izaj\u00e1s pr\u00f3f\u00e9ta k\u00f6nyv\u00e9b\u0151l (Iz 11,1-10) Igazs\u00e1got szolg\u00e1ltat az alacsony sors\u00faaknak. Azon a napon: Vessz\u0151 k\u00e9l majd Iz\u00e1j t\u00f6rzs\u00f6k\u00e9b\u0151l, \u00e9s hajt\u00e1s sarjad gy\u00f6ker\u00e9b\u0151l. Az \u00dar lelke nyugszik rajta: a b\u00f6lcsess\u00e9g \u00e9s az \u00e9rtelem lelke, a tan\u00e1cs \u00e9s az er\u0151ss\u00e9g lelke, a tud\u00e1s \u00e9s az \u00dar f\u00e9lelm\u00e9nek lelke, s az \u00dar f\u00e9lelm\u00e9ben telik \u00f6r\u00f6me. Nem aszerint \u00edt\u00e9l majd, amit a szem l\u00e1t, s nem aszerint \u00edt\u00e9lkezik, amit a f\u00fcl hall, hanem igazs\u00e1got szolg\u00e1ltat az alacsony sors\u00faaknak, \u00e9s m\u00e9lt\u00e1nyos \u00edt\u00e9letet hoz a f\u00f6ld szeg\u00e9nyeinek. Sz\u00e1ja vesszej\u00e9vel megveri a f\u00f6ldet, s ajka lehelet\u00e9vel meg\u00f6li a gonoszt. Az igazs\u00e1goss\u00e1g lesz derek\u00e1n az \u00f6v, s a h\u0171s\u00e9g cs\u00edp\u0151j\u00e9n a k\u00f6t\u0151. Akkor majd egy\u00fctt lakik a farkas a b\u00e1r\u00e1nnyal, \u00e9s a p\u00e1rduc egy\u00fctt tany\u00e1zik a g\u00f6d\u00f6ly\u00e9vel. Egy\u00fctt legel\u00e9szik majd a borj\u00fa s az oroszl\u00e1n, egy kisgyermek is terelgetheti \u0151ket. A teh\u00e9n \u00e9s a medve egy\u00fctt legelnek, kicsinyeik is egy\u00fctt pihennek, \u00e9s szalm\u00e1t eszik az oroszl\u00e1n, ak\u00e1rcsak az \u00f6k\u00f6r. A csecsem\u0151 nyugodtan j\u00e1tszadozhat a viperaf\u00e9szekn\u00e9l, s az \u00e1spisk\u00edgy\u00f3 \u00fcreg\u00e9be is bedughatja kez\u00e9t az anyatejt\u0151l elv\u00e1lasztott kisgyermek. Sehol nem \u00e1rtanak s nem puszt\u00edtanak az \u00e9n szent hegyemen. Mert a f\u00f6ld \u00fagy tele lesz az \u00dar ismeret\u00e9vel, mint ahogy bet\u00f6ltik a vizek a tengert. Azon a napon az Iz\u00e1j gy\u00f6ker\u00e9b\u0151l t\u00e1madt sarj z\u00e1szl\u00f3k\u00e9nt \u00e1ll majd a n\u00e9pek el\u0151tt. Keresni fogj\u00e1k a pog\u00e1ny nemzetek, \u00e9s dics\u0151s\u00e9ges lesz lakhelye. Ez az Isten ig\u00e9je. V\u00c1LASZOS ZSOLT\u00c1R (Zsolt 71,2.7-8.12-13.17) V\u00e1lasz:\u00a0Napjaiban az igazs\u00e1g vir\u00e1ga ny\u00edlj\u00e9k, * \u00e9s teljes b\u00e9ke legyen a vil\u00e1g v\u00e9g\u00e9ig.\u00a05. t\u00f3nus. El\u0151\u00e9nekes: Istenem,... R\u00e9szletek"}