{"version":"1.0","provider_name":"Stuttgarti Katolikusok","provider_url":"https:\/\/stuttgarti-katolikusok.de","title":"Advent 1. vas\u00e1rnapja - Stuttgarti Katolikusok","type":"rich","width":600,"height":338,"html":"<blockquote class=\"wp-embedded-content\" data-secret=\"aafL86P2LQ\"><a href=\"https:\/\/stuttgarti-katolikusok.de\/index.php\/advent-1-vasarnapja-2\/\">Advent 1. vas\u00e1rnapja<\/a><\/blockquote><iframe sandbox=\"allow-scripts\" security=\"restricted\" src=\"https:\/\/stuttgarti-katolikusok.de\/index.php\/advent-1-vasarnapja-2\/embed\/#?secret=aafL86P2LQ\" width=\"600\" height=\"338\" title=\"&#8220;Advent 1. vas\u00e1rnapja&#8221; &#8212; Stuttgarti Katolikusok\" data-secret=\"aafL86P2LQ\" frameborder=\"0\" marginwidth=\"0\" marginheight=\"0\" scrolling=\"no\" class=\"wp-embedded-content\"><\/iframe><script type=\"text\/javascript\">\n\/* <![CDATA[ *\/\n\/*! This file is auto-generated *\/\n!function(d,l){\"use strict\";l.querySelector&&d.addEventListener&&\"undefined\"!=typeof URL&&(d.wp=d.wp||{},d.wp.receiveEmbedMessage||(d.wp.receiveEmbedMessage=function(e){var t=e.data;if((t||t.secret||t.message||t.value)&&!\/[^a-zA-Z0-9]\/.test(t.secret)){for(var s,r,n,a=l.querySelectorAll('iframe[data-secret=\"'+t.secret+'\"]'),o=l.querySelectorAll('blockquote[data-secret=\"'+t.secret+'\"]'),c=new RegExp(\"^https?:$\",\"i\"),i=0;i<o.length;i++)o[i].style.display=\"none\";for(i=0;i<a.length;i++)s=a[i],e.source===s.contentWindow&&(s.removeAttribute(\"style\"),\"height\"===t.message?(1e3<(r=parseInt(t.value,10))?r=1e3:~~r<200&&(r=200),s.height=r):\"link\"===t.message&&(r=new URL(s.getAttribute(\"src\")),n=new URL(t.value),c.test(n.protocol))&&n.host===r.host&&l.activeElement===s&&(d.top.location.href=t.value))}},d.addEventListener(\"message\",d.wp.receiveEmbedMessage,!1),l.addEventListener(\"DOMContentLoaded\",function(){for(var e,t,s=l.querySelectorAll(\"iframe.wp-embedded-content\"),r=0;r<s.length;r++)(t=(e=s[r]).getAttribute(\"data-secret\"))||(t=Math.random().toString(36).substring(2,12),e.src+=\"#?secret=\"+t,e.setAttribute(\"data-secret\",t)),e.contentWindow.postMessage({message:\"ready\",secret:t},\"*\")},!1)))}(window,document);\n\/\/# sourceURL=https:\/\/stuttgarti-katolikusok.de\/wp-includes\/js\/wp-embed.min.js\n\/* ]]> *\/\n<\/script>\n","thumbnail_url":"https:\/\/stuttgarti-katolikusok.de\/wp-content\/uploads\/2022\/11\/advent-1-vasarnapja.jpg","thumbnail_width":1600,"thumbnail_height":900,"description":"OLVASM\u00c1NY Izaj\u00e1s pr\u00f3f\u00e9ta k\u00f6nyv\u00e9b\u0151l (Iz 63,16b-17.19b;64,1.2b.3-8) Az al\u00e1zatos l\u00e9lek im\u00e1ja: B\u00e1rcsak megny\u00edlna az \u00e9g, \u00e9s mennyei Aty\u00e1nk elk\u00fclden\u00e9 az \u00fcdv\u00f6ss\u00e9get. Te vagy, Uram, a mi aty\u00e1nk. Mert \u00c1brah\u00e1m nem tud r\u00f3lunk, \u00e9s Izrael nem ismer minket; te, Uram, te magad vagy a mi aty\u00e1nk, r\u00e9gt\u0151l fogva \u201eMegv\u00e1lt\u00f3nk\u201d a neved. Mi\u00e9rt hagytad, Urunk, hogy let\u00e9rj\u00fcnk \u00fatjaidr\u00f3l, \u00e9s hogy megkem\u00e9ny\u00edts\u00fck sz\u00edv\u00fcnket, ahelyett, hogy f\u00e9lve tisztelt\u00fcnk volna? Fordulj fel\u00e9nk \u00fajra, a te szolg\u00e1id\u00e9rt, \u00f6r\u00f6kr\u00e9szed t\u00f6rzsei\u00e9rt. \u00d3, b\u00e1rcsak sz\u00e9tt\u00e9pn\u00e9d az egeket \u00e9s lesz\u00e1lln\u00e1l! Sz\u00edned el\u0151tt megolvadn\u00e1nak a hegyek, mint ahogy a l\u00e1ng felgy\u00fajtja a r\u0151zs\u00e9t, \u00e9s ahogy a t\u0171z felforralja a vizet. \u00cdgy neved ismertt\u00e9 v\u00e1lna ellens\u00e9geid el\u0151tt, \u00e9s a nemzetek megrend\u00fcln\u00e9nek sz\u00edned el\u0151tt. Lesz\u00e1llt\u00e1l, \u00e9s sz\u00edned el\u0151tt megolvadtak a hegyek! Nem hallotta soha senki, val\u00f3ban f\u00fcl nem hallotta, \u00e9s szem nem l\u00e1tta, hogy lenne Isten rajtad k\u00edv\u00fcl, aki ilyeneket vinne v\u00e9gbe azok jav\u00e1ra, akik benne b\u00edznak. Te el\u00e9be sietsz annak, aki az igazs\u00e1ghoz szabja tetteit, \u00e9s aki \u00fatjaidon j\u00e1rva r\u00e1d eml\u00e9kezik. \u00cdme, te haragudt\u00e1l r\u00e1nk, \u00e9s mi m\u00e9gis tov\u00e1bb v\u00e9tkezt\u00fcnk; b\u0171neinkben vagyunk r\u00e9gt\u0151l fogva, b\u00e1rcsak megszabaduln\u00e1nk! Olyanok lett\u00fcnk mind, ak\u00e1r a tiszt\u00e1talan, \u00e9s igaz-voltunk, mint a beszennyezett ruha. Elfonnyadtunk, mint a falev\u00e9l, \u00e9s gonoszs\u00e1gaink, mint a vihar elsodortak minket. Nincs senki, aki seg\u00edts\u00e9g\u00fcl h\u00edvn\u00e1 nevedet, aki f\u00f6lkelne \u00e9s bel\u00e9d kapaszkodna. Mert elrejtetted el\u0151l\u00fcnk arcodat, \u00e9s kiszolg\u00e1ltatt\u00e1l minket b\u0171neink hatalm\u00e1nak. M\u00e9gis, Urunk, te vagy a mi aty\u00e1nk; mi vagyunk az agyag, \u00e9s te, aki form\u00e1lsz, a te kezed m\u0171vei vagyunk mindny\u00e1jan. Ne haragudj r\u00e1nk, Urunk, oly nagyon, \u00e9s ne eml\u00e9kezz\u00e9l t\u00f6bb\u00e9 gonoszs\u00e1gainkra. Figyelj r\u00e1nk s l\u00e1sd meg: mindny\u00e1jan a te n\u00e9ped vagyunk. Ez az Isten ig\u00e9je. V\u00c1LASZOS ZSOLT\u00c1R (Zsolt 79,2ac.3b.15-16.18-19) V\u00e1lasz:\u00a0T\u00e9r\u00edts meg\u00a0minket, Isten\u00fcnk, * ragyogtasd r\u00e1nk arcodat, \u00e9s szabadok lesz\u00fcnk!\u00a0(4g. t\u00f3nus.) El\u0151\u00e9nekes: Figyelj r\u00e1nk, Izrael p\u00e1sztora, * ragyogj fel, aki tr\u00f3nolsz a kerubok f\u00f6l\u00f6tt! Mutasd meg\u00a0hatalmadat, * j\u00f6jj, hogy megszabad\u00edts minket! H\u00edvek:\u00a0T\u00e9r\u00edts meg\u00a0minket, Isten\u00fcnk,... R\u00e9szletek"}