{"version":"1.0","provider_name":"Stuttgarti Katolikusok","provider_url":"https:\/\/stuttgarti-katolikusok.de","title":"Advent 1. vas\u00e1rnapja - Stuttgarti Katolikusok","type":"rich","width":600,"height":338,"html":"<blockquote class=\"wp-embedded-content\" data-secret=\"kk0DH3BuNR\"><a href=\"https:\/\/stuttgarti-katolikusok.de\/index.php\/advent-1-vasarnapja\/\">Advent 1. vas\u00e1rnapja<\/a><\/blockquote><iframe sandbox=\"allow-scripts\" security=\"restricted\" src=\"https:\/\/stuttgarti-katolikusok.de\/index.php\/advent-1-vasarnapja\/embed\/#?secret=kk0DH3BuNR\" width=\"600\" height=\"338\" title=\"&#8220;Advent 1. vas\u00e1rnapja&#8221; &#8212; Stuttgarti Katolikusok\" data-secret=\"kk0DH3BuNR\" frameborder=\"0\" marginwidth=\"0\" marginheight=\"0\" scrolling=\"no\" class=\"wp-embedded-content\"><\/iframe><script type=\"text\/javascript\">\n\/* <![CDATA[ *\/\n\/*! This file is auto-generated *\/\n!function(d,l){\"use strict\";l.querySelector&&d.addEventListener&&\"undefined\"!=typeof URL&&(d.wp=d.wp||{},d.wp.receiveEmbedMessage||(d.wp.receiveEmbedMessage=function(e){var t=e.data;if((t||t.secret||t.message||t.value)&&!\/[^a-zA-Z0-9]\/.test(t.secret)){for(var s,r,n,a=l.querySelectorAll('iframe[data-secret=\"'+t.secret+'\"]'),o=l.querySelectorAll('blockquote[data-secret=\"'+t.secret+'\"]'),c=new RegExp(\"^https?:$\",\"i\"),i=0;i<o.length;i++)o[i].style.display=\"none\";for(i=0;i<a.length;i++)s=a[i],e.source===s.contentWindow&&(s.removeAttribute(\"style\"),\"height\"===t.message?(1e3<(r=parseInt(t.value,10))?r=1e3:~~r<200&&(r=200),s.height=r):\"link\"===t.message&&(r=new URL(s.getAttribute(\"src\")),n=new URL(t.value),c.test(n.protocol))&&n.host===r.host&&l.activeElement===s&&(d.top.location.href=t.value))}},d.addEventListener(\"message\",d.wp.receiveEmbedMessage,!1),l.addEventListener(\"DOMContentLoaded\",function(){for(var e,t,s=l.querySelectorAll(\"iframe.wp-embedded-content\"),r=0;r<s.length;r++)(t=(e=s[r]).getAttribute(\"data-secret\"))||(t=Math.random().toString(36).substring(2,12),e.src+=\"#?secret=\"+t,e.setAttribute(\"data-secret\",t)),e.contentWindow.postMessage({message:\"ready\",secret:t},\"*\")},!1)))}(window,document);\n\/\/# sourceURL=https:\/\/stuttgarti-katolikusok.de\/wp-includes\/js\/wp-embed.min.js\n\/* ]]> *\/\n<\/script>\n","thumbnail_url":"https:\/\/stuttgarti-katolikusok.de\/wp-content\/uploads\/2022\/11\/advent-1-vasarnapja.jpg","thumbnail_width":1600,"thumbnail_height":900,"description":"Advent 1. vas\u00e1rnapja (&#8222;A&#8221; egyh\u00e1zi \u00e9v kezdete) Kezd\u0151\u00e9nek: Lelkem hozz\u00e1d emelem, Uram, \u00e9n Istenem, benned b\u00edzom, ne valljak sz\u00e9gyent! Ne ujjongjon ellens\u00e9g f\u00f6l\u00f6ttem, hiszen aki benned b\u00edzik, meg nem sz\u00e9gyen\u00fcl. (Zsolt 24,1-3) K\u00f6ny\u00f6rg\u00e9s: Mindenhat\u00f3, \u00f6r\u00f6k Isten, \u00f6nts h\u00edveid sz\u00edv\u00e9be szent elhat\u00e1roz\u00e1st, hogy j\u00f3tettekkel siess\u00fcnk a k\u00f6zelg\u0151 Krisztus el\u00e9, \u0151 pedig egykor jobbj\u00e1ra \u00e1ll\u00edtson minket orsz\u00e1g\u00e1ban, \u00e9s mindny\u00e1jan egy\u00fctt \u00f6rvendj\u00fcnk a boldog \u00f6r\u00f6kk\u00e9val\u00f3s\u00e1gban. Aki veled \u00e9l \u00e9s uralkodik a Szentl\u00e9lekkel egys\u00e9gben, Isten mind\u00f6r\u00f6kk\u00f6n-\u00f6r\u00f6kk\u00e9. OLVASM\u00c1NY Izaj\u00e1s pr\u00f3f\u00e9ta k\u00f6nyv\u00e9b\u0151l (Iz 2,1-5) Egybegy\u0171jti az \u00dar a nemzeteket Isten orsz\u00e1g\u00e1nak \u00f6r\u00f6k b\u00e9k\u00e9j\u00e9re. Izaj\u00e1snak, \u00c1mosz fi\u00e1nak l\u00e1tom\u00e1sa Dud\u00e1r\u00f3l \u00e9s Jeruzs\u00e1lemr\u0151l: Az utols\u00f3 id\u0151kben az \u00dar h\u00e1z\u00e1nak hegye szil\u00e1rdan \u00e1ll majd a hegyek tetej\u00e9n \u00e9s magasabb lesz a halmokn\u00e1l. Oda\u00f6z\u00f6nlenek mind a nemzetek, fel\u00e9 tart sz\u00e1mos n\u00e9p, \u00e9s \u00edgy sz\u00f3l: \u201eRajta, menj\u00fcnk fel az \u00dar hegy\u00e9re, J\u00e1kob Isten\u00e9nek h\u00e1z\u00e1hoz, hogy tan\u00edtson meg \u00fatjaira, \u00e9s \u00edgy \u00f6sv\u00e9nyein j\u00e1rhassunk. Mert Sionr\u00f3l j\u00f6n a t\u00f6rv\u00e9ny \u00e9s Jeruzs\u00e1lemb\u0151l az \u00dar tan\u00edt\u00e1sa.\u201d \u0150 tart majd \u00edt\u00e9letet a nemzetek k\u00f6z\u00f6tt, \u00e9s igazs\u00e1got szolg\u00e1ltat sz\u00e1mtalan n\u00e9pnek. \u0150k meg beolvasztj\u00e1k ekevasnak kardjukat \u00e9s sarl\u00f3knak l\u00e1ndzs\u00e1ikat. Nemzet nem emel kardot nemzet ellen, \u00e9s nem tanul t\u00f6bb\u00e9 hadvisel\u00e9st. J\u00e1kob h\u00e1za, gyertek, j\u00e1rjunk az \u00dar vil\u00e1goss\u00e1g\u00e1ban! Ez az Isten ig\u00e9je. V\u00c1LASZOS ZSOLT\u00c1R (Zsolt 121,1-2.3-4a.(4b-5; 6-7).8-9) V\u00e1lasz:\u00a0Isten h\u00e1z\u00e1ba indulunk, * \u00f6r\u00f6mt\u0151l dobban a sz\u00edv\u00fcnk.\u00a07b. t\u00f3nus. El\u0151\u00e9nekes: \u00d6rvendeztem, mikor azt mondt\u00e1k nekem, * az \u00dar h\u00e1z\u00e1ba megy\u00fcnk. \u00cdme, itt \u00e1llunk m\u00e1r kapuid el\u0151tt, * \u00f3 Jeruzs\u00e1lem. H\u00edvek: Isten h\u00e1z\u00e1ba indulunk, * \u00f6r\u00f6mt\u0151l dobban a sz\u00edv\u00fcnk. E: Jeruzs\u00e1lem v\u00e1rosa j\u00f3l meg\u00e9p\u00fclt, * r\u00e9szei egym\u00e1shoz illenek. Oda j\u00e1rnak f\u00f6l a t\u00f6rzsek, * az \u00dar n\u00e9p\u00e9nek t\u00f6rzsei. H: Isten h\u00e1z\u00e1ba indulunk, * \u00f6r\u00f6mt\u0151l dobban a sz\u00edv\u00fcnk. E: Az \u00dar Izraelnek t\u00f6rv\u00e9nybe adta, * hogy ott nev\u00e9re \u00e1ld\u00e1st mondjanak. Mert ott \u00e1llnak az \u00edt\u00e9l\u0151sz\u00e9kek, * D\u00e1vid h\u00e1z\u00e1nak sz\u00e9kei. H: Isten h\u00e1z\u00e1ba indulunk, * \u00f6r\u00f6mt\u0151l dobban a sz\u00edv\u00fcnk. E: Jeruzs\u00e1lemre b\u00e9k\u00e9t esdjetek, * biztons\u00e1gban \u00e9ljen,... R\u00e9szletek"}