{"version":"1.0","provider_name":"Stuttgarti Katolikusok","provider_url":"https:\/\/stuttgarti-katolikusok.de","title":"Advent 1. \u00e9s 2. vas\u00e1rnapja - Stuttgarti Katolikusok","type":"rich","width":600,"height":338,"html":"<blockquote class=\"wp-embedded-content\" data-secret=\"S66NhUjAeG\"><a href=\"https:\/\/stuttgarti-katolikusok.de\/index.php\/advent-1-es-2-vasarnapja\/\">Advent 1. \u00e9s 2. vas\u00e1rnapja<\/a><\/blockquote><iframe sandbox=\"allow-scripts\" security=\"restricted\" src=\"https:\/\/stuttgarti-katolikusok.de\/index.php\/advent-1-es-2-vasarnapja\/embed\/#?secret=S66NhUjAeG\" width=\"600\" height=\"338\" title=\"&#8220;Advent 1. \u00e9s 2. vas\u00e1rnapja&#8221; &#8212; Stuttgarti Katolikusok\" data-secret=\"S66NhUjAeG\" frameborder=\"0\" marginwidth=\"0\" marginheight=\"0\" scrolling=\"no\" class=\"wp-embedded-content\"><\/iframe><script type=\"text\/javascript\">\n\/* <![CDATA[ *\/\n\/*! This file is auto-generated *\/\n!function(d,l){\"use strict\";l.querySelector&&d.addEventListener&&\"undefined\"!=typeof URL&&(d.wp=d.wp||{},d.wp.receiveEmbedMessage||(d.wp.receiveEmbedMessage=function(e){var t=e.data;if((t||t.secret||t.message||t.value)&&!\/[^a-zA-Z0-9]\/.test(t.secret)){for(var s,r,n,a=l.querySelectorAll('iframe[data-secret=\"'+t.secret+'\"]'),o=l.querySelectorAll('blockquote[data-secret=\"'+t.secret+'\"]'),c=new RegExp(\"^https?:$\",\"i\"),i=0;i<o.length;i++)o[i].style.display=\"none\";for(i=0;i<a.length;i++)s=a[i],e.source===s.contentWindow&&(s.removeAttribute(\"style\"),\"height\"===t.message?(1e3<(r=parseInt(t.value,10))?r=1e3:~~r<200&&(r=200),s.height=r):\"link\"===t.message&&(r=new URL(s.getAttribute(\"src\")),n=new URL(t.value),c.test(n.protocol))&&n.host===r.host&&l.activeElement===s&&(d.top.location.href=t.value))}},d.addEventListener(\"message\",d.wp.receiveEmbedMessage,!1),l.addEventListener(\"DOMContentLoaded\",function(){for(var e,t,s=l.querySelectorAll(\"iframe.wp-embedded-content\"),r=0;r<s.length;r++)(t=(e=s[r]).getAttribute(\"data-secret\"))||(t=Math.random().toString(36).substring(2,12),e.src+=\"#?secret=\"+t,e.setAttribute(\"data-secret\",t)),e.contentWindow.postMessage({message:\"ready\",secret:t},\"*\")},!1)))}(window,document);\n\/\/# sourceURL=https:\/\/stuttgarti-katolikusok.de\/wp-includes\/js\/wp-embed.min.js\n\/* ]]> *\/\n<\/script>\n","description":"2018. december 9. ADVENT 2. VAS\u00c1RNAPJA A kereszt\u00e9ny ember nem egyed\u00fcl j\u00e1rja az \u00fcdv\u00f6ss\u00e9g \u00fatj\u00e1t. Egy\u00fctt halad h\u00edv\u0151 \u00e9s rem\u00e9nyked\u0151 embert\u00e1rsaival. Ez\u00e9rt nem csup\u00e1n \u00f6nmag\u00e1\u00e9rt felel\u0151s, hanem m\u00e1sok\u00e9rt is. Meg kell teh\u00e1t osztania \u00f6r\u00f6m\u00e9t, hit\u00e9t, rem\u00e9ny\u00e9t \u00e9s szeretet\u00e9t. KEZD\u0150\u00c9NEK\u00a0\u00a0 \u00a0\u00a0\u00a0\u00a0\u00a0\u00a0\u00a0\u00a0\u00a0\u00a0\u00a0\u00a0\u00a0\u00a0\u00a0\u00a0\u00a0\u00a0\u00a0\u00a0\u00a0\u00a0\u00a0\u00a0\u00a0\u00a0\u00a0\u00a0\u00a0\u00a0\u00a0\u00a0\u00a0\u00a0\u00a0\u00a0\u00a0\u00a0\u00a0\u00a0\u00a0V\u00f6. Iz 30, 19. 30 Sion n\u00e9pe, \u00edme j\u00f6n az \u00dar, hogy megmentse a nemzeteket, \u00e9s hallani fogj\u00e1tok dics\u0151s\u00e9ges szav\u00e1t, sz\u00edvetek \u00f6r\u00f6m\u00e9t. OLVASM\u00c1NY\u00a0\u00a0\u00a0\u00a0\u00a0\u00a0\u00a0\u00a0\u00a0\u00a0\u00a0\u00a0\u00a0\u00a0\u00a0\u00a0\u00a0\u00a0\u00a0\u00a0\u00a0\u00a0\u00a0\u00a0\u00a0\u00a0\u00a0\u00a0\u00a0\u00a0\u00a0\u00a0\u00a0\u00a0\u00a0\u00a0\u00a0\u00a0\u00a0\u00a0\u00a0\u00a0\u00a0\u00a0\u00a0\u00a0\u00a0\u00a0\u00a0\u00a0\u00a0\u00a0\u00a0 \u00a0\u00a0\u00a0\u00a0\u00a0B\u00e1r 5, 1\u20139 A fogs\u00e1gba hurcolt zsid\u00f3 n\u00e9pnek sok szenved\u00e9sben \u00e9s megal\u00e1ztat\u00e1sban volt r\u00e9sze. Isten azonban pr\u00f3f\u00e9t\u00e1ja \u00e1ltal \u00f6r\u00f6mh\u00edrt k\u00fcld\u00f6tt nekik: v\u00e9get \u00e9r fogs\u00e1guk, visszat\u00e9rhetnek haz\u00e1jukba. Mindenki rem\u00e9lheti az \u00dar irgalm\u00e1t \u00e9s seg\u00edts\u00e9g\u00e9t, aki b\u00edzik \u0151benne. V\u00c1LASZOS ZSOLT\u00c1R \u00a0\u00a0\u00a0\u00a0\u00a0\u00a0\u00a0\u00a0\u00a0\u00a0\u00a0\u00a0\u00a0\u00a0\u00a0\u00a0\u00a0\u00a0\u00a0\u00a0\u00a0\u00a0\u00a0\u00a0\u00a0\u00a0\u00a0\u00a0\u00a0\u00a0\u00a0\u00a0\u00a0\u00a0\u00a0125. Zsolt\u00e1r V\u00e1lasz: Hatalmas dolgot m\u0171velt az \u00dar v\u00e9l\u00fcnk, * az\u00e9rt sz\u00edvb\u0151l ujjongunk. SZENTLECKE\u00a0\u00a0 \u00a0\u00a0\u00a0\u00a0\u00a0\u00a0\u00a0\u00a0\u00a0\u00a0\u00a0\u00a0\u00a0\u00a0\u00a0\u00a0\u00a0\u00a0\u00a0\u00a0\u00a0\u00a0\u00a0\u00a0\u00a0\u00a0\u00a0\u00a0\u00a0\u00a0\u00a0\u00a0\u00a0\u00a0\u00a0\u00a0\u00a0\u00a0\u00a0\u00a0\u00a0\u00a0Fil 1,4\u20136. 8\u201311 Szent P\u00e1l megk\u00fcl\u00f6nb\u00f6ztetett m\u00f3don szerette filippi h\u00edveit, mert n\u00e1luk j\u00f3 talajba hullott az evang\u00e9lium magja. Az Apostol azt k\u00e9ri sz\u00e1mukra, hogy tov\u00e1bbra is n\u00f6vekedjenek a kereszt\u00e9ny er\u00e9nyekben. \u00cdgy majd \u00e9rdemekben gazdagon \u00e1llhatnak az \u00dar el\u00e9. ALLELUJA\u00a0\u00a0\u00a0\u00a0\u00a0\u00a0\u00a0\u00a0\u00a0\u00a0\u00a0\u00a0\u00a0\u00a0\u00a0\u00a0\u00a0\u00a0\u00a0\u00a0\u00a0\u00a0\u00a0\u00a0 \u00a0\u00a0\u00a0\u00a0\u00a0\u00a0\u00a0\u00a0\u00a0\u00a0\u00a0\u00a0\u00a0\u00a0\u00a0\u00a0\u00a0\u00a0\u00a0\u00a0\u00a0\u00a0\u00a0\u00a0\u00a0\u00a0\u00a0\u00a0\u00a0\u00a0\u00a0\u00a0\u00a0\u00a0\u00a0\u00a0\u00a0\u00a0\u00a0\u00a0\u00a0\u00a0\u00a0\u00a0Lk 3 4. 6 K\u00e9sz\u00edts\u00e9tek el\u0151 az \u00dar \u00fatj\u00e1t!\u00a0 +\u00a0 Egyengess\u00e9tek \u00f6sv\u00e9ny\u00e9t, * \u00e9s minden ember megl\u00e1tja az \u00dcdv\u00f6z\u00edt\u0151t, akit elk\u00fcld az Isten. EVANG\u00c9LIUM\u00a0\u00a0\u00a0\u00a0\u00a0\u00a0\u00a0\u00a0\u00a0\u00a0\u00a0\u00a0\u00a0\u00a0\u00a0\u00a0\u00a0\u00a0\u00a0\u00a0\u00a0\u00a0\u00a0\u00a0\u00a0\u00a0\u00a0\u00a0\u00a0\u00a0\u00a0\u00a0\u00a0\u00a0\u00a0\u00a0\u00a0\u00a0\u00a0\u00a0\u00a0\u00a0\u00a0\u00a0\u00a0\u00a0\u00a0\u00a0\u00a0\u00a0\u00a0 Lk 3, 1\u20136 Szent Luk\u00e1cs t\u00f6rt\u00e9nelmi keretbe helyezi a Keresztel\u00f3 fell\u00e9p\u00e9s\u00e9t, amikor arr\u00f3l tud\u00f3s\u00edt, hogy Szent J\u00e1nos Poncius Pil\u00e1tus, Her\u00f3des, F\u00fcl\u00f6p, Lizini\u00e1sz, Annas \u00e9s Kaif\u00e1s uralkod\u00e1sa idej\u00e9n kezdte el m\u0171k\u00f6d\u00e9s\u00e9t. J\u00e1nos a pr\u00f3f\u00e9ta szav\u00e1val b\u0171nb\u00e1natra buzd\u00edtja az embereket: \u201eA v\u00f6lgyeket t\u00f6lts\u00e9tek fel, a hegyeket, a halmokat hordj\u00e1tok el!\u201d A b\u0171nb\u00e1nat teszi az embert ugyanis alkalmass\u00e1 arra, hogy b\u0171n\u00f6s v\u00e1gyait\u00f3l megszabaduljon, \u00e9s k\u00e9szs\u00e9ges l\u00e9lekkel fogadja el Isten akarat\u00e1t. AZ EUCHARISZTI\u00c1HOZ A szent \u00e1ldozatban Krisztussal, a Megv\u00e1lt\u00f3val tal\u00e1lkozunk. Az Euchariszti\u00e1b\u00f3l \u00e1rad r\u00e1nk folyton a megv\u00e1lt\u00e1s kegyelme. Kereszt\u00e9ny \u00e9let\u00fcnk k\u00f6zpontja legyen a szentmise \u00e9s a szent\u00e1ldoz\u00e1s. Itt kapunk er\u0151t ahhoz, hogy hit\u00fcnkr\u0151l szavainkkal \u00e9s tetteinkkel tan\u00faskodhassunk. \u00c1LDOZ\u00c1SI \u00c9NEK\u00a0\u00a0\u00a0\u00a0\u00a0\u00a0\u00a0\u00a0\u00a0\u00a0\u00a0\u00a0\u00a0\u00a0\u00a0\u00a0\u00a0\u00a0\u00a0\u00a0\u00a0\u00a0 \u00a0\u00a0\u00a0\u00a0\u00a0\u00a0\u00a0\u00a0\u00a0\u00a0\u00a0\u00a0\u00a0\u00a0\u00a0\u00a0\u00a0\u00a0\u00a0B\u00e1r 5 , 5; 4, 36 Kelj f\u00f6l, Jeruzs\u00e1lem, \u00e1llj a magaslatra, \u00e9s n\u00e9zd az \u00f6r\u00f6met, amely Istent\u0151l... R\u00e9szletek"}