{"version":"1.0","provider_name":"Stuttgarti Katolikusok","provider_url":"https:\/\/stuttgarti-katolikusok.de","title":"A Szent Csal\u00e1d: J\u00e9zus, M\u00e1ria \u00e9s J\u00f3zsef\u00a0 - Stuttgarti Katolikusok","type":"rich","width":600,"height":338,"html":"<blockquote class=\"wp-embedded-content\" data-secret=\"DITgEFG9Qo\"><a href=\"https:\/\/stuttgarti-katolikusok.de\/index.php\/a-szent-csalad-jezus-maria-es-jozsef\/\">A Szent Csal\u00e1d: J\u00e9zus, M\u00e1ria \u00e9s J\u00f3zsef\u00a0<\/a><\/blockquote><iframe sandbox=\"allow-scripts\" security=\"restricted\" src=\"https:\/\/stuttgarti-katolikusok.de\/index.php\/a-szent-csalad-jezus-maria-es-jozsef\/embed\/#?secret=DITgEFG9Qo\" width=\"600\" height=\"338\" title=\"&#8220;A Szent Csal\u00e1d: J\u00e9zus, M\u00e1ria \u00e9s J\u00f3zsef\u00a0&#8221; &#8212; Stuttgarti Katolikusok\" data-secret=\"DITgEFG9Qo\" frameborder=\"0\" marginwidth=\"0\" marginheight=\"0\" scrolling=\"no\" class=\"wp-embedded-content\"><\/iframe><script type=\"text\/javascript\">\n\/* <![CDATA[ *\/\n\/*! This file is auto-generated *\/\n!function(d,l){\"use strict\";l.querySelector&&d.addEventListener&&\"undefined\"!=typeof URL&&(d.wp=d.wp||{},d.wp.receiveEmbedMessage||(d.wp.receiveEmbedMessage=function(e){var t=e.data;if((t||t.secret||t.message||t.value)&&!\/[^a-zA-Z0-9]\/.test(t.secret)){for(var s,r,n,a=l.querySelectorAll('iframe[data-secret=\"'+t.secret+'\"]'),o=l.querySelectorAll('blockquote[data-secret=\"'+t.secret+'\"]'),c=new RegExp(\"^https?:$\",\"i\"),i=0;i<o.length;i++)o[i].style.display=\"none\";for(i=0;i<a.length;i++)s=a[i],e.source===s.contentWindow&&(s.removeAttribute(\"style\"),\"height\"===t.message?(1e3<(r=parseInt(t.value,10))?r=1e3:~~r<200&&(r=200),s.height=r):\"link\"===t.message&&(r=new URL(s.getAttribute(\"src\")),n=new URL(t.value),c.test(n.protocol))&&n.host===r.host&&l.activeElement===s&&(d.top.location.href=t.value))}},d.addEventListener(\"message\",d.wp.receiveEmbedMessage,!1),l.addEventListener(\"DOMContentLoaded\",function(){for(var e,t,s=l.querySelectorAll(\"iframe.wp-embedded-content\"),r=0;r<s.length;r++)(t=(e=s[r]).getAttribute(\"data-secret\"))||(t=Math.random().toString(36).substring(2,12),e.src+=\"#?secret=\"+t,e.setAttribute(\"data-secret\",t)),e.contentWindow.postMessage({message:\"ready\",secret:t},\"*\")},!1)))}(window,document);\n\/\/# sourceURL=https:\/\/stuttgarti-katolikusok.de\/wp-includes\/js\/wp-embed.min.js\n\/* ]]> *\/\n<\/script>\n","thumbnail_url":"https:\/\/stuttgarti-katolikusok.de\/wp-content\/uploads\/2022\/12\/whatsapp-kep-2022-12-30-200234.jpg","thumbnail_width":2000,"thumbnail_height":1125,"description":"Kezd\u0151\u00e9nek: A p\u00e1sztorok gyorsan \u00fatra keltek \u00e9s megtal\u00e1lt\u00e1k M\u00e1ri\u00e1t, J\u00f3zsefet \u00e9s a j\u00e1szolban fekv\u0151 Gyermeket. (Lk 2,16) K\u00f6ny\u00f6rg\u00e9s: Isten\u00fcnk, te ragyog\u00f3 p\u00e9ldak\u00e9pnek \u00e1ll\u00edtod el\u00e9nk a Szent Csal\u00e1dot. Seg\u00edts, hogy nyomukban j\u00e1rjunk: gyakoroljuk a csal\u00e1di \u00e9let er\u00e9nyeit, mindig egyek maradjunk a szeretetben, \u00e9s \u00edgy atyai h\u00e1zadban \u00f6rvendezz\u00fcnk \u00f6r\u00f6k jutalmadnak. A mi Urunk, J\u00e9zus Krisztus, a te Fiad \u00e1ltal, aki veled \u00e9l \u00e9s uralkodik a Szentl\u00e9lekkel egys\u00e9gben, Isten mind\u00f6r\u00f6kk\u00f6n \u00f6r\u00f6kk\u00e9. Amennyiben nem vas\u00e1rnap \u00fcnneplik csak egy olvasm\u00e1nyt kell venni az evang\u00e9lium el\u0151tt. OLVASM\u00c1NY Sir\u00e1k fia k\u00f6nyv\u00e9b\u0151l Aki f\u00e9li az Urat, tiszteli sz\u00fcleit. Isten tekint\u00e9lyt adott az ap\u00e1nak a gyermekek el\u0151tt, \u00e9s megszabta az anya jog\u00e1t a gyermekekkel szemben. Aki tiszteli apj\u00e1t, b\u0171neit engeszteli, megszabadul t\u0151l\u00fck, \u00e9s mindennapi im\u00e1ja meghallgat\u00e1sra tal\u00e1l. Kincset gy\u0171jt mag\u00e1nak, aki megbecs\u00fcli anyj\u00e1t, aki pedig tiszteli apj\u00e1t, \u00f6r\u00f6m\u00e9t leli gyermekeiben, s amikor im\u00e1dkozik, meghallgat\u00e1sra tal\u00e1l. Aki becs\u00fcli apj\u00e1t, hossz\u00fa \u00e9let\u0171 lesz, s aki sz\u00f3t fogad apj\u00e1nak, fel\u00fcd\u00edti anyj\u00e1t. Fiam! Legyen gondod ap\u00e1dra \u00f6regs\u00e9g\u00e9ben, \u00e9s ne keser\u00edtsd \u0151t \u00e9let\u00e9ben. Ha meg is fogyatkozik erej\u00e9ben, l\u00e9gy eln\u00e9z\u0151 ir\u00e1nta, \u00e9s ne vesd meg \u00e9let\u00e9nek egy napj\u00e1n se. Ap\u00e1d ir\u00e1nt tan\u00fas\u00edtott j\u00f3 cselekedeted nem megy feled\u00e9sbe, \u00e9s elsz\u00e1molj\u00e1k neked b\u0171neid\u00e9rt. A j\u00f3tett fej\u00e9ben majd gyarapodni fogsz. Ez az Isten ig\u00e9je. Sir 3,3-7.14-17a (gr. 2-6.12-14) V\u00c1LASZOS ZSOLT\u00c1R V\u00e1lasz:\u00a0Boldog ember, ki f\u00e9li az Urat, * aki az \u00darnak \u00f6sv\u00e9ny\u00e9n halad.\u00a06. t\u00f3nus. El\u0151\u00e9nekes: Boldog mindaz, ki f\u00e9li az Urat, * aki az \u0151 \u00fatjain j\u00e1r. Kezed munk\u00e1j\u00e1b\u00f3l \u00e9lhetsz, * boldog leszel, \u00e9s j\u00f3l megy sorod. H\u00edvek: Boldog ember, ki f\u00e9li az Urat, * aki az \u00darnak \u00f6sv\u00e9ny\u00e9n halad. E: Feles\u00e9ged olyan, mint a term\u0151 sz\u0151l\u0151t\u0151, * a te h\u00e1zad bensej\u00e9ben. Fiaid olyanok, mint az olajfacsemet\u00e9k, * \u00fagy veszik k\u00f6r\u00fcl asztalodat. H: Boldog ember, ki f\u00e9li az Urat, * aki az \u00darnak \u00f6sv\u00e9ny\u00e9n halad. E: \u00cdme, ilyen \u00e1ld\u00e1sban r\u00e9szes\u00fcl az az ember, * aki f\u00e9li az Urat.... R\u00e9szletek"}