{"version":"1.0","provider_name":"Stuttgarti Katolikusok","provider_url":"https:\/\/stuttgarti-katolikusok.de","title":"A Stuttgarti Magyar Katolikus Misszi\u00f3 alap\u00edt\u00e1sa - Stuttgarti Katolikusok","type":"rich","width":600,"height":338,"html":"<blockquote class=\"wp-embedded-content\" data-secret=\"IiMqYJypqj\"><a href=\"https:\/\/stuttgarti-katolikusok.de\/index.php\/a-stuttgarti-magyar-katolikus-misszio-alapitasa\/\">A Stuttgarti Magyar Katolikus Misszi\u00f3 alap\u00edt\u00e1sa<\/a><\/blockquote><iframe sandbox=\"allow-scripts\" security=\"restricted\" src=\"https:\/\/stuttgarti-katolikusok.de\/index.php\/a-stuttgarti-magyar-katolikus-misszio-alapitasa\/embed\/#?secret=IiMqYJypqj\" width=\"600\" height=\"338\" title=\"&#8220;A Stuttgarti Magyar Katolikus Misszi\u00f3 alap\u00edt\u00e1sa&#8221; &#8212; Stuttgarti Katolikusok\" data-secret=\"IiMqYJypqj\" frameborder=\"0\" marginwidth=\"0\" marginheight=\"0\" scrolling=\"no\" class=\"wp-embedded-content\"><\/iframe><script type=\"text\/javascript\">\n\/* <![CDATA[ *\/\n\/*! This file is auto-generated *\/\n!function(d,l){\"use strict\";l.querySelector&&d.addEventListener&&\"undefined\"!=typeof URL&&(d.wp=d.wp||{},d.wp.receiveEmbedMessage||(d.wp.receiveEmbedMessage=function(e){var t=e.data;if((t||t.secret||t.message||t.value)&&!\/[^a-zA-Z0-9]\/.test(t.secret)){for(var s,r,n,a=l.querySelectorAll('iframe[data-secret=\"'+t.secret+'\"]'),o=l.querySelectorAll('blockquote[data-secret=\"'+t.secret+'\"]'),c=new RegExp(\"^https?:$\",\"i\"),i=0;i<o.length;i++)o[i].style.display=\"none\";for(i=0;i<a.length;i++)s=a[i],e.source===s.contentWindow&&(s.removeAttribute(\"style\"),\"height\"===t.message?(1e3<(r=parseInt(t.value,10))?r=1e3:~~r<200&&(r=200),s.height=r):\"link\"===t.message&&(r=new URL(s.getAttribute(\"src\")),n=new URL(t.value),c.test(n.protocol))&&n.host===r.host&&l.activeElement===s&&(d.top.location.href=t.value))}},d.addEventListener(\"message\",d.wp.receiveEmbedMessage,!1),l.addEventListener(\"DOMContentLoaded\",function(){for(var e,t,s=l.querySelectorAll(\"iframe.wp-embedded-content\"),r=0;r<s.length;r++)(t=(e=s[r]).getAttribute(\"data-secret\"))||(t=Math.random().toString(36).substring(2,12),e.src+=\"#?secret=\"+t,e.setAttribute(\"data-secret\",t)),e.contentWindow.postMessage({message:\"ready\",secret:t},\"*\")},!1)))}(window,document);\n\/\/# sourceURL=https:\/\/stuttgarti-katolikusok.de\/wp-includes\/js\/wp-embed.min.js\n\/* ]]> *\/\n<\/script>\n","thumbnail_url":"https:\/\/stuttgarti-katolikusok.de\/wp-content\/uploads\/2019\/05\/gellert-123.jpg","thumbnail_width":1087,"thumbnail_height":768,"description":"A Stuttgarti Magyar Katolikus Misszi\u00f3 megalakul\u00e1sa D\u2019Andr\u00e9 K\u00e1roly OFMConv. (1947) M\u00edg 1945 v\u00e9g\u00e9n, 1946 elej\u00e9n egy nyugatr\u00f3l val\u00f3 hazatelep\u00fcl\u00e9si hull\u00e1mnak lehett\u00fcnk tan\u00fai, \u00e9s akiknek nem volt mit f\u00e9lteni\u00fck az \u00faj \u201eurakt\u00f3l\u201d, hazamentek, 1946 v\u00e9g\u00e9n megindult egy ellent\u00e9tes hull\u00e1m: Magyarorsz\u00e1gr\u00f3l az egyre n\u00f6veked\u0151 politikai nyom\u00e1s illetve bolsevista terror el\u0151l mind t\u00f6bben kerestek maguknak nyugaton \u00faj haz\u00e1t. Ekkorra m\u00e1r k\u00f6rvonalaz\u00f3dni l\u00e1tszottak azok az esem\u00e9nyek, amelyeknek sz\u00e1lait \u2013 R\u00e1kosi M\u00e1ty\u00e1s vezet\u00e9s\u00e9vel \u2013 a kommunist\u00e1k sz\u0151tt\u00e9k, hogy g\u00e1tl\u00e1stalanul \u00e9s embertelen\u00fcl \u00e1tvehess\u00e9k az orsz\u00e1g ir\u00e1ny\u00edt\u00e1s\u00e1t. Ez a t\u00f6rekv\u00e9s r\u00f6pke egy \u00e9v ut\u00e1n a legk\u00fcl\u00f6nb\u00f6z\u0151bb \u00f6sszeesk\u00fcv\u00e9si mozgalmak \u201eleleplez\u00e9s\u00e9ben\u201d, k\u00e9mked\u00e9sek \u201ef\u00f6lder\u00edt\u00e9s\u00e9ben\u201d, a demokratikus magyarok tev\u00e9kenys\u00e9g\u00e9nek \u201eelg\u00e1ncsol\u00e1s\u00e1ban\u201d, a Kisgazda P\u00e1rt felsz\u00e1mol\u00e1s\u00e1ban, \u00e9s a Mindszenty-, Gr\u0151sz, Ordas perekben cs\u00facsosodott ki, \u00e9s vont maga ut\u00e1n vall\u00e1s- \u00e9s egyh\u00e1z\u00fcld\u00f6z\u00e9st. Sajnos, ma m\u00e1r nem tudjuk meg\u00e1llap\u00edtani, hogy ezekben az \u00e9vekben egyesek szerint h\u00e1ny ezer, m\u00e1sok szerint h\u00e1ny t\u00edzezer (!) ember hagyta el Magyarorsz\u00e1got. K\u00f6z\u00f6tt\u00fck volt az akkori minisztereln\u00f6k, Nagy Ferenc (1903-1979), sz\u00e1mos vezet\u0151 politikussal, k\u00e9pvisel\u0151vel, nagyk\u00f6vettel, de nagy volt az egyetemi tan\u00e1rok \u2013 \u00e9s \u00e1ltal\u00e1ban a fiatalok \u2013 sz\u00e1ma. Egysz\u00f3val a magyar t\u00e1rsadalom minden r\u00e9teg\u00e9b\u0151l voltak olyan menek\u00fcltek, akiknek az otthoni, antidemokratikus t\u00e1rsadalmi \u00e1talakul\u00e1sok nem tetszettek, s\u0151t \u2013 mivel m\u00e1s volt a v\u00e9lem\u00e9ny\u00fck, \u00e9s a kommunist\u00e1k nem t\u0171rtek m\u00e1s v\u00e9lem\u00e9nyt \u2013 szabads\u00e1gukat \u00e9s \u00e9let\u00fcket kellett f\u00e9lteni\u00fck. Mivel ez az egy\u00e9ni menek\u00fcl\u00e9s t\u00f6bb \u00e9ven \u00e1t folyt, ez\u00e9rt ezt k\u00e9s\u0151bb nem \u201ehull\u00e1m\u201d-k\u00e9nt tartott\u00e1k sz\u00e1mon. Ezek a menek\u00fcl\u0151k, akik m\u00e1r Nyugat-Eur\u00f3pa csaknem minden orsz\u00e1g\u00e1ba eljutottak, tov\u00e1bb szapor\u00edtott\u00e1k az emigr\u00e1ci\u00f3 tagjainak: els\u0151sorban tud\u00f3sainak, m\u0171v\u00e9szeinek, lelk\u00e9szeinek, \u00edr\u00f3inak, szerkeszt\u0151inek, sportol\u00f3inak a sz\u00e1m\u00e1t. Az 1947-es menek\u00fcltek \u2013 mivel nem j\u00f6ttek csoportosan \u2013 nem t\u00f6m\u00f6r\u00fcltek egy helyre, hanem sz\u00e9tsz\u00f3r\u00f3dtak Nyugat-Eur\u00f3pa szinte valamennyi \u00e1llam\u00e1ba, de nagyon sokan mentek egyenesen az Egyes\u00fclt \u00c1llamokba. Eur\u00f3pai \u201ek\u00f6zpontjuk\u201d a politikai \u00e9s szervezked\u00e9si szabads\u00e1gukat meghagy\u00f3 Franciaorsz\u00e1g, \u201ef\u0151v\u00e1rosuk\u201d pedig P\u00e1rizs lett. Nagy r\u00e9sz\u00fck ism\u00e9t nem tartotta a jelenlegi helyzetet v\u00e9glegesnek, mert abban rem\u00e9nykedett, hogy a Nyugat hamarosan... R\u00e9szletek"}