{"version":"1.0","provider_name":"Stuttgarti Katolikusok","provider_url":"https:\/\/stuttgarti-katolikusok.de","title":"A Stuttgarti Magyar Katolikus Egyh\u00e1zk\u00f6zs\u00e9g b\u00facs\u00fa\u00fcnnepe - Stuttgarti Katolikusok","type":"rich","width":600,"height":338,"html":"<blockquote class=\"wp-embedded-content\" data-secret=\"j2GcKvVQGK\"><a href=\"https:\/\/stuttgarti-katolikusok.de\/index.php\/a-stuttgarti-magyar-katolikus-egyhazkozseg-bucsuunnepe\/\">A Stuttgarti Magyar Katolikus Egyh\u00e1zk\u00f6zs\u00e9g b\u00facs\u00fa\u00fcnnepe<\/a><\/blockquote><iframe sandbox=\"allow-scripts\" security=\"restricted\" src=\"https:\/\/stuttgarti-katolikusok.de\/index.php\/a-stuttgarti-magyar-katolikus-egyhazkozseg-bucsuunnepe\/embed\/#?secret=j2GcKvVQGK\" width=\"600\" height=\"338\" title=\"&#8220;A Stuttgarti Magyar Katolikus Egyh\u00e1zk\u00f6zs\u00e9g b\u00facs\u00fa\u00fcnnepe&#8221; &#8212; Stuttgarti Katolikusok\" data-secret=\"j2GcKvVQGK\" frameborder=\"0\" marginwidth=\"0\" marginheight=\"0\" scrolling=\"no\" class=\"wp-embedded-content\"><\/iframe><script type=\"text\/javascript\">\n\/* <![CDATA[ *\/\n\/*! This file is auto-generated *\/\n!function(d,l){\"use strict\";l.querySelector&&d.addEventListener&&\"undefined\"!=typeof URL&&(d.wp=d.wp||{},d.wp.receiveEmbedMessage||(d.wp.receiveEmbedMessage=function(e){var t=e.data;if((t||t.secret||t.message||t.value)&&!\/[^a-zA-Z0-9]\/.test(t.secret)){for(var s,r,n,a=l.querySelectorAll('iframe[data-secret=\"'+t.secret+'\"]'),o=l.querySelectorAll('blockquote[data-secret=\"'+t.secret+'\"]'),c=new RegExp(\"^https?:$\",\"i\"),i=0;i<o.length;i++)o[i].style.display=\"none\";for(i=0;i<a.length;i++)s=a[i],e.source===s.contentWindow&&(s.removeAttribute(\"style\"),\"height\"===t.message?(1e3<(r=parseInt(t.value,10))?r=1e3:~~r<200&&(r=200),s.height=r):\"link\"===t.message&&(r=new URL(s.getAttribute(\"src\")),n=new URL(t.value),c.test(n.protocol))&&n.host===r.host&&l.activeElement===s&&(d.top.location.href=t.value))}},d.addEventListener(\"message\",d.wp.receiveEmbedMessage,!1),l.addEventListener(\"DOMContentLoaded\",function(){for(var e,t,s=l.querySelectorAll(\"iframe.wp-embedded-content\"),r=0;r<s.length;r++)(t=(e=s[r]).getAttribute(\"data-secret\"))||(t=Math.random().toString(36).substring(2,12),e.src+=\"#?secret=\"+t,e.setAttribute(\"data-secret\",t)),e.contentWindow.postMessage({message:\"ready\",secret:t},\"*\")},!1)))}(window,document);\n\/\/# sourceURL=https:\/\/stuttgarti-katolikusok.de\/wp-includes\/js\/wp-embed.min.js\n\/* ]]> *\/\n<\/script>\n","thumbnail_url":"https:\/\/stuttgarti-katolikusok.de\/wp-content\/uploads\/2017\/09\/stuttgarti-bucsu-neu-1024x649.jpg","thumbnail_width":1024,"thumbnail_height":649,"description":"A STUTTGARTI\u00a0 SZENT\u00a0 GELL\u00c9RT\u00a0 EGYH\u00c1ZK\u00d6ZS\u00c9G B\u00daCS\u00da\u00dcNNEP\u00c9NEK\u00a0 PROGRAMJA \u00a0Szeptember 15 \u2013 p\u00e9ntek 16.00 \u00f3rakor Bar\u00e1ts\u00e1gklub \u2013 Vend\u00e9g\u00fcnk Ft. URB\u00c1N ERIK ferences atya,\u00a0 a cs\u00edksomly\u00f3i rendh\u00e1z f\u0151n\u00f6ke, \u00e9rseki helyn\u00f6k 18.00 nyit\u00f3 szentmise Szeptember 16 \u2013 szombat 18.00 \u00f3rakor \u2013 a Nyitott Templomok Napja keret\u00e9ben \u2013 vet\u00edt\u00e9ses el\u0151ad\u00e1s a minket befogad\u00f3 Bruder Klaus templomr\u00f3l 19.00 \u00f3rakor BAL\u00c1ZS FEC\u00d3 koncertje \u00a0Szeptember 17 \u2013 vas\u00e1rnap, templomunk\u00a0\u00a0\u00a0 v\u00e9d\u0151szentj\u00e9nek, Szent Gell\u00e9rt p\u00fcsp\u00f6k \u00e9s v\u00e9rtan\u00fanak az \u00fcnnepe 12.00 \u00f3rakor szentmise, bemutatja \u00e9s szentbesz\u00e9det mond Ft. URB\u00c1N ERIK atya 13.30 \u00f3rakor k\u00f6z\u00f6s eb\u00e9d a templom el\u0151tti t\u00e9ren 15.00 \u00f3rakor NAGY \u00c1KOS zenem\u0171v\u00e9sz marimba-koncertje \u00a0Szeptember 18 \u2013 h\u00e9tf\u0151 19.00 \u00f3rakor Cs\u00edksomly\u00f3 Est \u2013 filmvet\u00edt\u00e9s a legnagyobb magyar b\u00facs\u00faj\u00e1r\u00f3 helyr\u0151l, majd besz\u00e9lget\u00e9s Urb\u00e1n Erik aty\u00e1val, v\u00e9g\u00fcl k\u00f6z\u00f6s vacsora a magunkkal hozottb\u00f3l \u00a0 \u00a0MINDENKIT SZERETETTEL V\u00c1R AZ EGYH\u00c1ZK\u00d6ZS\u00c9G! &nbsp; \u00a0 \u00a0 \u00a0 \u00a0 \u00a0 \u00a0 \u00a0 \u00a0 \u00a0 \u00a0 \u00a0 &nbsp; \u00a0 \u00a0 \u00a0 \u00a0 \u00a0 &nbsp;"}