{"version":"1.0","provider_name":"Stuttgarti Katolikusok","provider_url":"https:\/\/stuttgarti-katolikusok.de","title":"A Kar\u00e1csonyi \u00fcnnepk\u00f6r - Stuttgarti Katolikusok","type":"rich","width":600,"height":338,"html":"<blockquote class=\"wp-embedded-content\" data-secret=\"ADXcVS58Da\"><a href=\"https:\/\/stuttgarti-katolikusok.de\/index.php\/a-karacsonyi-unnepkor\/\">A Kar\u00e1csonyi \u00fcnnepk\u00f6r<\/a><\/blockquote><iframe sandbox=\"allow-scripts\" security=\"restricted\" src=\"https:\/\/stuttgarti-katolikusok.de\/index.php\/a-karacsonyi-unnepkor\/embed\/#?secret=ADXcVS58Da\" width=\"600\" height=\"338\" title=\"&#8220;A Kar\u00e1csonyi \u00fcnnepk\u00f6r&#8221; &#8212; Stuttgarti Katolikusok\" data-secret=\"ADXcVS58Da\" frameborder=\"0\" marginwidth=\"0\" marginheight=\"0\" scrolling=\"no\" class=\"wp-embedded-content\"><\/iframe><script type=\"text\/javascript\">\n\/* <![CDATA[ *\/\n\/*! This file is auto-generated *\/\n!function(d,l){\"use strict\";l.querySelector&&d.addEventListener&&\"undefined\"!=typeof URL&&(d.wp=d.wp||{},d.wp.receiveEmbedMessage||(d.wp.receiveEmbedMessage=function(e){var t=e.data;if((t||t.secret||t.message||t.value)&&!\/[^a-zA-Z0-9]\/.test(t.secret)){for(var s,r,n,a=l.querySelectorAll('iframe[data-secret=\"'+t.secret+'\"]'),o=l.querySelectorAll('blockquote[data-secret=\"'+t.secret+'\"]'),c=new RegExp(\"^https?:$\",\"i\"),i=0;i<o.length;i++)o[i].style.display=\"none\";for(i=0;i<a.length;i++)s=a[i],e.source===s.contentWindow&&(s.removeAttribute(\"style\"),\"height\"===t.message?(1e3<(r=parseInt(t.value,10))?r=1e3:~~r<200&&(r=200),s.height=r):\"link\"===t.message&&(r=new URL(s.getAttribute(\"src\")),n=new URL(t.value),c.test(n.protocol))&&n.host===r.host&&l.activeElement===s&&(d.top.location.href=t.value))}},d.addEventListener(\"message\",d.wp.receiveEmbedMessage,!1),l.addEventListener(\"DOMContentLoaded\",function(){for(var e,t,s=l.querySelectorAll(\"iframe.wp-embedded-content\"),r=0;r<s.length;r++)(t=(e=s[r]).getAttribute(\"data-secret\"))||(t=Math.random().toString(36).substring(2,12),e.src+=\"#?secret=\"+t,e.setAttribute(\"data-secret\",t)),e.contentWindow.postMessage({message:\"ready\",secret:t},\"*\")},!1)))}(window,document);\n\/\/# sourceURL=https:\/\/stuttgarti-katolikusok.de\/wp-includes\/js\/wp-embed.min.js\n\/* ]]> *\/\n<\/script>\n","description":"A kar\u00e1csonyi \u00fcnnepk\u00f6r december 25-\u00e9t bevezet\u0151 \u00e9s k\u00f6vet\u0151 id\u0151szak. A \u00a0megtestes\u00fcl\u00e9s miszt\u00e9rium\u00e1t \u00fcnnepli. A II. Vatik\u00e1ni Zsinat \u00f3ta \u00e1dvent els\u0151 vas\u00e1rnapj\u00e1t\u00f3l a v\u00edzkereszt ut\u00e1ni els\u0151 \u00e9vk\u00f6zi vas\u00e1rnapig tart. Kar\u00e1csony teh\u00e1t az \u00dar sz\u00fclet\u00e9s\u00e9nek szent \u00fcnnepe. Ezen az \u00fcnnepen eml\u00e9kezik az anyaszentegyh\u00e1z arra a nagy isteni szeretetre, mely elk\u00fcldte egysz\u00fcl\u00f6tt fi\u00e1t a b\u0171n\u00f6s vil\u00e1gba, hogy kiengesztelje a vil\u00e1got az Aty\u00e1val. De kar\u00e1csony \u00fcnnep\u00e9hez kapcsol\u00f3d\u00f3an egy eg\u00e9sz sor liturgikus \u00fcnneppel \u00e9s eml\u00e9knappal tal\u00e1lkozunk. Nagyon saj\u00e1ts\u00e1gos kar\u00e1csony nyolcada \u00e9s azok a szentek, akiknek az \u00fcnnepl\u00e9s\u00e9re felsz\u00f3l\u00edt benn\u00fcnket az egyh\u00e1z. Az elej\u00e9n &#8211; december 26-\u00e1n &#8211; m\u00e1ris ott van Szent Istv\u00e1nnak, az egyh\u00e1z els\u0151 v\u00e9rtan\u00faj\u00e1nak \u00fcnnepnapja. \u0150 volt az, aki &#8211; v\u00e9re hull\u00e1s\u00e1val &#8211; el\u0151sz\u00f6r tett tan\u00fas\u00e1got Krisztus ir\u00e1nti h\u0171s\u00e9g\u00e9r\u0151l. Szent Istv\u00e1n diak\u00f3nus volt, egy azon diak\u00f3nusok k\u00f6z\u00fcl, akiket maguk az apostolok rendeltek az egyh\u00e1z szolg\u00e1lat\u00e1ra. Hal\u00e1la pedig nagyon hasonl\u00f3 Krisztus hal\u00e1l\u00e1hoz, hiszen igazs\u00e1gtalanul \u00edt\u00e9lt\u00e9k el, \u0151 pedig kiv\u00e9gz\u0151i\u00e9rt im\u00e1dkozott. December 27-\u00e9n \u00fcnnepelj\u00fck Szent J\u00e1nos apostol \u00e9s evang\u00e9lista \u00fcnnep\u00e9t. Az \u00dar kedves tan\u00edtv\u00e1nya a Szent\u00edr\u00e1s tan\u00fas\u00e1ga szerint. Tal\u00e1n \u00e9ppen ez\u00e9rt van az \u0151 \u00fcnnepnapja ilyen k\u00f6zel kar\u00e1csony \u00fcnnep\u00e9hez. Szent J\u00e1nos az egyetlen tan\u00edtv\u00e1ny, aki nem v\u00e9rtan\u00fak\u00e9nt fejezte be \u00e9let\u00e9t, b\u00e1r a hagyom\u00e1ny szerint &#8211; nem is egy alkalommal &#8211; meg akart\u00e1k \u00f6lni. Egy ilyen esem\u00e9nyhez kapcsol\u00f3dik a Szent J\u00e1nos-napi borszentel\u00e9s hagyom\u00e1nya is. A hagyom\u00e1ny szerint ugyanis egy alkalommal m\u00e9rgezett italt ny\u00fajtottak Szent J\u00e1nos apostolnak, de az apostol meg\u00e1ldotta az italt, amib\u0151l k\u00edgy\u00f3 form\u00e1j\u00e1ban t\u00e1vozott a m\u00e9reg. December 28-\u00e1n Apr\u00f3szentek \u00fcnnepe. \u0150k voltak azok, akik &#8211; b\u00e1r \u00f6ntudatlanul &#8211; Krisztus\u00e9rt adt\u00e1k \u00e9let\u00fcket. A f\u00e9ktelen hatalomv\u00e1gy \u00e1ldozataiv\u00e1 v\u00e1ltak ezek a kisgyermekek, akiket Her\u00f3des parancs\u00e1ra v\u00e9geztek ki. Ezen a napon szerte a vil\u00e1gon a meg nem sz\u00fcletett gyermekek\u00e9rt im\u00e1dkoznak templomainkban. Azok\u00e9rt, akiket ma gyilkolnak meg, ilyen-olyan emberi okok miatt. A kar\u00e1csony nyolcad\u00e1ban lev\u0151 vas\u00e1rnapon a Szent Csal\u00e1dot \u00fcnnepelj\u00fck: J\u00e9zust, M\u00e1ri\u00e1t \u00e9s J\u00f3zsefet. Ekkor els\u0151sorban a saj\u00e1t csal\u00e1dunkra... R\u00e9szletek"}