{"version":"1.0","provider_name":"Stuttgarti Katolikusok","provider_url":"https:\/\/stuttgarti-katolikusok.de","title":"75 \u00e9ves jubileumi \u00fcnnep\u00fcnk programja - Stuttgarti Katolikusok","type":"rich","width":600,"height":338,"html":"<blockquote class=\"wp-embedded-content\" data-secret=\"HQ7mxX9VWb\"><a href=\"https:\/\/stuttgarti-katolikusok.de\/index.php\/75-eves-jubileumi-unnepunk-programja\/\">75 \u00e9ves jubileumi \u00fcnnep\u00fcnk programja<\/a><\/blockquote><iframe sandbox=\"allow-scripts\" security=\"restricted\" src=\"https:\/\/stuttgarti-katolikusok.de\/index.php\/75-eves-jubileumi-unnepunk-programja\/embed\/#?secret=HQ7mxX9VWb\" width=\"600\" height=\"338\" title=\"&#8220;75 \u00e9ves jubileumi \u00fcnnep\u00fcnk programja&#8221; &#8212; Stuttgarti Katolikusok\" data-secret=\"HQ7mxX9VWb\" frameborder=\"0\" marginwidth=\"0\" marginheight=\"0\" scrolling=\"no\" class=\"wp-embedded-content\"><\/iframe><script type=\"text\/javascript\">\n\/* <![CDATA[ *\/\n\/*! This file is auto-generated *\/\n!function(d,l){\"use strict\";l.querySelector&&d.addEventListener&&\"undefined\"!=typeof URL&&(d.wp=d.wp||{},d.wp.receiveEmbedMessage||(d.wp.receiveEmbedMessage=function(e){var t=e.data;if((t||t.secret||t.message||t.value)&&!\/[^a-zA-Z0-9]\/.test(t.secret)){for(var s,r,n,a=l.querySelectorAll('iframe[data-secret=\"'+t.secret+'\"]'),o=l.querySelectorAll('blockquote[data-secret=\"'+t.secret+'\"]'),c=new RegExp(\"^https?:$\",\"i\"),i=0;i<o.length;i++)o[i].style.display=\"none\";for(i=0;i<a.length;i++)s=a[i],e.source===s.contentWindow&&(s.removeAttribute(\"style\"),\"height\"===t.message?(1e3<(r=parseInt(t.value,10))?r=1e3:~~r<200&&(r=200),s.height=r):\"link\"===t.message&&(r=new URL(s.getAttribute(\"src\")),n=new URL(t.value),c.test(n.protocol))&&n.host===r.host&&l.activeElement===s&&(d.top.location.href=t.value))}},d.addEventListener(\"message\",d.wp.receiveEmbedMessage,!1),l.addEventListener(\"DOMContentLoaded\",function(){for(var e,t,s=l.querySelectorAll(\"iframe.wp-embedded-content\"),r=0;r<s.length;r++)(t=(e=s[r]).getAttribute(\"data-secret\"))||(t=Math.random().toString(36).substring(2,12),e.src+=\"#?secret=\"+t,e.setAttribute(\"data-secret\",t)),e.contentWindow.postMessage({message:\"ready\",secret:t},\"*\")},!1)))}(window,document);\n\/\/# sourceURL=https:\/\/stuttgarti-katolikusok.de\/wp-includes\/js\/wp-embed.min.js\n\/* ]]> *\/\n<\/script>\n","thumbnail_url":"https:\/\/stuttgarti-katolikusok.de\/wp-content\/uploads\/2022\/05\/75-jubileum-foto-2-scaled.jpg","thumbnail_width":2560,"thumbnail_height":2560,"description":"Kedves H\u00edveim, kedves Bar\u00e1taim! Nagy szeretettel h\u00edvlak benneteket Egyh\u00e1zk\u00f6zs\u00e9g\u00fcnk alap\u00edt\u00e1sa 75. \u00e9vfordul\u00f3j\u00e1nak meg\u00fcnnepl\u00e9s\u00e9re.\u00a0 A h\u00e1rom napos \u00fcnnepi programunk az al\u00e1bbiakban tekinthet\u0151 meg. K\u00e9rlek egyben benneteket, hogy min\u00e9l t\u00f6bbeket sz\u00f3l\u00edtsatok meg bar\u00e1ti \u00e9s ismer\u0151si k\u00f6r\u00f6t\u00f6kben. Szeretn\u00e9nk k\u00f6z\u00f6sen k\u00f6sz\u00f6netet mondani az elm\u00falt 75 esztend\u0151\u00e9rt. Term\u00e9szetesen benne h\u00e1l\u00e1val tekint\u00fcnk azokra az esztend\u0151kre, amelyekben \u00e9let\u00fcnk r\u00e9szese volt ennek t\u00f6bb mint h\u00e9t \u00e9vtizednek. Lelkip\u00e1sztori \u00e9s bar\u00e1ti szeretettel, Tibor atya"}