{"version":"1.0","provider_name":"Stuttgarti Katolikusok","provider_url":"https:\/\/stuttgarti-katolikusok.de","title":"2025. OKT\u00d3BER 20 \u00c9S 26 K\u00d6Z\u00d6TT - Stuttgarti Katolikusok","type":"rich","width":600,"height":338,"html":"<blockquote class=\"wp-embedded-content\" data-secret=\"jPlFclh7pB\"><a href=\"https:\/\/stuttgarti-katolikusok.de\/index.php\/2025-oktober-20-es-26-kozott\/\">2025. OKT\u00d3BER 20 \u00c9S 26 K\u00d6Z\u00d6TT<\/a><\/blockquote><iframe sandbox=\"allow-scripts\" security=\"restricted\" src=\"https:\/\/stuttgarti-katolikusok.de\/index.php\/2025-oktober-20-es-26-kozott\/embed\/#?secret=jPlFclh7pB\" width=\"600\" height=\"338\" title=\"&#8220;2025. OKT\u00d3BER 20 \u00c9S 26 K\u00d6Z\u00d6TT&#8221; &#8212; Stuttgarti Katolikusok\" data-secret=\"jPlFclh7pB\" frameborder=\"0\" marginwidth=\"0\" marginheight=\"0\" scrolling=\"no\" class=\"wp-embedded-content\"><\/iframe><script type=\"text\/javascript\">\n\/* <![CDATA[ *\/\n\/*! This file is auto-generated *\/\n!function(d,l){\"use strict\";l.querySelector&&d.addEventListener&&\"undefined\"!=typeof URL&&(d.wp=d.wp||{},d.wp.receiveEmbedMessage||(d.wp.receiveEmbedMessage=function(e){var t=e.data;if((t||t.secret||t.message||t.value)&&!\/[^a-zA-Z0-9]\/.test(t.secret)){for(var s,r,n,a=l.querySelectorAll('iframe[data-secret=\"'+t.secret+'\"]'),o=l.querySelectorAll('blockquote[data-secret=\"'+t.secret+'\"]'),c=new RegExp(\"^https?:$\",\"i\"),i=0;i<o.length;i++)o[i].style.display=\"none\";for(i=0;i<a.length;i++)s=a[i],e.source===s.contentWindow&&(s.removeAttribute(\"style\"),\"height\"===t.message?(1e3<(r=parseInt(t.value,10))?r=1e3:~~r<200&&(r=200),s.height=r):\"link\"===t.message&&(r=new URL(s.getAttribute(\"src\")),n=new URL(t.value),c.test(n.protocol))&&n.host===r.host&&l.activeElement===s&&(d.top.location.href=t.value))}},d.addEventListener(\"message\",d.wp.receiveEmbedMessage,!1),l.addEventListener(\"DOMContentLoaded\",function(){for(var e,t,s=l.querySelectorAll(\"iframe.wp-embedded-content\"),r=0;r<s.length;r++)(t=(e=s[r]).getAttribute(\"data-secret\"))||(t=Math.random().toString(36).substring(2,12),e.src+=\"#?secret=\"+t,e.setAttribute(\"data-secret\",t)),e.contentWindow.postMessage({message:\"ready\",secret:t},\"*\")},!1)))}(window,document);\n\/\/# sourceURL=https:\/\/stuttgarti-katolikusok.de\/wp-includes\/js\/wp-embed.min.js\n\/* ]]> *\/\n<\/script>\n","thumbnail_url":"https:\/\/stuttgarti-katolikusok.de\/wp-content\/uploads\/2025\/10\/ferenczy-noemi-oktober.jpg","thumbnail_width":2048,"thumbnail_height":1884,"description":"Programel\u0151zetes * Okt\u00f3ber 23-\u00e1n, cs\u00fct\u00f6rt\u00f6k\u00f6n, Weingarteni d\u00e9lut\u00e1n, a 14 Nothelfer Kapelle-ben 17.30 \u00f3rakor r\u00f3zsaf\u00fcz\u00e9r im\u00e1ds\u00e1g \u00e9s okt\u00f3beri \u00e1jtatoss\u00e1g, majd 18.00 \u00f3rakor szentmise, keret\u00e9ben katek\u00e9zis. * Okt\u00f3ber 24-\u00e9n,\u00a0p\u00e9nteken, Stuttgarti d\u00e9lut\u00e1n 17.30 \u00f3rakor szentmise, el\u0151tte r\u00f3zsaf\u00fcz\u00e9rt im\u00e1dkozunk 18.00 \u00f3rakor Bar\u00e1ts\u00e1gklub * \u00c9vk\u00f6zi 30. vas\u00e1rnap Okt\u00f3ber 25-\u00e9n, szombaton, Tuttlingenben 16.00 \u00f3rakor szentmise, ut\u00e1na agap\u00e9. Stuttgartban 16.00 \u00f3rakor: Kedves Sz\u00fcl\u0151k, kedves Bar\u00e1taim! \u00d6r\u00f6mmel sz\u00f3lok leg\u00fajabb kezdem\u00e9nyez\u00e9s\u00fcnkr\u0151l. Ezen a h\u00e9tv\u00e9g\u00e9n elind\u00edtjuk a\u00a0Must\u00e1rmagocska zene- \u00e9s bark\u00e1csk\u00f6r\u00a0foglalkoz\u00e1sunkat. K\u00f6sz\u00f6net Bandean Andrea h\u00edv\u00fcnknek kezdem\u00e9nyez\u0151 \u00f6tlet\u00e9\u00e9rt \u00e9s lelkes szolg\u00e1lat\u00e1\u00e9rt. K\u00e9rlek is egyben benneteket, hogy terjessz\u00e9tek bar\u00e1ti \u00e9s ismer\u0151si k\u00f6rben kezdem\u00e9nyez\u00e9s\u00fcnket.\u00a0 C\u00e9lunk, hogy\u00a0 a gyermekeknek lehet\u0151s\u00e9get k\u00edn\u00e1ljunk a j\u00e1t\u00e9kos foglalkoz\u00e1sok keret\u00e9ben t\u00f6rt\u00e9n\u0151 hit- \u00e9s anyanyelvb\u00e9li ismeretek elsaj\u00e1t\u00edt\u00e1s\u00e1ra. Tibor atya\u00a0 ***** T\u00e9li id\u0151sz\u00e1m\u00edt\u00e1s kezdete: 2025. okt\u00f3ber 26., vas\u00e1rnap hajnalban 3:00 \u00f3rakor 2:00 \u00f3r\u00e1ra kell vissza\u00e1ll\u00edtani az \u00f3r\u00e1t!!! \u00a0* Okt\u00f3ber 26-\u00e1n, \u00c9vk\u00f6zi 30. vas\u00e1rnap, B\u00f6blingenben 9.30 \u00f3rakor szentmise, ut\u00e1na agap\u00e9, Eislingenben 15.00 \u00f3rakor szentmise, ut\u00e1na agap\u00e9. * Minden helyen mindenkit szeretettel v\u00e1r a k\u00f6z\u00f6ss\u00e9g \u00e9s Tibor atya! * * Bens\u0151s\u00e9ges \u0151szi napokat, j\u00f3 munk\u00e1t, tartalmas besz\u00e9lget\u00e9seket \u00e9s \u00f6r\u00f6mteli tal\u00e1lkoz\u00e1sokat k\u00edv\u00e1nunk minden Kedves H\u00edv\u00fcnknek! * \u201eAdj nekem, Uram, \u00e9ber sz\u00edvet, amelyet k\u00f6nnyelm\u0171 gondolat nem t\u00e9r\u00edt el t\u0151led. Adj nemes sz\u00edvet, amelyet m\u00e9ltatlan szenved\u00e9ly nem tud lealacsony\u00edtani. Egyenes \u00e9s b\u00e1tor sz\u00edvet, amelyet k\u00f6z\u00f6ns\u00e9ges t\u00f6rtet\u00e9sek nem vezetnek t\u00e9v\u00fatra. Er\u0151s sz\u00edvet, amelyet szorong\u00e1s nem tud let\u00f6rni. Szabad sz\u00edvet, amelyet alantas \u00e9s rossz v\u00e1gyak nem k\u00f6tnek g\u00fazsba.\u201d (Aquin\u00f3i Szent Tam\u00e1s \u2013 1225 &#8211; 1274 \u2013 egyh\u00e1ztan\u00edt\u00f3, filoz\u00f3fus, teol\u00f3gus) (K\u00e9pek forr\u00e1sa: Ferenczy No\u00e9mi \u00e9s Pixabay)"}