{"version":"1.0","provider_name":"Stuttgarti Katolikusok","provider_url":"https:\/\/stuttgarti-katolikusok.de","title":"2025. NOVEMBER 17 \u00c9S 23 K\u00d6Z\u00d6TT - Stuttgarti Katolikusok","type":"rich","width":600,"height":338,"html":"<blockquote class=\"wp-embedded-content\" data-secret=\"Ddsgk344FE\"><a href=\"https:\/\/stuttgarti-katolikusok.de\/index.php\/2025-november-17-es-23-kozott\/\">2025. NOVEMBER 17 \u00c9S 23 K\u00d6Z\u00d6TT<\/a><\/blockquote><iframe sandbox=\"allow-scripts\" security=\"restricted\" src=\"https:\/\/stuttgarti-katolikusok.de\/index.php\/2025-november-17-es-23-kozott\/embed\/#?secret=Ddsgk344FE\" width=\"600\" height=\"338\" title=\"&#8220;2025. NOVEMBER 17 \u00c9S 23 K\u00d6Z\u00d6TT&#8221; &#8212; Stuttgarti Katolikusok\" data-secret=\"Ddsgk344FE\" frameborder=\"0\" marginwidth=\"0\" marginheight=\"0\" scrolling=\"no\" class=\"wp-embedded-content\"><\/iframe><script type=\"text\/javascript\">\n\/* <![CDATA[ *\/\n\/*! This file is auto-generated *\/\n!function(d,l){\"use strict\";l.querySelector&&d.addEventListener&&\"undefined\"!=typeof URL&&(d.wp=d.wp||{},d.wp.receiveEmbedMessage||(d.wp.receiveEmbedMessage=function(e){var t=e.data;if((t||t.secret||t.message||t.value)&&!\/[^a-zA-Z0-9]\/.test(t.secret)){for(var s,r,n,a=l.querySelectorAll('iframe[data-secret=\"'+t.secret+'\"]'),o=l.querySelectorAll('blockquote[data-secret=\"'+t.secret+'\"]'),c=new RegExp(\"^https?:$\",\"i\"),i=0;i<o.length;i++)o[i].style.display=\"none\";for(i=0;i<a.length;i++)s=a[i],e.source===s.contentWindow&&(s.removeAttribute(\"style\"),\"height\"===t.message?(1e3<(r=parseInt(t.value,10))?r=1e3:~~r<200&&(r=200),s.height=r):\"link\"===t.message&&(r=new URL(s.getAttribute(\"src\")),n=new URL(t.value),c.test(n.protocol))&&n.host===r.host&&l.activeElement===s&&(d.top.location.href=t.value))}},d.addEventListener(\"message\",d.wp.receiveEmbedMessage,!1),l.addEventListener(\"DOMContentLoaded\",function(){for(var e,t,s=l.querySelectorAll(\"iframe.wp-embedded-content\"),r=0;r<s.length;r++)(t=(e=s[r]).getAttribute(\"data-secret\"))||(t=Math.random().toString(36).substring(2,12),e.src+=\"#?secret=\"+t,e.setAttribute(\"data-secret\",t)),e.contentWindow.postMessage({message:\"ready\",secret:t},\"*\")},!1)))}(window,document);\n\/\/# sourceURL=https:\/\/stuttgarti-katolikusok.de\/wp-includes\/js\/wp-embed.min.js\n\/* ]]> *\/\n<\/script>\n","thumbnail_url":"https:\/\/stuttgarti-katolikusok.de\/wp-content\/uploads\/2020\/11\/felelosseg.jpg","thumbnail_width":640,"thumbnail_height":452,"description":"Programel\u0151zetes\u00a0 * November 20-\u00e1n, cs\u00fct\u00f6rt\u00f6k\u00f6n, Weingarteni d\u00e9lut\u00e1n, a 14 Nothelfer Kapelle-ben 17.30 \u00f3rakor r\u00f3zsaf\u00fcz\u00e9rt im\u00e1dkozunk, 18.00 \u00f3rakor szentmise, keret\u00e9ben katek\u00e9zis. * November 21-\u00e9n,\u00a0p\u00e9nteken, Stuttgarti d\u00e9lut\u00e1n, 17.30 \u00f3rakor r\u00f3zsaf\u00fcz\u00e9r im\u00e1ds\u00e1g, 18.00 \u00f3rakor szentmise, keret\u00e9ben katek\u00e9zis. * November 22-\u00e9n, szombaton, Stuttgartban, 16.00 \u00f3rakor: Reutlingenben\u00a016.30 \u00f3rakor \u00c1rp\u00e1d-h\u00e1zi Szent Erzs\u00e9bet b\u00facs\u00fas szentmise,\u00a0ezt k\u00f6vet\u0151en agap\u00e9. * (Miseruha r\u00e9szlet) * November 23-\u00e1n,\u00a0Krisztus Kir\u00e1ly vas\u00e1rnapja, B\u00f6blingenben 9.30 \u00f3rakor, szentmise, ut\u00e1na agap\u00e9, Eislingenben\u00a015.00 \u00f3rakor Sk\u00f3ciai Szent Margit b\u00facs\u00fas szentmise, ut\u00e1na agap\u00e9. * \u00a0 (Miseruha r\u00e9szlet) * Minden helyen mindenkit szeretettel v\u00e1r a k\u00f6z\u00f6ss\u00e9g \u00e9s Tibor atya! * * Bens\u0151s\u00e9ges \u0151szi napokat, j\u00f3 munk\u00e1t, tartalmas besz\u00e9lget\u00e9seket, \u00f6r\u00f6mteli tal\u00e1lkoz\u00e1sokat \u00e9s \u00e1ldott adventi k\u00e9sz\u00fcletet k\u00edv\u00e1nunk minden Kedves H\u00edv\u00fcnknek! * KRISZTUS KIR\u00c1LYS\u00c1G\u00c1R\u00d3L \u00a0\u201eCsod\u00e1latos ez a Kir\u00e1ly, aki lemondott a hatalom minden k\u00fcls\u0151 jel\u00e9r\u0151l, az uralkod\u00e1s, az er\u0151 \u00e9s a g\u0151g minden eszk\u00f6z\u00e9r\u0151l\u2026\u00a0 K\u00fcl\u00f6nleges Kir\u00e1ly ez! Mennyire v\u00e1gyakoznia kell r\u00e1 a modern embernek, aki belef\u00e1sult a hatalom gyakorl\u00e1s\u00e1nak olyan rendszereibe, amelyek elnyom\u00e1ssal \u00e9s er\u0151szakkal s\u00fajtj\u00e1k polg\u00e1raikat. Olyan hatalmak ezek, amelyek az ember legbens\u0151bb vil\u00e1g\u00e1t is szab\u00e1lyozni akarj\u00e1k, ideol\u00f3gi\u00e1kat k\u00e9nyszer\u00edtve r\u00e1juk\u2026 Milyen csod\u00e1latos Kir\u00e1ly J\u00e9zus Krisztus, aki eleve elutas\u00edtja az ember ilyenfajta ir\u00e1ny\u00edt\u00e1s\u00e1t!\u201d (Szent II. J\u00e1nos P\u00e1l p\u00e1pa) (Nyit\u00f3k\u00e9p forr\u00e1sa: Pixabay)"}