{"version":"1.0","provider_name":"Stuttgarti Katolikusok","provider_url":"https:\/\/stuttgarti-katolikusok.de","title":"2025. J\u00daNIUS 16 \u00c9S 22 K\u00d6Z\u00d6TT - Stuttgarti Katolikusok","type":"rich","width":600,"height":338,"html":"<blockquote class=\"wp-embedded-content\" data-secret=\"QKfskRLhFI\"><a href=\"https:\/\/stuttgarti-katolikusok.de\/index.php\/2025-junius-16-es-22kozott\/\">2025. J\u00daNIUS 16 \u00c9S 22 K\u00d6Z\u00d6TT<\/a><\/blockquote><iframe sandbox=\"allow-scripts\" security=\"restricted\" src=\"https:\/\/stuttgarti-katolikusok.de\/index.php\/2025-junius-16-es-22kozott\/embed\/#?secret=QKfskRLhFI\" width=\"600\" height=\"338\" title=\"&#8220;2025. J\u00daNIUS 16 \u00c9S 22 K\u00d6Z\u00d6TT&#8221; &#8212; Stuttgarti Katolikusok\" data-secret=\"QKfskRLhFI\" frameborder=\"0\" marginwidth=\"0\" marginheight=\"0\" scrolling=\"no\" class=\"wp-embedded-content\"><\/iframe><script type=\"text\/javascript\">\n\/* <![CDATA[ *\/\n\/*! This file is auto-generated *\/\n!function(d,l){\"use strict\";l.querySelector&&d.addEventListener&&\"undefined\"!=typeof URL&&(d.wp=d.wp||{},d.wp.receiveEmbedMessage||(d.wp.receiveEmbedMessage=function(e){var t=e.data;if((t||t.secret||t.message||t.value)&&!\/[^a-zA-Z0-9]\/.test(t.secret)){for(var s,r,n,a=l.querySelectorAll('iframe[data-secret=\"'+t.secret+'\"]'),o=l.querySelectorAll('blockquote[data-secret=\"'+t.secret+'\"]'),c=new RegExp(\"^https?:$\",\"i\"),i=0;i<o.length;i++)o[i].style.display=\"none\";for(i=0;i<a.length;i++)s=a[i],e.source===s.contentWindow&&(s.removeAttribute(\"style\"),\"height\"===t.message?(1e3<(r=parseInt(t.value,10))?r=1e3:~~r<200&&(r=200),s.height=r):\"link\"===t.message&&(r=new URL(s.getAttribute(\"src\")),n=new URL(t.value),c.test(n.protocol))&&n.host===r.host&&l.activeElement===s&&(d.top.location.href=t.value))}},d.addEventListener(\"message\",d.wp.receiveEmbedMessage,!1),l.addEventListener(\"DOMContentLoaded\",function(){for(var e,t,s=l.querySelectorAll(\"iframe.wp-embedded-content\"),r=0;r<s.length;r++)(t=(e=s[r]).getAttribute(\"data-secret\"))||(t=Math.random().toString(36).substring(2,12),e.src+=\"#?secret=\"+t,e.setAttribute(\"data-secret\",t)),e.contentWindow.postMessage({message:\"ready\",secret:t},\"*\")},!1)))}(window,document);\n\/\/# sourceURL=https:\/\/stuttgarti-katolikusok.de\/wp-includes\/js\/wp-embed.min.js\n\/* ]]> *\/\n<\/script>\n","thumbnail_url":"https:\/\/stuttgarti-katolikusok.de\/wp-content\/uploads\/2022\/06\/kepernyofelvetel-38.png","thumbnail_width":1450,"thumbnail_height":921,"description":"Programel\u0151zetes \u00a0* J\u00fanius 19-\u00e9n,\u00a0cs\u00fct\u00f6rt\u00f6k\u00f6n,\u00a0\u00darnapja, Krisztus Szent Test\u00e9nek \u00e9s V\u00e9r\u00e9nek \u00fcnnepe, Weingartenben ebben az esztend\u0151ben bekapcsol\u00f3dunk a Weingartenben l\u00e9v\u0151 h\u00e1rom n\u00e9met k\u00f6z\u00f6ss\u00e9g k\u00f6z\u00f6s \u00fcnnep\u00e9be. Stuttgartban 18.00 \u00f3rakor szentmise. \u00a0* J\u00fanius 20-\u00e1n, p\u00e9nteken, Stuttgarti d\u00e9lut\u00e1n, 17.30 \u00f3rakor r\u00f3zsaf\u00fcz\u00e9rt im\u00e1dkozunk, ezt k\u00f6vet\u0151en 18.00 \u00f3rakor szentmise. * J\u00fanius 21-\u00e9n, szombaton, Heidenheimban 14.00 \u00f3rakor szentmise, ennek v\u00e9gezt\u00e9vel motorok meg\u00e1ld\u00e1sa\/szentel\u00e9se. \u00a0* J\u00fanius 22-\u00e9n, \u00c9vk\u00f6zi 11. vas\u00e1rnap, B\u00f6blingenben\u00a09.30 \u00f3rakor b\u00facs\u00fas szentmise, Boldog Dr. Scheffler J\u00e1nos p\u00fcsp\u00f6k \u00fcnnepe, ut\u00e1na agap\u00e9 (k\u00f6z\u00f6s eb\u00e9d). \u201eA j\u00f3 Isten eddig is gondoskodott, ezut\u00e1n sem fog elhagyni\u2026 \u00c9letem nem \u00f6n\u00e1ll\u00f3 \u00e9rt\u00e9k, csak amennyiben Neki haszn\u00e1lhat m\u00e9g. Ha igen, \u0150 fenntartja; ha nem k\u00edv\u00e1nja megtartani, az annak a jele, hogy m\u00e1r nem \u00f3hajtja szolg\u00e1latomat. Ez esetben nekem is jobb N\u00e1la. \u00c1ldott legyen szent neve minden\u00e9rt\u2026 \u00d6r\u00f6k elvek szerint \u00e9ljenek. Mindenkivel tal\u00e1lkozni \u00f3hajtok Otthon. Csak az\u00e9rt \u00e9rdemes \u00e9lni.\u201d (Boldog Scheffler J\u00e1nos \u2013 szatm\u00e1ri p\u00fcsp\u00f6k &#8211; 1887 &#8211; 1952) Eislingenben 15.00 \u00f3rakor igeistentisztelet, ut\u00e1na agap\u00e9\/l\u00e1ngoss\u00fct\u00e9s. * Minden helyen mindenkit szeretettel v\u00e1r a k\u00f6z\u00f6ss\u00e9g \u00e9s Tibor atya! * Kegyelemteljes napokat, tartalmas besz\u00e9lget\u00e9seket \u00e9s \u00f6r\u00f6mteli tal\u00e1lkoz\u00e1sokat k\u00edv\u00e1nunk minden Kedves H\u00edv\u00fcnknek! * \u201eGy\u0151zelemr\u0151l \u00e9nekeljen Napkelet \u00e9s Napnyugat, Milli\u00f3 sz\u00edv \u00f6sszecsengjen, magasztalja az Urat! Krisztus \u00fajra f\u00f6ldre sz\u00e1llott, v\u00e1ndorl\u00e1sunk t\u00e1rsa lett, Mert szerette a vil\u00e1got, keny\u00e9rsz\u00ednbe rejtezett. Krisztus keny\u00e9r s bor sz\u00edn\u00e9ben \u00dar s Kir\u00e1ly a f\u00f6ld felett, Forrassz eggy\u00e9 b\u00e9kess\u00e9gben minden n\u00e9pet s nemzetet! Egykor \u00e9rt\u00fcnk testet \u00f6lt\u00f6tt, kisgyermekk\u00e9nt j\u00f6tt k\u00f6z\u00e9nk, A keresztf\u00e1n v\u00e9re \u00f6ml\u00f6tt v\u00e1lts\u00e1gunknak b\u00e9rek\u00e9nt. Most az olt\u00e1r Golgot\u00e1j\u00e1n \u00fajra itt a dr\u00e1ga v\u00e9r, \u00c1ldozat az Isten-B\u00e1r\u00e1ny, Krisztus teste a keny\u00e9r. Krisztus keny\u00e9r s bor sz\u00edn\u00e9ben \u00dar s Kir\u00e1ly a f\u00f6ld felett, Forrassz eggy\u00e9 b\u00e9kess\u00e9gben minden n\u00e9pet s nemzetet! Z\u00fagjon h\u00e1t a h\u00e1la\u00e9nek, sz\u00e1lljon v\u00f6lgy\u00f6n, tengeren, A szeretet Isten\u00e9nek dics\u0151s\u00e9g \u00e9s \u00fcdv legyen. Az eg\u00e9sz f\u00f6ld legyen olt\u00e1r, vir\u00e1g rajta a sz\u00edv\u00fcnk, Minden dalunk zeng\u0151 zsolt\u00e1r, t\u00f6mj\u00e9nillat a hit\u00fcnk. Krisztus keny\u00e9r s bor sz\u00edn\u00e9ben \u00dar s Kir\u00e1ly... R\u00e9szletek"}