{"version":"1.0","provider_name":"Stuttgarti Katolikusok","provider_url":"https:\/\/stuttgarti-katolikusok.de","title":"2024 NOVEMBER - Stuttgarti Katolikusok","type":"rich","width":600,"height":338,"html":"<blockquote class=\"wp-embedded-content\" data-secret=\"FrL4XMq29H\"><a href=\"https:\/\/stuttgarti-katolikusok.de\/index.php\/2024-november\/\">2024 NOVEMBER<\/a><\/blockquote><iframe sandbox=\"allow-scripts\" security=\"restricted\" src=\"https:\/\/stuttgarti-katolikusok.de\/index.php\/2024-november\/embed\/#?secret=FrL4XMq29H\" width=\"600\" height=\"338\" title=\"&#8220;2024 NOVEMBER&#8221; &#8212; Stuttgarti Katolikusok\" data-secret=\"FrL4XMq29H\" frameborder=\"0\" marginwidth=\"0\" marginheight=\"0\" scrolling=\"no\" class=\"wp-embedded-content\"><\/iframe><script type=\"text\/javascript\">\n\/* <![CDATA[ *\/\n\/*! This file is auto-generated *\/\n!function(d,l){\"use strict\";l.querySelector&&d.addEventListener&&\"undefined\"!=typeof URL&&(d.wp=d.wp||{},d.wp.receiveEmbedMessage||(d.wp.receiveEmbedMessage=function(e){var t=e.data;if((t||t.secret||t.message||t.value)&&!\/[^a-zA-Z0-9]\/.test(t.secret)){for(var s,r,n,a=l.querySelectorAll('iframe[data-secret=\"'+t.secret+'\"]'),o=l.querySelectorAll('blockquote[data-secret=\"'+t.secret+'\"]'),c=new RegExp(\"^https?:$\",\"i\"),i=0;i<o.length;i++)o[i].style.display=\"none\";for(i=0;i<a.length;i++)s=a[i],e.source===s.contentWindow&&(s.removeAttribute(\"style\"),\"height\"===t.message?(1e3<(r=parseInt(t.value,10))?r=1e3:~~r<200&&(r=200),s.height=r):\"link\"===t.message&&(r=new URL(s.getAttribute(\"src\")),n=new URL(t.value),c.test(n.protocol))&&n.host===r.host&&l.activeElement===s&&(d.top.location.href=t.value))}},d.addEventListener(\"message\",d.wp.receiveEmbedMessage,!1),l.addEventListener(\"DOMContentLoaded\",function(){for(var e,t,s=l.querySelectorAll(\"iframe.wp-embedded-content\"),r=0;r<s.length;r++)(t=(e=s[r]).getAttribute(\"data-secret\"))||(t=Math.random().toString(36).substring(2,12),e.src+=\"#?secret=\"+t,e.setAttribute(\"data-secret\",t)),e.contentWindow.postMessage({message:\"ready\",secret:t},\"*\")},!1)))}(window,document);\n\/\/# sourceURL=https:\/\/stuttgarti-katolikusok.de\/wp-includes\/js\/wp-embed.min.js\n\/* ]]> *\/\n<\/script>\n","thumbnail_url":"https:\/\/stuttgarti-katolikusok.de\/wp-content\/uploads\/2024\/11\/baratom-november-nyitokep.jpg","thumbnail_width":1280,"thumbnail_height":853,"description":"November h\u00f3nap els\u0151 k\u00e9t napja, Mindenszentek \u00fcnnepe \u00e9s Halottak napja, mintegy el\u0151revet\u00edti, hogy sokkal t\u00f6bbet gondoljunk, mi t\u00f6bb, im\u00e1dkozzunk \u00e9s ilyen form\u00e1ban megeml\u00e9kezz\u00fcnk elhunyt szeretteinkr\u0151l. Dr. Czupper-V\u00e1raljai \u00c1gnes szerkeszt\u0151 t\u00e1rsunk \u00edr\u00e1s\u00e1ban a fenti gondolatok mellett az egy\u00e9ni \u00fajj\u00e1sz\u00fclet\u00e9s sz\u00e9ps\u00e9g\u00e9r\u0151l \u00e9s lehet\u0151s\u00e9g\u00e9r\u0151l \u00edr.\u00a0 Dr. Szakos J\u00f3zsef atya bemutatkoz\u00f3 \u00edr\u00e1s\u00e1t is olvashatjuk. J\u00f3zsef atya\u00a0 betekint\u00e9st enged t\u00f6bb mint n\u00e9gy \u00e9vtizedes, izgalmas \u00e9s nagyon sz\u00ednes papi \u00e9let\u00e9be. K\u00f6sz\u00f6net \u00e9rte, s egyben v\u00e1rjuk is, hogy mihamarabb meg\u00e9rkezzen hozz\u00e1nk. Halmosi S\u00e1ndor, sz\u00e1momra egyik m\u00e9lyen megind\u00edt\u00f3 \u00e9s t\u00f6preng\u00e9sre ind\u00edt\u00f3 vers\u00e9t hoztam. Nem titkoltan azzal a sz\u00e1nd\u00e9kkal, hogy a S\u00e1ndor \u00e1ltal megfogalmazott \u00fczenet a kedves olvas\u00f3t is meg\u00e9rintse. A magam \u00edr\u00e1s\u00e1ban pedig J\u00e1nos apostol evang\u00e9lium\u00e1nak egy vers\u00e9t vettem alapul, Jn 12,24. Ennek kapcs\u00e1n azon dolgokr\u00f3l is gondolkodhatok, amelyeknek el kell halniuk bennem, hogy utat nyissanak a meg\u00fajul\u00e1shoz. \u00cdgy lesznek egy\u00e9ni vesztes\u00e9geink, kis meghal\u00e1saink, alapjai az \u00fajj\u00e1sz\u00fclet\u00e9snek, meg\u00fajul\u00e1snak. Szeretettel \u00e9s bar\u00e1ts\u00e1ggal, Tibor atya (Nyit\u00f3k\u00e9p forr\u00e1sa: Pixabay)"}