{"version":"1.0","provider_name":"Stuttgarti Katolikusok","provider_url":"https:\/\/stuttgarti-katolikusok.de","title":"2024 M\u00c1RCIUS 4 \u00c9S 10 K\u00d6Z\u00d6TT - Stuttgarti Katolikusok","type":"rich","width":600,"height":338,"html":"<blockquote class=\"wp-embedded-content\" data-secret=\"M7SZaBDao6\"><a href=\"https:\/\/stuttgarti-katolikusok.de\/index.php\/2024-marcius-4-es-10-kozott\/\">2024 M\u00c1RCIUS 4 \u00c9S 10 K\u00d6Z\u00d6TT<\/a><\/blockquote><iframe sandbox=\"allow-scripts\" security=\"restricted\" src=\"https:\/\/stuttgarti-katolikusok.de\/index.php\/2024-marcius-4-es-10-kozott\/embed\/#?secret=M7SZaBDao6\" width=\"600\" height=\"338\" title=\"&#8220;2024 M\u00c1RCIUS 4 \u00c9S 10 K\u00d6Z\u00d6TT&#8221; &#8212; Stuttgarti Katolikusok\" data-secret=\"M7SZaBDao6\" frameborder=\"0\" marginwidth=\"0\" marginheight=\"0\" scrolling=\"no\" class=\"wp-embedded-content\"><\/iframe><script type=\"text\/javascript\">\n\/* <![CDATA[ *\/\n\/*! This file is auto-generated *\/\n!function(d,l){\"use strict\";l.querySelector&&d.addEventListener&&\"undefined\"!=typeof URL&&(d.wp=d.wp||{},d.wp.receiveEmbedMessage||(d.wp.receiveEmbedMessage=function(e){var t=e.data;if((t||t.secret||t.message||t.value)&&!\/[^a-zA-Z0-9]\/.test(t.secret)){for(var s,r,n,a=l.querySelectorAll('iframe[data-secret=\"'+t.secret+'\"]'),o=l.querySelectorAll('blockquote[data-secret=\"'+t.secret+'\"]'),c=new RegExp(\"^https?:$\",\"i\"),i=0;i<o.length;i++)o[i].style.display=\"none\";for(i=0;i<a.length;i++)s=a[i],e.source===s.contentWindow&&(s.removeAttribute(\"style\"),\"height\"===t.message?(1e3<(r=parseInt(t.value,10))?r=1e3:~~r<200&&(r=200),s.height=r):\"link\"===t.message&&(r=new URL(s.getAttribute(\"src\")),n=new URL(t.value),c.test(n.protocol))&&n.host===r.host&&l.activeElement===s&&(d.top.location.href=t.value))}},d.addEventListener(\"message\",d.wp.receiveEmbedMessage,!1),l.addEventListener(\"DOMContentLoaded\",function(){for(var e,t,s=l.querySelectorAll(\"iframe.wp-embedded-content\"),r=0;r<s.length;r++)(t=(e=s[r]).getAttribute(\"data-secret\"))||(t=Math.random().toString(36).substring(2,12),e.src+=\"#?secret=\"+t,e.setAttribute(\"data-secret\",t)),e.contentWindow.postMessage({message:\"ready\",secret:t},\"*\")},!1)))}(window,document);\n\/\/# sourceURL=https:\/\/stuttgarti-katolikusok.de\/wp-includes\/js\/wp-embed.min.js\n\/* ]]> *\/\n<\/script>\n","thumbnail_url":"https:\/\/stuttgarti-katolikusok.de\/wp-content\/uploads\/2021\/03\/church-window-2294959-1280-1.jpg","thumbnail_width":1280,"thumbnail_height":765,"description":"Programel\u0151zetes * M\u00e1rcius 8-\u00e1n, p\u00e9nteken, Stuttgarti d\u00e9lut\u00e1n, 17.30 \u00f3rakor kereszt\u00fati \u00e1jtatoss\u00e1g, 18.00 \u00f3rakor szentmise, 18.30 \u00f3rakor az Erasmus Akad\u00e9mia \u00e9s a Bar\u00e1ts\u00e1gklub szervez\u00e9s\u00e9ben k\u00f6z\u00f6s el\u0151ad\u00e1sra ker\u00fcl sor. * M\u00e1rcius 9-\u00e9n, szombaton, Biberachban 16.45 \u00f3rakor\u00a0szentmise, szentmise keret\u00e9ben kiszolg\u00e1ltatom a szentkenet szents\u00e9g\u00e9t. Nincs agap\u00e9!!! * M\u00e1rcius 10-\u00e9n, Nagyb\u00f6jt 4. vas\u00e1rnapja,\u00a0 Weingartenben, 10.00 \u00f3rakor szentmise a 14 Nothelfer Kapelle-ben, keret\u00e9ben kiszolg\u00e1ltatom a szentkenet szents\u00e9g\u00e9t, ut\u00e1na agap\u00e9. Ulmban, 15.00 \u00f3rakor szentmise, keret\u00e9ben a szentkenet szents\u00e9g\u00e9nek kiszolg\u00e1ltat\u00e1sa, ut\u00e1na agap\u00e9. Stuttgartban 15.00 \u00f3rakor \u00f6kumenikus istentisztelet a Stuttgart-Bad Cannstatt-i Lutherkirche-ben. Ezt k\u00f6vet\u0151en pedig M\u00e1rcius 15-i \u00fcnnep\u00e9ly. Az \u00fcnnep\u00e9lyt a gy\u00fclekezeti teremben lesz, ahol az \u00fcnnepi m\u0171sor k\u00f6z\u00e9ppontj\u00e1ban a 200 \u00e9ves magyar Himnusz \u00e1ll. \u201eNagy megtiszteltet\u00e9snek venn\u00e9nk, ha min\u00e9l t\u00f6bben j\u00f6nn\u00e9nek a stuttgarti \u00e9s k\u00f6rny\u00e9kb\u00e9li katolikusok\u201d \u2013 \u00edrja megh\u00edv\u00f3 level\u00e9ben G\u00e9mes P\u00e1l, lelk\u00e9sz \u00far, a \u00a0W\u00fcrttembergi Magyar Protest\u00e1ns Gy\u00fclekezet presbit\u00e9riuma nev\u00e9ben. \u00a0* Minden helyen mindenkit szeretettel v\u00e1r a k\u00f6z\u00f6ss\u00e9g \u00e9s Tibor atya! \u00a0* * Bens\u0151s\u00e9ges nagyb\u00f6jti napokat, j\u00f3 munk\u00e1t, tartalmas besz\u00e9lget\u00e9seket \u00e9s \u00f6r\u00f6mteli tal\u00e1lkoz\u00e1sokat k\u00edv\u00e1nunk minden Kedves H\u00edv\u00fcnknek! * \u201eNem b\u00fcntethetn\u00e9 Isten \u00e9rz\u00e9kenyebben az embert, mint ha megengedn\u00e9, hogy minden k\u00edv\u00e1ns\u00e1ga szerint t\u00f6rt\u00e9njen. J\u00f3zsefnek testv\u00e9rei sohasem haszn\u00e1lhattak volna annyit szeretet\u00fckkel, mint amennyit haszn\u00e1ltak gonoszs\u00e1gukkal \u00e9s gy\u0171l\u00f6let\u00fckkel. Uram, adj nekem humor\u00e9rz\u00e9ket. Add meg a kegyelmet, hogy \u00e9rtsem a tr\u00e9f\u00e1t, hogy \u00edgy az \u00e9letben egy kis boldogs\u00e1gom legyen, \u00e9s m\u00e1snak is tov\u00e1bbadjak bel\u0151le\u201d (Morus Szent Tam\u00e1s \u2013 angol humanista &#8211; 1478 \u2013 1535) (K\u00e9pek forr\u00e1sa: Pixabay)"}