{"version":"1.0","provider_name":"Stuttgarti Katolikusok","provider_url":"https:\/\/stuttgarti-katolikusok.de","title":"2023 NOVEMBER 13 \u00c9S 19 K\u00d6Z\u00d6TT - Stuttgarti Katolikusok","type":"rich","width":600,"height":338,"html":"<blockquote class=\"wp-embedded-content\" data-secret=\"h8BLG7XfAV\"><a href=\"https:\/\/stuttgarti-katolikusok.de\/index.php\/2023-november-13-es-19-kozott\/\">2023 NOVEMBER 13 \u00c9S 19 K\u00d6Z\u00d6TT<\/a><\/blockquote><iframe sandbox=\"allow-scripts\" security=\"restricted\" src=\"https:\/\/stuttgarti-katolikusok.de\/index.php\/2023-november-13-es-19-kozott\/embed\/#?secret=h8BLG7XfAV\" width=\"600\" height=\"338\" title=\"&#8220;2023 NOVEMBER 13 \u00c9S 19 K\u00d6Z\u00d6TT&#8221; &#8212; Stuttgarti Katolikusok\" data-secret=\"h8BLG7XfAV\" frameborder=\"0\" marginwidth=\"0\" marginheight=\"0\" scrolling=\"no\" class=\"wp-embedded-content\"><\/iframe><script type=\"text\/javascript\">\n\/* <![CDATA[ *\/\n\/*! This file is auto-generated *\/\n!function(d,l){\"use strict\";l.querySelector&&d.addEventListener&&\"undefined\"!=typeof URL&&(d.wp=d.wp||{},d.wp.receiveEmbedMessage||(d.wp.receiveEmbedMessage=function(e){var t=e.data;if((t||t.secret||t.message||t.value)&&!\/[^a-zA-Z0-9]\/.test(t.secret)){for(var s,r,n,a=l.querySelectorAll('iframe[data-secret=\"'+t.secret+'\"]'),o=l.querySelectorAll('blockquote[data-secret=\"'+t.secret+'\"]'),c=new RegExp(\"^https?:$\",\"i\"),i=0;i<o.length;i++)o[i].style.display=\"none\";for(i=0;i<a.length;i++)s=a[i],e.source===s.contentWindow&&(s.removeAttribute(\"style\"),\"height\"===t.message?(1e3<(r=parseInt(t.value,10))?r=1e3:~~r<200&&(r=200),s.height=r):\"link\"===t.message&&(r=new URL(s.getAttribute(\"src\")),n=new URL(t.value),c.test(n.protocol))&&n.host===r.host&&l.activeElement===s&&(d.top.location.href=t.value))}},d.addEventListener(\"message\",d.wp.receiveEmbedMessage,!1),l.addEventListener(\"DOMContentLoaded\",function(){for(var e,t,s=l.querySelectorAll(\"iframe.wp-embedded-content\"),r=0;r<s.length;r++)(t=(e=s[r]).getAttribute(\"data-secret\"))||(t=Math.random().toString(36).substring(2,12),e.src+=\"#?secret=\"+t,e.setAttribute(\"data-secret\",t)),e.contentWindow.postMessage({message:\"ready\",secret:t},\"*\")},!1)))}(window,document);\n\/\/# sourceURL=https:\/\/stuttgarti-katolikusok.de\/wp-includes\/js\/wp-embed.min.js\n\/* ]]> *\/\n<\/script>\n","thumbnail_url":"https:\/\/stuttgarti-katolikusok.de\/wp-content\/uploads\/2023\/11\/erdei-osveny.jpg","thumbnail_width":1074,"thumbnail_height":926,"description":"Programel\u0151zetes * November 17-\u00e9n,\u00a0p\u00e9nteken, Stuttgarti d\u00e9lut\u00e1n, 18.00 \u00f3rakor\u00a0szentmise, 19.00 \u00f3rakor Erasmus-Akad\u00e9mia keret\u00e9ben el\u0151ad\u00e1s: * November 18-\u00e1n, szombaton, Heidenheimban 15.30 \u00f3rakor igeistentisztelet, ezt k\u00f6vet\u0151en agap\u00e9t tartunk, Weingartenben 16.00 \u00f3rakor b\u00facs\u00fas-szentmise a Heilig Geist Kirche-ben, Szent Imre herceget k\u00f6sz\u00f6ntj\u00fck. \u00a0Ezt k\u00f6vet\u0151en 18.00 \u00f3rakor agap\u00e9, azaz k\u00f6z\u00f6s vacsora a St. Martinus Gemeindehaus-ban. *** * November 19-\u00e9n, \u00c9vk\u00f6zi 33. vas\u00e1rnap, Ludwigsburgban 9.00 \u00f3rakor szentmise, ut\u00e1na agap\u00e9, Stuttgartban nincs szentmise!!! K\u00e9rlek benneteket, hogy j\u00f6jjetek vagy Ludwigsburgba, vagy pedig Eislingenbe! Eislingenben 15.30 \u00f3rakor b\u00facs\u00fas-szentmise, ut\u00e1na agap\u00e9. Sk\u00f3ciai Szent Margitot k\u00f6sz\u00f6ntj\u00fck. * Minden helyen mindenkit szeretettel v\u00e1r a k\u00f6z\u00f6ss\u00e9g \u00e9s Tibor atya! Bens\u0151s\u00e9ges \u0151szi napokat, j\u00f3 munk\u00e1t, tartalmas besz\u00e9lget\u00e9seket \u00e9s \u00f6r\u00f6mteli tal\u00e1lkoz\u00e1sokat k\u00edv\u00e1nunk minden Kedves H\u00edv\u00fcnknek! * \u201eATY\u00c1M, R\u00e1d hagyatkozom, tedd velem azt, ami neked tetszik. B\u00e1rmit teszel is velem, megk\u00f6sz\u00f6n\u00f6m. K\u00e9sz vagyok mindenre, elfogadok mindent, csak akaratod teljesedj\u00e9k, bennem \u00e9s minden teremtm\u00e9nyedben. Semmi m\u00e1st nem \u00f3hajtok, Istenem! Kezedbe aj\u00e1nlom lelkemet, neked adom, Istenem, sz\u00edvem eg\u00e9sz szeretet\u00e9vel, mert szeretlek t\u00e9ged, \u00e9s a szeretet s\u00fcrget, hogy eg\u00e9szen neked adjam magam, hogy fenntart\u00e1s n\u00e9lk\u00fcl kezedbe helyezzem \u00e9letemet hat\u00e1rtalan bizalommal, mert te vagy az \u00e9n Aty\u00e1m!\u201d (Boldog Charles de Foucauld \u2013 1858-1916 \u2013 trappista szerzetes, katolikus pap) (Nyit\u00f3k\u00e9p forr\u00e1sa: Instagram)"}