{"version":"1.0","provider_name":"Stuttgarti Katolikusok","provider_url":"https:\/\/stuttgarti-katolikusok.de","title":"2023. FEBRU\u00c1R 6 \u00c9S 12 K\u00d6Z\u00d6TT - Stuttgarti Katolikusok","type":"rich","width":600,"height":338,"html":"<blockquote class=\"wp-embedded-content\" data-secret=\"VtPMX2Lr6K\"><a href=\"https:\/\/stuttgarti-katolikusok.de\/index.php\/2023-februar-6-es-12-kozott\/\">2023. FEBRU\u00c1R 6 \u00c9S 12 K\u00d6Z\u00d6TT<\/a><\/blockquote><iframe sandbox=\"allow-scripts\" security=\"restricted\" src=\"https:\/\/stuttgarti-katolikusok.de\/index.php\/2023-februar-6-es-12-kozott\/embed\/#?secret=VtPMX2Lr6K\" width=\"600\" height=\"338\" title=\"&#8220;2023. FEBRU\u00c1R 6 \u00c9S 12 K\u00d6Z\u00d6TT&#8221; &#8212; Stuttgarti Katolikusok\" data-secret=\"VtPMX2Lr6K\" frameborder=\"0\" marginwidth=\"0\" marginheight=\"0\" scrolling=\"no\" class=\"wp-embedded-content\"><\/iframe><script type=\"text\/javascript\">\n\/* <![CDATA[ *\/\n\/*! This file is auto-generated *\/\n!function(d,l){\"use strict\";l.querySelector&&d.addEventListener&&\"undefined\"!=typeof URL&&(d.wp=d.wp||{},d.wp.receiveEmbedMessage||(d.wp.receiveEmbedMessage=function(e){var t=e.data;if((t||t.secret||t.message||t.value)&&!\/[^a-zA-Z0-9]\/.test(t.secret)){for(var s,r,n,a=l.querySelectorAll('iframe[data-secret=\"'+t.secret+'\"]'),o=l.querySelectorAll('blockquote[data-secret=\"'+t.secret+'\"]'),c=new RegExp(\"^https?:$\",\"i\"),i=0;i<o.length;i++)o[i].style.display=\"none\";for(i=0;i<a.length;i++)s=a[i],e.source===s.contentWindow&&(s.removeAttribute(\"style\"),\"height\"===t.message?(1e3<(r=parseInt(t.value,10))?r=1e3:~~r<200&&(r=200),s.height=r):\"link\"===t.message&&(r=new URL(s.getAttribute(\"src\")),n=new URL(t.value),c.test(n.protocol))&&n.host===r.host&&l.activeElement===s&&(d.top.location.href=t.value))}},d.addEventListener(\"message\",d.wp.receiveEmbedMessage,!1),l.addEventListener(\"DOMContentLoaded\",function(){for(var e,t,s=l.querySelectorAll(\"iframe.wp-embedded-content\"),r=0;r<s.length;r++)(t=(e=s[r]).getAttribute(\"data-secret\"))||(t=Math.random().toString(36).substring(2,12),e.src+=\"#?secret=\"+t,e.setAttribute(\"data-secret\",t)),e.contentWindow.postMessage({message:\"ready\",secret:t},\"*\")},!1)))}(window,document);\n\/\/# sourceURL=https:\/\/stuttgarti-katolikusok.de\/wp-includes\/js\/wp-embed.min.js\n\/* ]]> *\/\n<\/script>\n","thumbnail_url":"https:\/\/stuttgarti-katolikusok.de\/wp-content\/uploads\/2023\/02\/meditation-264508-1280.jpg","thumbnail_width":1280,"thumbnail_height":843,"description":"Programel\u0151zetes * Febru\u00e1r 10-\u00e9n, p\u00e9nteken, Stuttgarti d\u00e9lut\u00e1n, 16.00 \u00f3rakor Bar\u00e1ts\u00e1gklub, 18.00 \u00f3rakor szentmise. * Febru\u00e1r 11-\u00e9n, szombaton, Biberachban 16.45 \u00f3rakor\u00a0szentmise a Spitalkirche-ben (Bachgasse 29), ut\u00e1na agap\u00e9. Szentmise keret\u00e9ben gyertyaszentel\u00e9st \u00e9s Bal\u00e1zs-\u00e1ld\u00e1st is tartunk. \u00a0* Febru\u00e1r 12&#8211;\u00e9n, \u00c9vk\u00f6zi 6. vas\u00e1rnap, Weingartenben 9.00 \u00f3rakor szentmise a Heilig Geist Kirche-ben, ut\u00e1na agap\u00e9, Ulmban 15.00 \u00f3rakor szentmise, ut\u00e1na agap\u00e9. Szentmise keret\u00e9ben gyertyaszentel\u00e9st \u00e9s Bal\u00e1zs-\u00e1ld\u00e1st is tartunk. \u00a0* Minden helyen mindenkit szeretettel v\u00e1r a k\u00f6z\u00f6ss\u00e9g \u00e9s Tibor atya! * * Bens\u0151s\u00e9ges \u00e9s kellemes farsangi napokat, j\u00f3 tal\u00e1lkoz\u00e1sokat \u00e9s sok \u00f6r\u00f6met k\u00edv\u00e1nok minden kedves H\u00edvemnek. * \u00a0\u201eA testi betegs\u00e9gekre ott vannak a gy\u00f3gyszerek, de a mag\u00e1nyt, k\u00e9ts\u00e9gbees\u00e9st \u00e9s rem\u00e9nytelens\u00e9get egyed\u00fcl a szeretet k\u00e9pes meggy\u00f3gy\u00edtani. Sokan vannak a vil\u00e1gban, akik egy darabka keny\u00e9rre \u00e9heznek, de m\u00e9g t\u00f6bben olyanok, akik csak egy kis szeretetre.\u201d (Kalkuttai Szent Ter\u00e9z, 1910 &#8211; 1997) (K\u00e9p forr\u00e1sa: pixabay.com)"}