{"version":"1.0","provider_name":"Stuttgarti Katolikusok","provider_url":"https:\/\/stuttgarti-katolikusok.de","title":"2022 SZEPTEMBER 5 \u00e9s 11 K\u00d6Z\u00d6TT - Stuttgarti Katolikusok","type":"rich","width":600,"height":338,"html":"<blockquote class=\"wp-embedded-content\" data-secret=\"Im33rRdvmO\"><a href=\"https:\/\/stuttgarti-katolikusok.de\/index.php\/2022-szeptember-5-es-11-kozott\/\">2022 SZEPTEMBER 5 \u00e9s 11 K\u00d6Z\u00d6TT<\/a><\/blockquote><iframe sandbox=\"allow-scripts\" security=\"restricted\" src=\"https:\/\/stuttgarti-katolikusok.de\/index.php\/2022-szeptember-5-es-11-kozott\/embed\/#?secret=Im33rRdvmO\" width=\"600\" height=\"338\" title=\"&#8220;2022 SZEPTEMBER 5 \u00e9s 11 K\u00d6Z\u00d6TT&#8221; &#8212; Stuttgarti Katolikusok\" data-secret=\"Im33rRdvmO\" frameborder=\"0\" marginwidth=\"0\" marginheight=\"0\" scrolling=\"no\" class=\"wp-embedded-content\"><\/iframe><script type=\"text\/javascript\">\n\/* <![CDATA[ *\/\n\/*! This file is auto-generated *\/\n!function(d,l){\"use strict\";l.querySelector&&d.addEventListener&&\"undefined\"!=typeof URL&&(d.wp=d.wp||{},d.wp.receiveEmbedMessage||(d.wp.receiveEmbedMessage=function(e){var t=e.data;if((t||t.secret||t.message||t.value)&&!\/[^a-zA-Z0-9]\/.test(t.secret)){for(var s,r,n,a=l.querySelectorAll('iframe[data-secret=\"'+t.secret+'\"]'),o=l.querySelectorAll('blockquote[data-secret=\"'+t.secret+'\"]'),c=new RegExp(\"^https?:$\",\"i\"),i=0;i<o.length;i++)o[i].style.display=\"none\";for(i=0;i<a.length;i++)s=a[i],e.source===s.contentWindow&&(s.removeAttribute(\"style\"),\"height\"===t.message?(1e3<(r=parseInt(t.value,10))?r=1e3:~~r<200&&(r=200),s.height=r):\"link\"===t.message&&(r=new URL(s.getAttribute(\"src\")),n=new URL(t.value),c.test(n.protocol))&&n.host===r.host&&l.activeElement===s&&(d.top.location.href=t.value))}},d.addEventListener(\"message\",d.wp.receiveEmbedMessage,!1),l.addEventListener(\"DOMContentLoaded\",function(){for(var e,t,s=l.querySelectorAll(\"iframe.wp-embedded-content\"),r=0;r<s.length;r++)(t=(e=s[r]).getAttribute(\"data-secret\"))||(t=Math.random().toString(36).substring(2,12),e.src+=\"#?secret=\"+t,e.setAttribute(\"data-secret\",t)),e.contentWindow.postMessage({message:\"ready\",secret:t},\"*\")},!1)))}(window,document);\n\/\/# sourceURL=https:\/\/stuttgarti-katolikusok.de\/wp-includes\/js\/wp-embed.min.js\n\/* ]]> *\/\n<\/script>\n","thumbnail_url":"https:\/\/stuttgarti-katolikusok.de\/wp-content\/uploads\/2022\/09\/road-1072823-1280.jpg","thumbnail_width":1280,"thumbnail_height":747,"description":"Programel\u0151zetes * Szeptember 7-\u00e9n, szerd\u00e1n, Weingarteni d\u00e9lut\u00e1n, Kisboldogasszony \u00fcnnepe. A 14 Nothelfer Kapelle-ben 18.00 \u00f3rakor szentmise, el\u0151tte r\u00f3zsaf\u00fcz\u00e9rt im\u00e1dkozunk. Ezt k\u00f6vet\u0151en pedig a jelenl\u00e9v\u0151kkel egy\u00fctt visszatekint\u00fcnk az elm\u00falt h\u00f3napok t\u00f6rt\u00e9n\u00e9seire. * Szeptember 8-\u00e1n, cs\u00fct\u00f6rt\u00f6k\u00f6n, Ulmi d\u00e9lut\u00e1n, Kisboldogasszony \u00fcnnepe. 18.00 \u00f3rakor szentmise, el\u0151tte r\u00f3zsaf\u00fcz\u00e9rt im\u00e1dkozunk. Ezt k\u00f6vet\u0151en pedig a jelenl\u00e9v\u0151kkel egy\u00fctt visszatekint\u00fcnk az elm\u00falt h\u00f3napok t\u00f6rt\u00e9n\u00e9seire. * Szeptember 9-\u00e9n,\u00a0p\u00e9nteken, Stuttgarti d\u00e9lut\u00e1n, 16.00 \u00f3rakorBar\u00e1ts\u00e1g klub, 18.00 \u00f3rakor,\u00a0szentmise, Kisboldogasszony \u00fcnnepe, el\u0151tte r\u00f3zsaf\u00fcz\u00e9rt im\u00e1dkozunk. \u00a0* \u00a0Szeptember 10-\u00e9n, szombaton, Biberachban 16.45 \u00f3rakor szentmise, ut\u00e1na \u00e1g\u00e1p\u00e9. \u00a0* Szeptember 11-\u00e9n, \u00e9vk\u00f6zi 24. vas\u00e1rnap, Weingartenben 11.00 \u00f3rakor szentmise a Heilig Geist Kirche-ben, ut\u00e1na \u00e1g\u00e1p\u00e9, Ulmban 15.30 \u00f3rakor szentmise, ut\u00e1na \u00e1g\u00e1p\u00e9. * Minden helyen mindenkit szeretettel v\u00e1r a k\u00f6z\u00f6ss\u00e9g \u00e9s Tibor atya! * \u201eArra figyelmeztet az \u00dar, hogy k\u00f6lcs\u00f6n\u00f6sen ne hanyagoljuk el egym\u00e1s b\u0171neit, de nem \u00fagy, hogy arra figyel\u00fcnk, mit mi is k\u00e1rhoztatunk, hanem \u00fagy, hogy arra \u00fcgyel\u00fcnk, amit jav\u00edtani tudunk.\u201d (Szent \u00c1goston) * Bens\u0151s\u00e9ges \u0151szi napokat, j\u00f3 munk\u00e1t, tartalmas besz\u00e9lget\u00e9seket \u00e9s \u00f6r\u00f6mteli tal\u00e1lkoz\u00e1sokat k\u00edv\u00e1nunk minden Kedves H\u00edv\u00fcnknek! (K\u00e9p forr\u00e1sa: pixabay.com)"}