{"version":"1.0","provider_name":"Stuttgarti Katolikusok","provider_url":"https:\/\/stuttgarti-katolikusok.de","title":"2021 szeptember 13 \u00e9s 19 k\u00f6z\u00f6tt - Stuttgarti Katolikusok","type":"rich","width":600,"height":338,"html":"<blockquote class=\"wp-embedded-content\" data-secret=\"jh4f5rZbDP\"><a href=\"https:\/\/stuttgarti-katolikusok.de\/index.php\/2021-szeptember-13-es-19-kozott\/\">2021 szeptember 13 \u00e9s 19 k\u00f6z\u00f6tt<\/a><\/blockquote><iframe sandbox=\"allow-scripts\" security=\"restricted\" src=\"https:\/\/stuttgarti-katolikusok.de\/index.php\/2021-szeptember-13-es-19-kozott\/embed\/#?secret=jh4f5rZbDP\" width=\"600\" height=\"338\" title=\"&#8220;2021 szeptember 13 \u00e9s 19 k\u00f6z\u00f6tt&#8221; &#8212; Stuttgarti Katolikusok\" data-secret=\"jh4f5rZbDP\" frameborder=\"0\" marginwidth=\"0\" marginheight=\"0\" scrolling=\"no\" class=\"wp-embedded-content\"><\/iframe><script type=\"text\/javascript\">\n\/* <![CDATA[ *\/\n\/*! This file is auto-generated *\/\n!function(d,l){\"use strict\";l.querySelector&&d.addEventListener&&\"undefined\"!=typeof URL&&(d.wp=d.wp||{},d.wp.receiveEmbedMessage||(d.wp.receiveEmbedMessage=function(e){var t=e.data;if((t||t.secret||t.message||t.value)&&!\/[^a-zA-Z0-9]\/.test(t.secret)){for(var s,r,n,a=l.querySelectorAll('iframe[data-secret=\"'+t.secret+'\"]'),o=l.querySelectorAll('blockquote[data-secret=\"'+t.secret+'\"]'),c=new RegExp(\"^https?:$\",\"i\"),i=0;i<o.length;i++)o[i].style.display=\"none\";for(i=0;i<a.length;i++)s=a[i],e.source===s.contentWindow&&(s.removeAttribute(\"style\"),\"height\"===t.message?(1e3<(r=parseInt(t.value,10))?r=1e3:~~r<200&&(r=200),s.height=r):\"link\"===t.message&&(r=new URL(s.getAttribute(\"src\")),n=new URL(t.value),c.test(n.protocol))&&n.host===r.host&&l.activeElement===s&&(d.top.location.href=t.value))}},d.addEventListener(\"message\",d.wp.receiveEmbedMessage,!1),l.addEventListener(\"DOMContentLoaded\",function(){for(var e,t,s=l.querySelectorAll(\"iframe.wp-embedded-content\"),r=0;r<s.length;r++)(t=(e=s[r]).getAttribute(\"data-secret\"))||(t=Math.random().toString(36).substring(2,12),e.src+=\"#?secret=\"+t,e.setAttribute(\"data-secret\",t)),e.contentWindow.postMessage({message:\"ready\",secret:t},\"*\")},!1)))}(window,document);\n\/\/# sourceURL=https:\/\/stuttgarti-katolikusok.de\/wp-includes\/js\/wp-embed.min.js\n\/* ]]> *\/\n<\/script>\n","thumbnail_url":"https:\/\/stuttgarti-katolikusok.de\/wp-content\/uploads\/2021\/09\/241966484-1978318502317406-4490573436640145444-n.jpg","thumbnail_width":2048,"thumbnail_height":1365,"description":"Programel\u0151zetes A jelenlegi egyh\u00e1zi rendelkez\u00e9sek \u00e9rtelm\u00e9ben csak a szentmise tarthat\u00f3 meg. Szentmis\u00e9n k\u00f6telez\u0151 a maszk haszn\u00e1lata, jelenl\u00e9ti lista n\u00e9vvel \u00e9s el\u00e9rhet\u0151s\u00e9ggel, kezek fert\u0151tlen\u00edt\u00e9se! Amennyiben k\u00f6z\u00f6ss\u00e9gi termeinket is haszn\u00e1lhatjuk, azonnal jelezz\u00fck!\u00a0\u00a0 * Szeptember 15-\u00e9n, szerd\u00e1n, Weingarteni d\u00e9lut\u00e1n, a 14 Nothelfer Kapelle-ben 17.30 \u00f3rakor r\u00f3zsaf\u00fcz\u00e9rt im\u00e1dkozunk, ut\u00e1na szentmise, benne visszatekint\u00e9s az 52. Nemzetk\u00f6zi Eucharisztikus Kongresszusra. * Szeptember 16-\u00e1n, cs\u00fct\u00f6rt\u00f6k\u00f6n, Ulmi d\u00e9lut\u00e1n, 17.30 \u00f3rakor r\u00f3zsaf\u00fcz\u00e9rt im\u00e1dkozunk, ut\u00e1na szentmise, benne visszatekint\u00e9s az 52. Nemzetk\u00f6zi Eucharisztikus Kongresszusra. * Szeptember 17-\u00e9n,\u00a0p\u00e9nteken, Stuttgarti d\u00e9lut\u00e1n,\u00a017.30 \u00f3rakor\u00a0r\u00f3zsaf\u00fcz\u00e9rt im\u00e1dkozunk,\u00a0majd\u00a018.00 \u00f3rakor szentmise, benne visszatekint\u00e9s az 52. Nemzetk\u00f6zi Eucharisztikus Kongresszusra. * Szeptember 18-\u00e1n, szombaton, Heidenheimban 15.30 \u00f3rakor b\u00facs\u00fas-szentmise, Szent Istv\u00e1n kir\u00e1lyra eml\u00e9kez\u00fcnk. * Szeptember 19-\u00e9n, \u00e9vk\u00f6zi 25. vas\u00e1rnap, Ludwigsburgban 9.30 \u00f3rakor szentmise, Stuttgartban 12.00 \u00f3rakor b\u00facs\u00fas-szentmise, Szent Gell\u00e9rt egyh\u00e1zk\u00f6zs\u00e9gi b\u00facs\u00fa, Eislingenben 15.00 \u00f3rakor szentmise. \u00a0 * Minden helyen mindenkit szeretettel v\u00e1r a k\u00f6z\u00f6ss\u00e9g \u00e9s Tibor atya! * Mennyei Aty\u00e1nk, minden \u00e9let forr\u00e1sa! K\u00fcldd el Szentlelkedet, hogy az \u00f6nmag\u00e1t \u00e9rt\u00fcnk fel\u00e1ldoz\u00f3 \u00e9s az Olt\u00e1riszents\u00e9gben vel\u00fcnk lev\u0151 Krisztust felismerj\u00fck \u00e9s egyre jobban szeress\u00fck! \u0150 Urunk \u00e9s Mester\u00fcnk, bar\u00e1tunk \u00e9s t\u00e1pl\u00e1l\u00e9kunk, orvosunk \u00e9s b\u00e9kess\u00e9g\u00fcnk. Adj b\u00e1tors\u00e1got, hogy az \u0150 erej\u00e9t \u00e9s \u00f6r\u00f6m\u00e9t elvigy\u00fck minden emberhez! Add, hogy a k\u00e9sz\u00fclet ideje \u00e9s az Eucharisztikus Kongresszus \u00fcnnepl\u00e9se eg\u00e9sz h\u00edv\u0151 k\u00f6z\u00f6ss\u00e9g\u00fcnk, f\u0151v\u00e1rosunk, n\u00e9p\u00fcnk, Eur\u00f3pa \u00e9s a vil\u00e1g lelki meg\u00fajul\u00e1s\u00e1ra szolg\u00e1ljon! \u00c1men."}