{"version":"1.0","provider_name":"Stuttgarti Katolikusok","provider_url":"https:\/\/stuttgarti-katolikusok.de","title":"November 15 \u00e9s 21 k\u00f6z\u00f6tt - Stuttgarti Katolikusok","type":"rich","width":600,"height":338,"html":"<blockquote class=\"wp-embedded-content\" data-secret=\"QlGZyFNL0T\"><a href=\"https:\/\/stuttgarti-katolikusok.de\/index.php\/2021-november-15-es-21-kozott\/\">November 15 \u00e9s 21 k\u00f6z\u00f6tt<\/a><\/blockquote><iframe sandbox=\"allow-scripts\" security=\"restricted\" src=\"https:\/\/stuttgarti-katolikusok.de\/index.php\/2021-november-15-es-21-kozott\/embed\/#?secret=QlGZyFNL0T\" width=\"600\" height=\"338\" title=\"&#8220;November 15 \u00e9s 21 k\u00f6z\u00f6tt&#8221; &#8212; Stuttgarti Katolikusok\" data-secret=\"QlGZyFNL0T\" frameborder=\"0\" marginwidth=\"0\" marginheight=\"0\" scrolling=\"no\" class=\"wp-embedded-content\"><\/iframe><script type=\"text\/javascript\">\n\/* <![CDATA[ *\/\n\/*! This file is auto-generated *\/\n!function(d,l){\"use strict\";l.querySelector&&d.addEventListener&&\"undefined\"!=typeof URL&&(d.wp=d.wp||{},d.wp.receiveEmbedMessage||(d.wp.receiveEmbedMessage=function(e){var t=e.data;if((t||t.secret||t.message||t.value)&&!\/[^a-zA-Z0-9]\/.test(t.secret)){for(var s,r,n,a=l.querySelectorAll('iframe[data-secret=\"'+t.secret+'\"]'),o=l.querySelectorAll('blockquote[data-secret=\"'+t.secret+'\"]'),c=new RegExp(\"^https?:$\",\"i\"),i=0;i<o.length;i++)o[i].style.display=\"none\";for(i=0;i<a.length;i++)s=a[i],e.source===s.contentWindow&&(s.removeAttribute(\"style\"),\"height\"===t.message?(1e3<(r=parseInt(t.value,10))?r=1e3:~~r<200&&(r=200),s.height=r):\"link\"===t.message&&(r=new URL(s.getAttribute(\"src\")),n=new URL(t.value),c.test(n.protocol))&&n.host===r.host&&l.activeElement===s&&(d.top.location.href=t.value))}},d.addEventListener(\"message\",d.wp.receiveEmbedMessage,!1),l.addEventListener(\"DOMContentLoaded\",function(){for(var e,t,s=l.querySelectorAll(\"iframe.wp-embedded-content\"),r=0;r<s.length;r++)(t=(e=s[r]).getAttribute(\"data-secret\"))||(t=Math.random().toString(36).substring(2,12),e.src+=\"#?secret=\"+t,e.setAttribute(\"data-secret\",t)),e.contentWindow.postMessage({message:\"ready\",secret:t},\"*\")},!1)))}(window,document);\n\/\/# sourceURL=https:\/\/stuttgarti-katolikusok.de\/wp-includes\/js\/wp-embed.min.js\n\/* ]]> *\/\n<\/script>\n","thumbnail_url":"https:\/\/stuttgarti-katolikusok.de\/wp-content\/uploads\/2020\/11\/nek.jpg","thumbnail_width":508,"thumbnail_height":375,"description":"Programel\u0151zetes A jelenlegi egyh\u00e1zi rendelkez\u00e9sek \u00e9rtelm\u00e9ben nem csak a szentmise tarthat\u00f3 meg. K\u00f6z\u00f6ss\u00e9gi termeinket imm\u00e1r haszn\u00e1lhatjuk, a helyi szab\u00e1lyok k\u00edn\u00e1lta lehet\u0151s\u00e9gek f\u00fcggv\u00e9ny\u00e9ben! Szentmis\u00e9n k\u00f6telez\u0151 a maszk haszn\u00e1lata, jelenl\u00e9ti lista n\u00e9vvel \u00e9s el\u00e9rhet\u0151s\u00e9ggel, kezek fert\u0151tlen\u00edt\u00e9se! \u00a0\u00a0* November 17-\u00e9n, szerd\u00e1n, Weingarteni d\u00e9lut\u00e1n,\u00a0 a 14 Nothelfer Kapelle-ben 17.30 \u00f3rakor r\u00f3zsaf\u00fcz\u00e9rt im\u00e1dkozunk, ezt k\u00f6vet\u0151en 18.00 \u00f3r\u00e1t\u00f3l szentmise, keret\u00e9ben Besz\u00e9lget\u00e9sek a Katekizmusr\u00f3l. * November 18-\u00e1n, cs\u00fct\u00f6rt\u00f6k\u00f6n, Ulmi d\u00e9lut\u00e1n, 17.30 \u00f3rakor r\u00f3zsaf\u00fcz\u00e9rt im\u00e1dkozunk, ezt k\u00f6vet\u0151en 18.00 \u00f3r\u00e1t\u00f3l szentmise, keret\u00e9ben Besz\u00e9lget\u00e9sek a Katekizmusr\u00f3l. * November 19-\u00e9n,\u00a0p\u00e9nteken, Stuttgarti d\u00e9lut\u00e1n, \u00c1rp\u00e1d-h\u00e1zi Szent Erzs\u00e9bet \u00fcnnepe, 16.00 \u00f3rakor Bar\u00e1ts\u00e1gklub. Sajnos a k\u00f6z\u00f6ss\u00e9gi terem konyh\u00e1j\u00e1t egyel\u0151re m\u00e9g nem tudjuk haszn\u00e1lni, 18.00 \u00f3rakor\u00a0szentmise, ut\u00e1na bibliak\u00f6r. * November 20-\u00e1n, szombaton Heidenheimban 15.30 \u00f3rakor szentmise, ezt k\u00f6vet\u0151en szents\u00e9gim\u00e1d\u00e1st tartunk. J\u00e9zus Krisztus a budapesti 52. Nemzetk\u00f6zi Eucharisztikus Kongresszust k\u00f6vet\u0151en is k\u00f6zt\u00fcnk maradt. \u0150 \u00dar, s Kir\u00e1ly a f\u00f6ld felett. H\u00e1l\u00e1t adunk a Kongresszus aj\u00e1nd\u00e9kai\u00e9rt, \u0150t im\u00e1djuk az Olt\u00e1riszents\u00e9gben. * November 21-\u00e9n, Krisztus Kir\u00e1ly vas\u00e1rnapja, Ludwigsburgban 9.30 \u00f3rakor szentmise, Stuttgartban 12.00 \u00f3rakor szentmise, ezt k\u00f6vet\u0151en szents\u00e9gim\u00e1d\u00e1st tartunk. J\u00e9zus Krisztus a budapesti 52. Nemzetk\u00f6zi Eucharisztikus Kongresszust k\u00f6vet\u0151en is k\u00f6zt\u00fcnk maradt. \u0150 \u00dar, s Kir\u00e1ly a f\u00f6ld felett. H\u00e1l\u00e1t adunk a Kongresszus aj\u00e1nd\u00e9kai\u00e9rt, \u0150t im\u00e1djuk az Olt\u00e1riszents\u00e9gben. Eislingenben 15.30 \u00f3rakor b\u00facs\u00fas-szentmise, Sk\u00f3ciai Szent Margitot k\u00f6sz\u00f6ntj\u00fck. * Minden helyen mindenkit szeretettel v\u00e1r a k\u00f6z\u00f6ss\u00e9g \u00e9s Tibor atya! Bens\u0151s\u00e9ges \u0151szi napokat, j\u00f3 munk\u00e1t, tartalmas besz\u00e9lget\u00e9seket \u00e9s \u00f6r\u00f6mteli tal\u00e1lkoz\u00e1sokat k\u00edv\u00e1nunk minden Kedves H\u00edv\u00fcnknek! * \u201eATY\u00c1M, R\u00e1d hagyatkozom, tedd velem azt, ami neked tetszik. B\u00e1rmit teszel is velem, megk\u00f6sz\u00f6n\u00f6m. K\u00e9sz vagyok mindenre, elfogadok mindent, csak akaratod teljesedj\u00e9k, bennem \u00e9s minden teremtm\u00e9nyedben. Semmi m\u00e1st nem \u00f3hajtok, Istenem! Kezedbe aj\u00e1nlom lelkemet, neked adom, Istenem, sz\u00edvem eg\u00e9sz szeretet\u00e9vel, mert szeretlek t\u00e9ged, \u00e9s a szeretet s\u00fcrget, hogy eg\u00e9szen neked adjam magam, hogy fenntart\u00e1s n\u00e9lk\u00fcl kezedbe helyezzem \u00e9letemet hat\u00e1rtalan bizalommal, mert te vagy az \u00e9n Aty\u00e1m!\u201d (Boldog Charles de Foucauld \u2013 1858-1916 \u2013 trappista szerzetes, katolikus pap)"}