{"version":"1.0","provider_name":"Stuttgarti Katolikusok","provider_url":"https:\/\/stuttgarti-katolikusok.de","title":"2021 m\u00e1rcius 29 \u00e9s \u00e1prilis 5 k\u00f6z\u00f6tt - Stuttgarti Katolikusok","type":"rich","width":600,"height":338,"html":"<blockquote class=\"wp-embedded-content\" data-secret=\"vzcNORIvO0\"><a href=\"https:\/\/stuttgarti-katolikusok.de\/index.php\/2021-marcius-29-es-aprilis-5-kozott\/\">2021 m\u00e1rcius 29 \u00e9s \u00e1prilis 5 k\u00f6z\u00f6tt<\/a><\/blockquote><iframe sandbox=\"allow-scripts\" security=\"restricted\" src=\"https:\/\/stuttgarti-katolikusok.de\/index.php\/2021-marcius-29-es-aprilis-5-kozott\/embed\/#?secret=vzcNORIvO0\" width=\"600\" height=\"338\" title=\"&#8220;2021 m\u00e1rcius 29 \u00e9s \u00e1prilis 5 k\u00f6z\u00f6tt&#8221; &#8212; Stuttgarti Katolikusok\" data-secret=\"vzcNORIvO0\" frameborder=\"0\" marginwidth=\"0\" marginheight=\"0\" scrolling=\"no\" class=\"wp-embedded-content\"><\/iframe><script type=\"text\/javascript\">\n\/* <![CDATA[ *\/\n\/*! This file is auto-generated *\/\n!function(d,l){\"use strict\";l.querySelector&&d.addEventListener&&\"undefined\"!=typeof URL&&(d.wp=d.wp||{},d.wp.receiveEmbedMessage||(d.wp.receiveEmbedMessage=function(e){var t=e.data;if((t||t.secret||t.message||t.value)&&!\/[^a-zA-Z0-9]\/.test(t.secret)){for(var s,r,n,a=l.querySelectorAll('iframe[data-secret=\"'+t.secret+'\"]'),o=l.querySelectorAll('blockquote[data-secret=\"'+t.secret+'\"]'),c=new RegExp(\"^https?:$\",\"i\"),i=0;i<o.length;i++)o[i].style.display=\"none\";for(i=0;i<a.length;i++)s=a[i],e.source===s.contentWindow&&(s.removeAttribute(\"style\"),\"height\"===t.message?(1e3<(r=parseInt(t.value,10))?r=1e3:~~r<200&&(r=200),s.height=r):\"link\"===t.message&&(r=new URL(s.getAttribute(\"src\")),n=new URL(t.value),c.test(n.protocol))&&n.host===r.host&&l.activeElement===s&&(d.top.location.href=t.value))}},d.addEventListener(\"message\",d.wp.receiveEmbedMessage,!1),l.addEventListener(\"DOMContentLoaded\",function(){for(var e,t,s=l.querySelectorAll(\"iframe.wp-embedded-content\"),r=0;r<s.length;r++)(t=(e=s[r]).getAttribute(\"data-secret\"))||(t=Math.random().toString(36).substring(2,12),e.src+=\"#?secret=\"+t,e.setAttribute(\"data-secret\",t)),e.contentWindow.postMessage({message:\"ready\",secret:t},\"*\")},!1)))}(window,document);\n\/\/# sourceURL=https:\/\/stuttgarti-katolikusok.de\/wp-includes\/js\/wp-embed.min.js\n\/* ]]> *\/\n<\/script>\n","thumbnail_url":"https:\/\/stuttgarti-katolikusok.de\/wp-content\/uploads\/2021\/03\/jesus-6124304-1280.jpg","thumbnail_width":1280,"thumbnail_height":720,"description":"Programel\u0151zetes A jelenlegi egyh\u00e1zi rendelkez\u00e9sek \u00e9rtelm\u00e9ben csak a szentmise \u00a0\u00a0tarthat\u00f3 meg. Szentmis\u00e9n k\u00f6telez\u0151 a maszk haszn\u00e1lata, jelenl\u00e9ti lista n\u00e9vvel \u00e9s el\u00e9rhet\u0151s\u00e9ggel, kezek fert\u0151tlen\u00edt\u00e9se! \u00a0* M\u00e1rcius 31-\u00e9n, szerda, Weingarteni d\u00e9lut\u00e1n, a 14 Nothelfer Kapelle-ben 17.30 \u00f3rakor kereszt\u00fati \u00e1jtatoss\u00e1g, ezt k\u00f6vet\u0151en szentmise. \u00a0* \u00c1prilis 1-j\u00e9n, Nagycs\u00fct\u00f6rt\u00f6k. Stuttgartban 19.00 \u00f3rakor szentmise az Utols\u00f3 Vacsora eml\u00e9k\u00e9re. \u00a0* \u00c1prilis 2-\u00e1n, Nagyp\u00e9ntek. Stuttgartban18.00 \u00f3rakor Urunk szenved\u00e9s\u00e9nek \u00fcnnepl\u00e9se. \u00a0* \u00c1prilis 3-\u00e1n, Nagyszombat. Stuttgartban 20.00 \u00f3rakor H\u00fasv\u00e9ti vig\u00edlia, felt\u00e1mad\u00e1si szertart\u00e1s, ut\u00e1na \u00e9telszentel\u00e9s.\u00a0 \u00c1prilis 4-\u00e9n, H\u00fasv\u00e9tvas\u00e1rnap, Urunk felt\u00e1mad\u00e1sa, Schw\u00e4bisch-Gm\u00fcndben 9.30 \u00f3rakor \u00fcnnepi szentmise, ut\u00e1na \u00e9telszentel\u00e9s, Stuttgarttban 12.00 \u00f3rakor \u00fcnnepi szentmise, ut\u00e1na \u00e9telszentel\u00e9s, Ulmban 12.30 \u00f3rakor \u00fcnnepi szentmise, ut\u00e1na \u00e9telszentel\u00e9s, Heilbronnban 15.30 \u00f3rakor \u00fcnnepi szentmise, ut\u00e1na \u00e9telszentel\u00e9s, Weingartenben 16.00 \u00f3rakor a Marienkirche-ben \u00fcnnepi szentmise, ut\u00e1na \u00e9telszentel\u00e9s. \u00a0* \u00c1prilis 5-\u00e9n, H\u00fasv\u00e9th\u00e9tf\u0151, Stuttgartban 9.30 \u00f3rakor szentmise, Balingenben 16.00 \u00f3rakor szentmise. \u00a0* Minden helyen mindenkit szeretettel v\u00e1r a k\u00f6z\u00f6ss\u00e9g \u00e9s Tibor atya! * * Kegyelemteljes H\u00fasv\u00e9tot k\u00edv\u00e1nunk minden Kedves H\u00edv\u00fcnknek! * \u201eA H\u00fasv\u00e9t a legnagyobb m\u00e9lys\u00e9geket \u00e9s legnagyobb magass\u00e1gokat meg\u00e9l\u0151 \u00fcnnep\u00fcnk.\u201d (J\u00f3kai Anna \u2013 k\u00f6lt\u0151n\u0151 \u2013 1932-2017) (K\u00e9pek forr\u00e1sa: Pixabay.com)"}