{"version":"1.0","provider_name":"Stuttgarti Katolikusok","provider_url":"https:\/\/stuttgarti-katolikusok.de","title":"2021 m\u00e1rcius 22 \u00e9s 28 k\u00f6z\u00f6tt - Stuttgarti Katolikusok","type":"rich","width":600,"height":338,"html":"<blockquote class=\"wp-embedded-content\" data-secret=\"E3E2gytMYO\"><a href=\"https:\/\/stuttgarti-katolikusok.de\/index.php\/2021-marcius-22-es-28-kozott\/\">2021 m\u00e1rcius 22 \u00e9s 28 k\u00f6z\u00f6tt<\/a><\/blockquote><iframe sandbox=\"allow-scripts\" security=\"restricted\" src=\"https:\/\/stuttgarti-katolikusok.de\/index.php\/2021-marcius-22-es-28-kozott\/embed\/#?secret=E3E2gytMYO\" width=\"600\" height=\"338\" title=\"&#8220;2021 m\u00e1rcius 22 \u00e9s 28 k\u00f6z\u00f6tt&#8221; &#8212; Stuttgarti Katolikusok\" data-secret=\"E3E2gytMYO\" frameborder=\"0\" marginwidth=\"0\" marginheight=\"0\" scrolling=\"no\" class=\"wp-embedded-content\"><\/iframe><script type=\"text\/javascript\">\n\/* <![CDATA[ *\/\n\/*! This file is auto-generated *\/\n!function(d,l){\"use strict\";l.querySelector&&d.addEventListener&&\"undefined\"!=typeof URL&&(d.wp=d.wp||{},d.wp.receiveEmbedMessage||(d.wp.receiveEmbedMessage=function(e){var t=e.data;if((t||t.secret||t.message||t.value)&&!\/[^a-zA-Z0-9]\/.test(t.secret)){for(var s,r,n,a=l.querySelectorAll('iframe[data-secret=\"'+t.secret+'\"]'),o=l.querySelectorAll('blockquote[data-secret=\"'+t.secret+'\"]'),c=new RegExp(\"^https?:$\",\"i\"),i=0;i<o.length;i++)o[i].style.display=\"none\";for(i=0;i<a.length;i++)s=a[i],e.source===s.contentWindow&&(s.removeAttribute(\"style\"),\"height\"===t.message?(1e3<(r=parseInt(t.value,10))?r=1e3:~~r<200&&(r=200),s.height=r):\"link\"===t.message&&(r=new URL(s.getAttribute(\"src\")),n=new URL(t.value),c.test(n.protocol))&&n.host===r.host&&l.activeElement===s&&(d.top.location.href=t.value))}},d.addEventListener(\"message\",d.wp.receiveEmbedMessage,!1),l.addEventListener(\"DOMContentLoaded\",function(){for(var e,t,s=l.querySelectorAll(\"iframe.wp-embedded-content\"),r=0;r<s.length;r++)(t=(e=s[r]).getAttribute(\"data-secret\"))||(t=Math.random().toString(36).substring(2,12),e.src+=\"#?secret=\"+t,e.setAttribute(\"data-secret\",t)),e.contentWindow.postMessage({message:\"ready\",secret:t},\"*\")},!1)))}(window,document);\n\/\/# sourceURL=https:\/\/stuttgarti-katolikusok.de\/wp-includes\/js\/wp-embed.min.js\n\/* ]]> *\/\n<\/script>\n","thumbnail_url":"https:\/\/stuttgarti-katolikusok.de\/wp-content\/uploads\/2021\/03\/palm-sunday-4903117-1280.jpg","thumbnail_width":1280,"thumbnail_height":853,"description":"Programel\u0151zetes A jelenlegi egyh\u00e1zi rendelkez\u00e9sek \u00e9rtelm\u00e9ben csak a szentmise \u00a0\u00a0tarthat\u00f3 meg. Szentmis\u00e9n k\u00f6telez\u0151 a maszk haszn\u00e1lata, jelenl\u00e9ti lista n\u00e9vvel \u00e9s el\u00e9rhet\u0151s\u00e9ggel, kezek fert\u0151tlen\u00edt\u00e9se! \u00a0* M\u00e1rcius 24-\u00e9n, szerda, Weingarteni d\u00e9lut\u00e1n, a 14 Nothelfer Kapelle-ben 16.00 \u00f3rakor kereszt\u00fati \u00e1jtatoss\u00e1g. Nincs szentmise! \u00a0* M\u00e1rcius 25-\u00e9n, cs\u00fct\u00f6rt\u00f6k\u00f6n, Ulmi d\u00e9lut\u00e1n, 17.30 \u00f3rakor kereszt\u00fati \u00e1jtatoss\u00e1g, ezt k\u00f6vet\u0151en szentmise, Gy\u00fcm\u00f6lcsolt\u00f3 Boldogasszony \u00fcnnepe. \u00a0* M\u00e1rcius 26-\u00e1n, p\u00e9nteken, Stuttgarti d\u00e9lut\u00e1n, 17.30 \u00f3rakor kereszt\u00fati \u00e1jtatoss\u00e1g, ut\u00e1na szentmise, Gy\u00fcm\u00f6lcsolt\u00f3 Boldogasszony \u00fcnnepe. * M\u00e1rcius 27-\u00e9n, szombaton, Stuttgarti Csendes Napok 10.00 \u2013 15.00 \u00f3ra k\u00f6z\u00f6tt Reutlingenben 16.30 \u00f3rakor\u00a0szentmise. * M\u00e1rcius 28-\u00e1n, Vir\u00e1gvas\u00e1rnap, B\u00f6blingenben 9.30 \u00f3rakor szentmise, Stuttgartban 12.00 \u00f3rakor szentmise, Heilbronnban 15.30 \u00f3rakor szentmise. * Minden helyen mindenkit szeretettel v\u00e1r a k\u00f6z\u00f6ss\u00e9g \u00e9s Tibor atya!\u00a0 * * Bens\u0151s\u00e9ges nagyb\u00f6jti napokat, j\u00f3 munk\u00e1t, tartalmas besz\u00e9lget\u00e9seket \u00e9s \u00f6r\u00f6mteli tal\u00e1lkoz\u00e1sokat k\u00edv\u00e1nunk minden Kedves H\u00edv\u00fcnknek! * Dsida Jen\u0151 \u2013 Zar\u00e1ndok\u00faton Lassan h\u00fasv\u00e9t het\u00e9be fordulunk. Krisztus m\u00e1r indul a K\u00e1lv\u00e1ri\u00e1ra. Zar\u00e1ndok\u00fatban piros bogy\u00f3 \u00e9s f\u00e1jdalom minden\u00fctt terem. Korb\u00e1cs\u00fct\u00e9ssel ezer keresztet hajszoltak m\u00e1r velem a hegyre, ott \u00e1llnak mereven a l\u00e1ngos \u00e9jszak\u00e1ban s m\u00e9gsem akarnak r\u00e1juk fesz\u00edteni. Tegnap a pacsirt\u00e1k is hazaj\u00f6ttek. El\u00e9g volt m\u00e1r a szenved\u00e9s. Az \u00e9let lassan f\u00f6l\u00e9m takarja a cs\u00f6ndes napok s\u00e1tor\u00e1t. (K\u00e9p forr\u00e1sa: Pixabay.com)"}