{"version":"1.0","provider_name":"Stuttgarti Katolikusok","provider_url":"https:\/\/stuttgarti-katolikusok.de","title":"2021. m\u00e1jus 16 \u00e9s 24 k\u00f6z\u00f6tt - Stuttgarti Katolikusok","type":"rich","width":600,"height":338,"html":"<blockquote class=\"wp-embedded-content\" data-secret=\"apDF6NFkTQ\"><a href=\"https:\/\/stuttgarti-katolikusok.de\/index.php\/2021-majus-16-es-23-kozott\/\">2021. m\u00e1jus 16 \u00e9s 24 k\u00f6z\u00f6tt<\/a><\/blockquote><iframe sandbox=\"allow-scripts\" security=\"restricted\" src=\"https:\/\/stuttgarti-katolikusok.de\/index.php\/2021-majus-16-es-23-kozott\/embed\/#?secret=apDF6NFkTQ\" width=\"600\" height=\"338\" title=\"&#8220;2021. m\u00e1jus 16 \u00e9s 24 k\u00f6z\u00f6tt&#8221; &#8212; Stuttgarti Katolikusok\" data-secret=\"apDF6NFkTQ\" frameborder=\"0\" marginwidth=\"0\" marginheight=\"0\" scrolling=\"no\" class=\"wp-embedded-content\"><\/iframe><script type=\"text\/javascript\">\n\/* <![CDATA[ *\/\n\/*! This file is auto-generated *\/\n!function(d,l){\"use strict\";l.querySelector&&d.addEventListener&&\"undefined\"!=typeof URL&&(d.wp=d.wp||{},d.wp.receiveEmbedMessage||(d.wp.receiveEmbedMessage=function(e){var t=e.data;if((t||t.secret||t.message||t.value)&&!\/[^a-zA-Z0-9]\/.test(t.secret)){for(var s,r,n,a=l.querySelectorAll('iframe[data-secret=\"'+t.secret+'\"]'),o=l.querySelectorAll('blockquote[data-secret=\"'+t.secret+'\"]'),c=new RegExp(\"^https?:$\",\"i\"),i=0;i<o.length;i++)o[i].style.display=\"none\";for(i=0;i<a.length;i++)s=a[i],e.source===s.contentWindow&&(s.removeAttribute(\"style\"),\"height\"===t.message?(1e3<(r=parseInt(t.value,10))?r=1e3:~~r<200&&(r=200),s.height=r):\"link\"===t.message&&(r=new URL(s.getAttribute(\"src\")),n=new URL(t.value),c.test(n.protocol))&&n.host===r.host&&l.activeElement===s&&(d.top.location.href=t.value))}},d.addEventListener(\"message\",d.wp.receiveEmbedMessage,!1),l.addEventListener(\"DOMContentLoaded\",function(){for(var e,t,s=l.querySelectorAll(\"iframe.wp-embedded-content\"),r=0;r<s.length;r++)(t=(e=s[r]).getAttribute(\"data-secret\"))||(t=Math.random().toString(36).substring(2,12),e.src+=\"#?secret=\"+t,e.setAttribute(\"data-secret\",t)),e.contentWindow.postMessage({message:\"ready\",secret:t},\"*\")},!1)))}(window,document);\n\/\/# sourceURL=https:\/\/stuttgarti-katolikusok.de\/wp-includes\/js\/wp-embed.min.js\n\/* ]]> *\/\n<\/script>\n","thumbnail_url":"https:\/\/stuttgarti-katolikusok.de\/wp-content\/uploads\/2021\/05\/2008oltarkep-0025-scaled.jpg","thumbnail_width":2560,"thumbnail_height":1881,"description":"Programel\u0151zetes A jelenlegi egyh\u00e1zi rendelkez\u00e9sek \u00e9rtelm\u00e9ben csak a szentmise tarthat\u00f3 meg. Szentmis\u00e9n k\u00f6telez\u0151 a maszk haszn\u00e1lata, jelenl\u00e9ti lista n\u00e9vvel \u00e9s el\u00e9rhet\u0151s\u00e9ggel, kezek fert\u0151tlen\u00edt\u00e9se! Szentmis\u00e9ket a h\u00edvek r\u00e9szv\u00e9tel\u00e9vel csak azon helyeken lehet, ahol a fert\u0151z\u00e9sek sz\u00e1ma ezt lehet\u0151v\u00e9 teszi. Ez sajnos napr\u00f3l napra v\u00e1ltozhat!\u00a0\u00a0 \u00a0* M\u00e1jus 21-\u00e9n,\u00a0p\u00e9nteken,\u00a0Stuttgarti d\u00e9lut\u00e1n, 18.00 \u00f3rakor m\u00e1jusi lit\u00e1nia, ezt k\u00f6vet\u0151en szentmise. * M\u00e1jus 22-\u00e9n, szombaton,\u00a0Reutlingenben\u00a016.30 \u00f3rakor szentmise. Egyben P\u00fcnk\u00f6sd \u00fcnnep\u00e9t \u00fclj\u00fck! * M\u00e1jus 23-\u00e1n,\u00a0P\u00fcnk\u00f6sd vas\u00e1rnapja,\u00a0 B\u00f6blingenben\u00a09.30 \u00f3rakor\u00a0szentmise, Stuttgartban\u00a012.00 \u00f3rakor\u00a0szentmise, Heilbronnban 15.30 \u00f3rakor szentmise. \u00a0* M\u00e1jus 24-\u00e9n, P\u00fcnk\u00f6sdh\u00e9tf\u0151, Weingartenben 11.00 \u00f3rakor a 14 Nothelfer Kapelle-ben szentmise, Ulmban 15.00 \u00f3rakor szentmise. * Minden helyen mindenkit szeretettel v\u00e1r a k\u00f6z\u00f6ss\u00e9g \u00e9s Tibor atya! * * Kegyelemteljes h\u00fasv\u00e9ti napokat, tartalmas besz\u00e9lget\u00e9seket \u00e9s \u00f6r\u00f6mteli tal\u00e1lkoz\u00e1sokat k\u00edv\u00e1nunk minden Kedves H\u00edv\u00fcnknek! * Hrabanus Maurus: P\u00dcNK\u00d6SD HIMNUSZA (Babits Mih\u00e1ly ford\u00edt\u00e1sa) Teremt\u0151 L\u00e9lek, l\u00e9gy vel\u00fcnk! L\u00e1togasd h\u00edveid sziv\u00e9t! T\u00f6ltsd malaszttal a kebleket, melyeknek alkot\u00f3ja vagy. Te kit V\u00e9d\u0151nknek mondanak, s mell\u00e9nk a magas \u00c9g adott! T\u0171z, \u00e9l\u0151 forr\u00e1s, szeretet! Te lelkek lelki olaja! Aj\u00e1nd\u00e9koddal h\u00e9tszeres! Te ujj az Isten jobbkez\u00e9n! Te, ki az Atya megig\u00e9rt szav\u00e1val \u00e1ldod torkaink! Gy\u00fajts f\u00e9nyt \u00e9rz\u00e9keinkbe! \u00d6ntsd sziv\u00fcnkbe szent szerelmedet! S mi benn\u00fcnk testi gy\u00f6nges\u00e9g, \u00f6r\u00f6k er\u0151ddel izmos\u00edtsd! Ellens\u00e9g\u00fcnket \u0171zzed el! S a B\u00e9k\u00e9t t\u00fcst\u00e9nt hozd k\u00f6zel, el\u0151tt\u00fcnk j\u00e1rva, mint vez\u00e9r! S ker\u00fclj\u00fcnk mindent, ami \u00e1rt. \u00c1ltalad tudjuk az Aty\u00e1t, s ismerj\u00fck, adjad, a Fi\u00fat! Tebenned higyj\u00fck Szellem\u00e9t mindakett\u0151nek v\u00e9gtelen. Ezt teljes\u00edtse az Atya, s vele egyl\u00e9ny\u00fc Egyfia, aki veled uralkodik, \u00f3h L\u00e9lek, minden sz\u00e1zadig! (K\u00e9p forr\u00e1sa: Szentl\u00e9lek templom &#8211; Szatm\u00e1rn\u00e9meti &#8211; Paulovics L\u00e1szl\u00f3 grafikus, fest\u0151m\u0171v\u00e9sz alkot\u00e1sa)"}