{"version":"1.0","provider_name":"Stuttgarti Katolikusok","provider_url":"https:\/\/stuttgarti-katolikusok.de","title":"2021 febru\u00e1r 15 \u00e9s 21 k\u00f6z\u00f6tt - Stuttgarti Katolikusok","type":"rich","width":600,"height":338,"html":"<blockquote class=\"wp-embedded-content\" data-secret=\"eMXWpnq7P1\"><a href=\"https:\/\/stuttgarti-katolikusok.de\/index.php\/2021-februar-15-es-21-kozott\/\">2021 febru\u00e1r 15 \u00e9s 21 k\u00f6z\u00f6tt<\/a><\/blockquote><iframe sandbox=\"allow-scripts\" security=\"restricted\" src=\"https:\/\/stuttgarti-katolikusok.de\/index.php\/2021-februar-15-es-21-kozott\/embed\/#?secret=eMXWpnq7P1\" width=\"600\" height=\"338\" title=\"&#8220;2021 febru\u00e1r 15 \u00e9s 21 k\u00f6z\u00f6tt&#8221; &#8212; Stuttgarti Katolikusok\" data-secret=\"eMXWpnq7P1\" frameborder=\"0\" marginwidth=\"0\" marginheight=\"0\" scrolling=\"no\" class=\"wp-embedded-content\"><\/iframe><script type=\"text\/javascript\">\n\/* <![CDATA[ *\/\n\/*! This file is auto-generated *\/\n!function(d,l){\"use strict\";l.querySelector&&d.addEventListener&&\"undefined\"!=typeof URL&&(d.wp=d.wp||{},d.wp.receiveEmbedMessage||(d.wp.receiveEmbedMessage=function(e){var t=e.data;if((t||t.secret||t.message||t.value)&&!\/[^a-zA-Z0-9]\/.test(t.secret)){for(var s,r,n,a=l.querySelectorAll('iframe[data-secret=\"'+t.secret+'\"]'),o=l.querySelectorAll('blockquote[data-secret=\"'+t.secret+'\"]'),c=new RegExp(\"^https?:$\",\"i\"),i=0;i<o.length;i++)o[i].style.display=\"none\";for(i=0;i<a.length;i++)s=a[i],e.source===s.contentWindow&&(s.removeAttribute(\"style\"),\"height\"===t.message?(1e3<(r=parseInt(t.value,10))?r=1e3:~~r<200&&(r=200),s.height=r):\"link\"===t.message&&(r=new URL(s.getAttribute(\"src\")),n=new URL(t.value),c.test(n.protocol))&&n.host===r.host&&l.activeElement===s&&(d.top.location.href=t.value))}},d.addEventListener(\"message\",d.wp.receiveEmbedMessage,!1),l.addEventListener(\"DOMContentLoaded\",function(){for(var e,t,s=l.querySelectorAll(\"iframe.wp-embedded-content\"),r=0;r<s.length;r++)(t=(e=s[r]).getAttribute(\"data-secret\"))||(t=Math.random().toString(36).substring(2,12),e.src+=\"#?secret=\"+t,e.setAttribute(\"data-secret\",t)),e.contentWindow.postMessage({message:\"ready\",secret:t},\"*\")},!1)))}(window,document);\n\/\/# sourceURL=https:\/\/stuttgarti-katolikusok.de\/wp-includes\/js\/wp-embed.min.js\n\/* ]]> *\/\n<\/script>\n","thumbnail_url":"https:\/\/stuttgarti-katolikusok.de\/wp-content\/uploads\/2021\/02\/nagybojt.jpg","thumbnail_width":1280,"thumbnail_height":853,"description":"Programel\u0151zetes A jelenlegi egyh\u00e1zi rendelkez\u00e9sek \u00e9rtelm\u00e9ben csak a szentmise \u00a0\u00a0tarthat\u00f3 meg. Szentmis\u00e9n k\u00f6telez\u0151 a maszk haszn\u00e1lata, jelenl\u00e9ti lista n\u00e9vvel \u00e9s el\u00e9rhet\u0151s\u00e9ggel, kezek fert\u0151tlen\u00edt\u00e9se! \u00a0* Febru\u00e1r 17-\u00e9n, hamvaz\u00f3szerda, Stuttgartban 11.00 \u00f3rakor szentmise, keret\u00e9ben hamvaz\u00e1s, Weingarteni d\u00e9lut\u00e1n, a 14 Nothelfer Kapelle-ben 17.30 \u00f3rakor kereszt\u00fati \u00e1jtatoss\u00e1g, ut\u00e1na szentmise, keret\u00e9ben hamvaz\u00e1s. \u00a0* Febru\u00e1r 18-\u00e1n, cs\u00fct\u00f6rt\u00f6k\u00f6n, Ulmi d\u00e9lut\u00e1n, 17.30 \u00f3rakor kereszt\u00fati \u00e1jtatoss\u00e1g, ut\u00e1na szentmise, keret\u00e9ben hamvaz\u00e1s. \u00a0* Febru\u00e1r 19-\u00e9n, p\u00e9nteken, Stuttgarti d\u00e9lut\u00e1n, 18.00 \u00f3rakor kereszt\u00fati \u00e1jtatoss\u00e1g, ut\u00e1na szentmise, keret\u00e9ben Bibliak\u00f6r. * Febru\u00e1r 20-\u00e1n, szombaton, Heidenheimban 15.30 \u00f3rakor\u00a0szentmise, keret\u00e9ben hamvaz\u00e1s.. * Febru\u00e1r 21-\u00e9n, Nagyb\u00f6jt 1. vas\u00e1rnapja, Ludwigsburgban 9.30 \u00f3rakor szentmise, keret\u00e9ben hamvaz\u00e1s, Stuttgartban 12.00 \u00f3rakor szentmise, keret\u00e9ben hamvaz\u00e1s, Eislingenben 15.00 \u00f3rakor szentmise, keret\u00e9ben hamvaz\u00e1s. * Minden helyen mindenkit szeretettel v\u00e1r a k\u00f6z\u00f6ss\u00e9g \u00e9s Tibor atya! * * Bens\u0151s\u00e9ges nagyb\u00f6jti napokat, j\u00f3 munk\u00e1t, tartalmas besz\u00e9lget\u00e9seket \u00e9s \u00f6r\u00f6mteli tal\u00e1lkoz\u00e1sokat k\u00edv\u00e1nunk minden Kedves H\u00edv\u00fcnknek! * \u201eGy\u00e1va a sz\u00edvem. Az\u00a0im\u00e1k az \u00c9gben \u00f6ssze\u00e9rnek. Uram. Valahogy m\u00e1r k\u00e9s\u0151. Nem tudom r\u00e1d b\u00edzni magam. Noha nem akarom cs\u00fcggedten tudom\u00e1sul venni &#8211; se magamat, se a b\u0171n\u00f6ss\u00e9gemet, se t\u00e9ged. De be se akarok csapni senkit. Legf\u00f6ljebb t\u00e9ged. Az\u00a0ima\u00a0a sz\u00edv eml\u00e9kezet\u00e9nek gyakori \u00e9bresztget\u00e9se. Gyakrabban kell eml\u00e9kezni Istenre, mint ahogyan l\u00e9legzetet vesz\u00fcnk. Irgalom Atyja, ne hagyj el. Hogyan tov\u00e1bb? Erre v\u00e1rok t\u0151led v\u00e1laszt, mert ez az \u00e9n k\u00e9rd\u00e9sem. \u00dagy szokt\u00e1l v\u00e1laszolni, hogy nem v\u00e1laszolsz. Sz\u00e9pen tudsz hallgatni, Uram. Ha k\u00e9rdezlek, hallgatsz, \u00e9s ha m\u00e1r nincs t\u00f6bb k\u00e9rd\u00e9s, az lesz az igazi v\u00e1lasz. M\u00e9gis most azt k\u00e9rdem, mi v\u00e9gre. Ki vagy Te, Uram, \u00e9s ki vagyok \u00e9n? Tudom, rossz k\u00e9rd\u00e9s. Engedj l\u00e1tnom. \u00c1rva sz\u00edvem holt er\u00e9t t\u00f6ltsd meg, \u00e9gi J\u00f3s\u00e1g.\u201d (Esterh\u00e1zy P\u00e9ter, \u00edr\u00f3 \u2013 1950-2016) (K\u00e9p forr\u00e1sa: Pixabay)"}