{"version":"1.0","provider_name":"Stuttgarti Katolikusok","provider_url":"https:\/\/stuttgarti-katolikusok.de","title":"2021. \u00e1prilis 12 \u00e9s 18 k\u00f6z\u00f6tt - Stuttgarti Katolikusok","type":"rich","width":600,"height":338,"html":"<blockquote class=\"wp-embedded-content\" data-secret=\"a9DYHZ9XQB\"><a href=\"https:\/\/stuttgarti-katolikusok.de\/index.php\/2021-aprilis-12-es-18-kozott\/\">2021. \u00e1prilis 12 \u00e9s 18 k\u00f6z\u00f6tt<\/a><\/blockquote><iframe sandbox=\"allow-scripts\" security=\"restricted\" src=\"https:\/\/stuttgarti-katolikusok.de\/index.php\/2021-aprilis-12-es-18-kozott\/embed\/#?secret=a9DYHZ9XQB\" width=\"600\" height=\"338\" title=\"&#8220;2021. \u00e1prilis 12 \u00e9s 18 k\u00f6z\u00f6tt&#8221; &#8212; Stuttgarti Katolikusok\" data-secret=\"a9DYHZ9XQB\" frameborder=\"0\" marginwidth=\"0\" marginheight=\"0\" scrolling=\"no\" class=\"wp-embedded-content\"><\/iframe><script type=\"text\/javascript\">\n\/* <![CDATA[ *\/\n\/*! This file is auto-generated *\/\n!function(d,l){\"use strict\";l.querySelector&&d.addEventListener&&\"undefined\"!=typeof URL&&(d.wp=d.wp||{},d.wp.receiveEmbedMessage||(d.wp.receiveEmbedMessage=function(e){var t=e.data;if((t||t.secret||t.message||t.value)&&!\/[^a-zA-Z0-9]\/.test(t.secret)){for(var s,r,n,a=l.querySelectorAll('iframe[data-secret=\"'+t.secret+'\"]'),o=l.querySelectorAll('blockquote[data-secret=\"'+t.secret+'\"]'),c=new RegExp(\"^https?:$\",\"i\"),i=0;i<o.length;i++)o[i].style.display=\"none\";for(i=0;i<a.length;i++)s=a[i],e.source===s.contentWindow&&(s.removeAttribute(\"style\"),\"height\"===t.message?(1e3<(r=parseInt(t.value,10))?r=1e3:~~r<200&&(r=200),s.height=r):\"link\"===t.message&&(r=new URL(s.getAttribute(\"src\")),n=new URL(t.value),c.test(n.protocol))&&n.host===r.host&&l.activeElement===s&&(d.top.location.href=t.value))}},d.addEventListener(\"message\",d.wp.receiveEmbedMessage,!1),l.addEventListener(\"DOMContentLoaded\",function(){for(var e,t,s=l.querySelectorAll(\"iframe.wp-embedded-content\"),r=0;r<s.length;r++)(t=(e=s[r]).getAttribute(\"data-secret\"))||(t=Math.random().toString(36).substring(2,12),e.src+=\"#?secret=\"+t,e.setAttribute(\"data-secret\",t)),e.contentWindow.postMessage({message:\"ready\",secret:t},\"*\")},!1)))}(window,document);\n\/\/# sourceURL=https:\/\/stuttgarti-katolikusok.de\/wp-includes\/js\/wp-embed.min.js\n\/* ]]> *\/\n<\/script>\n","thumbnail_url":"https:\/\/stuttgarti-katolikusok.de\/wp-content\/uploads\/2021\/04\/spring-3002469-1280.png","thumbnail_width":1280,"thumbnail_height":954,"description":"Programel\u0151zetes A jelenlegi egyh\u00e1zi rendelkez\u00e9sek \u00e9rtelm\u00e9ben csak a szentmise \u00a0\u00a0tarthat\u00f3 meg. Szentmis\u00e9n k\u00f6telez\u0151 a maszk haszn\u00e1lata, jelenl\u00e9ti lista n\u00e9vvel \u00e9s el\u00e9rhet\u0151s\u00e9ggel, kezek fert\u0151tlen\u00edt\u00e9se! \u00a0* \u00c1prilis 14-\u00e9n, szerda, Weingarteni d\u00e9lut\u00e1n, a 14 Nothelfer Kapelle-ben 18.30 \u00f3rakor r\u00f3zsaf\u00fcz\u00e9rt im\u00e1dkozunk, ezt k\u00f6vet\u0151en szentmise, keret\u00e9ben Besz\u00e9lget\u00e9sek a Katekizmusr\u00f3l. \u00a0* \u00c1prilis 15-\u00e9n, cs\u00fct\u00f6rt\u00f6k\u00f6n, Ulmi d\u00e9lut\u00e1n, 17.30 \u00f3rakor r\u00f3zsaf\u00fcz\u00e9rt im\u00e1dkozunk, ezt k\u00f6vet\u0151en szentmise, keret\u00e9ben Besz\u00e9lget\u00e9sek a Katekizmusr\u00f3l. \u00a0* \u00c1prilis 16-\u00e1n, p\u00e9nteken, Stuttgarti d\u00e9lut\u00e1n, 18.00 \u00f3rakor szentmise, el\u0151tte r\u00f3zsaf\u00fcz\u00e9rt im\u00e1dkozunk, szentmise ut\u00e1n imak\u00f6r. \u00a0* \u00c1prilis 17-\u00e9n, szombaton, Heidenheimban 15.30 \u00f3rakor\u00a0szentmise. \u00a0* \u00c1prilis 18-\u00e1n, H\u00fasv\u00e9t 3. vas\u00e1rnapja, Ludwigsburgban 9.30 \u00f3rakor szentmise, Stuttgartban 12.00 \u00f3rakor gyermek-szentmise, Eislingenben 15.00 \u00f3rakor szentmise. \u00a0* Minden helyen mindenkit szeretettel v\u00e1r a k\u00f6z\u00f6ss\u00e9g \u00e9s Tibor atya! * * Kegyelemteljes h\u00fasv\u00e9ti napokat, tartalmas besz\u00e9lget\u00e9seket \u00e9s \u00f6r\u00f6mteli tal\u00e1lkoz\u00e1sokat k\u00edv\u00e1nunk minden Kedves H\u00edv\u00fcnknek! * \u201eIsten Orsz\u00e1g\u00e1ban megsz\u0171nnek az egy\u00e9n hat\u00e1rvonalai. Mindazt, amit eddig csak t\u00fck\u00f6r \u00e1ltal hom\u00e1lyosan tal\u00e1lgattunk, imm\u00e1r l\u00e1tni \u00e9s tudni fogjuk. Isten a vil\u00e1g l\u00e9nyeg\u00e9nek az \u00e1lland\u00f3s\u00e1ga nem zaj, hanem Csend.\u201d (Csermely P\u00e9ter \u2013 kutat\u00f3, biok\u00e9mikus \u2013 1958 -) (K\u00e9p forr\u00e1sa: Pixabay)"}